{"id":6682,"date":"2024-12-15T14:05:14","date_gmt":"2024-12-15T14:05:14","guid":{"rendered":"https:\/\/second-it.de\/?page_id=6682"},"modified":"2026-01-09T11:21:13","modified_gmt":"2026-01-09T10:21:13","slug":"sponsoring","status":"publish","type":"page","link":"https:\/\/www.second-it.de\/nl\/sponsoring\/","title":{"rendered":"Sponsoring"},"content":{"rendered":"<div data-elementor-type=\"wp-page\" data-elementor-id=\"6682\" class=\"elementor elementor-6682\" data-elementor-post-type=\"page\">\n\t\t\t\t<div class=\"elementor-element elementor-element-9336146 e-con-full e-flex e-con e-parent\" data-id=\"9336146\" data-element_type=\"container\" data-e-type=\"container\">\n\t\t<div class=\"elementor-element elementor-element-bdb2607 banner_text_wraper e-flex e-con-boxed e-con e-child\" data-id=\"bdb2607\" data-element_type=\"container\" data-e-type=\"container\" data-settings=\"{&quot;background_background&quot;:&quot;classic&quot;}\">\n\t\t\t\t\t<div class=\"e-con-inner\">\n\t\t<div class=\"elementor-element elementor-element-fa5259a e-con-full e-flex e-con e-child\" data-id=\"fa5259a\" data-element_type=\"container\" data-e-type=\"container\">\n\t\t\t\t<div class=\"elementor-element elementor-element-29b3f8d banne_image elementor-widget elementor-widget-image\" data-id=\"29b3f8d\" data-element_type=\"widget\" data-e-type=\"widget\" data-widget_type=\"image.default\">\n\t\t\t\t<div class=\"elementor-widget-container\">\n\t\t\t\t\t\t\t\t\t\t\t\t\t\t\t<img fetchpriority=\"high\" decoding=\"async\" width=\"1088\" height=\"648\" src=\"https:\/\/www.second-it.de\/wp-content\/uploads\/2025\/01\/notebook-spende-beth-elpia-maedchenhaus-tschad.jpg\" class=\"attachment-full size-full wp-image-11463\" alt=\"Leerlingen gebruiken IT-hardware in de lessen, ondersteund door Second IT. De focus ligt op IT-gebruik, recycling van IT-hardware, gegevensverwijdering volgens BSI en duurzame IT-diensten.\" srcset=\"https:\/\/www.second-it.de\/wp-content\/uploads\/2025\/01\/notebook-spende-beth-elpia-maedchenhaus-tschad.jpg 1088w, https:\/\/www.second-it.de\/wp-content\/uploads\/2025\/01\/notebook-spende-beth-elpia-maedchenhaus-tschad-300x179.jpg 300w, https:\/\/www.second-it.de\/wp-content\/uploads\/2025\/01\/notebook-spende-beth-elpia-maedchenhaus-tschad-1024x610.jpg 1024w, https:\/\/www.second-it.de\/wp-content\/uploads\/2025\/01\/notebook-spende-beth-elpia-maedchenhaus-tschad-768x457.jpg 768w, https:\/\/www.second-it.de\/wp-content\/uploads\/2025\/01\/notebook-spende-beth-elpia-maedchenhaus-tschad-18x12.jpg 18w\" sizes=\"(max-width: 1088px) 100vw, 1088px\" \/>\t\t\t\t\t\t\t\t\t\t\t\t\t\t\t<\/div>\n\t\t\t\t<\/div>\n\t\t\t\t<\/div>\n\t\t<div class=\"elementor-element elementor-element-e19b4c6 banner_text e-flex e-con-boxed e-con e-child\" data-id=\"e19b4c6\" data-element_type=\"container\" data-e-type=\"container\">\n\t\t\t\t\t<div class=\"e-con-inner\">\n\t\t<div class=\"elementor-element elementor-element-da07fa2 e-flex e-con-boxed e-con e-child\" data-id=\"da07fa2\" data-element_type=\"container\" data-e-type=\"container\">\n\t\t\t\t\t<div class=\"e-con-inner\">\n\t\t\t\t<div class=\"elementor-element elementor-element-67b314b elementor-widget elementor-widget-heading\" data-id=\"67b314b\" data-element_type=\"widget\" data-e-type=\"widget\" data-widget_type=\"heading.default\">\n\t\t\t\t<div class=\"elementor-widget-container\">\n\t\t\t\t\t<h4 class=\"elementor-heading-title elementor-size-default\">Omdat we geloven in een betere toekomst.<\/h4>\t\t\t\t<\/div>\n\t\t\t\t<\/div>\n\t\t\t\t<div class=\"elementor-element elementor-element-f742909 elementor-widget__width-initial elementor-widget elementor-widget-heading\" data-id=\"f742909\" data-element_type=\"widget\" data-e-type=\"widget\" data-widget_type=\"heading.default\">\n\t\t\t\t<div class=\"elementor-widget-container\">\n\t\t\t\t\t<h1 class=\"elementor-heading-title elementor-size-default\">Sociale zaken<br> Inzet<\/h1>\t\t\t\t<\/div>\n\t\t\t\t<\/div>\n\t\t\t\t\t<\/div>\n\t\t\t\t<\/div>\n\t\t\t\t\t<\/div>\n\t\t\t\t<\/div>\n\t\t\t\t\t<\/div>\n\t\t\t\t<\/div>\n\t\t\t\t<\/div>\n\t\t<div class=\"elementor-element elementor-element-78ab4c3c e-con-full e-flex e-con e-parent\" data-id=\"78ab4c3c\" data-element_type=\"container\" data-e-type=\"container\">\n\t\t<div class=\"elementor-element elementor-element-3aabd0cd e-flex e-con-boxed e-con e-child\" data-id=\"3aabd0cd\" data-element_type=\"container\" data-e-type=\"container\">\n\t\t\t\t\t<div class=\"e-con-inner\">\n\t\t\t\t<div class=\"elementor-element elementor-element-64078499 section_heading  elementor-widget elementor-widget-heading\" data-id=\"64078499\" data-element_type=\"widget\" data-e-type=\"widget\" data-widget_type=\"heading.default\">\n\t\t\t\t<div class=\"elementor-widget-container\">\n\t\t\t\t\t<h2 class=\"elementor-heading-title elementor-size-default\">Sponsoring<\/h2>\t\t\t\t<\/div>\n\t\t\t\t<\/div>\n\t\t\t\t<div class=\"elementor-element elementor-element-3ca2fa86 elementor-widget elementor-widget-heading\" data-id=\"3ca2fa86\" data-element_type=\"widget\" data-e-type=\"widget\" data-widget_type=\"heading.default\">\n\t\t\t\t<div class=\"elementor-widget-container\">\n\t\t\t\t\t<h2 class=\"elementor-heading-title elementor-size-default\">Duurzaamheid en sociale rechtvaardigheid kenmerken onze acties. We richten ons op milieuvriendelijke IT-producten en verantwoorde diensten om \"groen werken\" voorrang te geven boven \"groen wassen\". Tegelijkertijd zetten we ons in voor sociale projecten die kansarme kinderen, volwassenen en dieren helpen. Voor ons zijn de bescherming van hulpbronnen en de strijd tegen klimaatverandering onlosmakelijk verbonden met sociale verantwoordelijkheid. Samen met klanten en partners steunen we initiatieven die een positief verschil maken - vandaag en voor toekomstige generaties.<b>We helpen waar dat nodig is - lokaal en wereldwijd.<\/b><\/h2>\t\t\t\t<\/div>\n\t\t\t\t<\/div>\n\t\t\t\t\t<\/div>\n\t\t\t\t<\/div>\n\t\t<div class=\"elementor-element elementor-element-22e9dce1 e-flex e-con-boxed e-con e-child\" data-id=\"22e9dce1\" data-element_type=\"container\" data-e-type=\"container\">\n\t\t\t\t\t<div class=\"e-con-inner\">\n\t\t<div class=\"elementor-element elementor-element-7699027c e-con-full e-flex e-con e-child\" data-id=\"7699027c\" data-element_type=\"container\" data-e-type=\"container\">\n\t\t<div class=\"elementor-element elementor-element-5aff170 e-grid e-con-full e-con e-child\" data-id=\"5aff170\" data-element_type=\"container\" data-e-type=\"container\">\n\t\t<div class=\"elementor-element elementor-element-c50bf0f cherity_container e-con-full e-flex e-con e-child\" data-id=\"c50bf0f\" data-element_type=\"container\" data-e-type=\"container\" data-settings=\"{&quot;background_background&quot;:&quot;classic&quot;}\">\n\t\t<div class=\"elementor-element elementor-element-07f74e0 e-con-full e-flex e-con e-child\" data-id=\"07f74e0\" data-element_type=\"container\" data-e-type=\"container\">\n\t\t<div class=\"elementor-element elementor-element-ef53359 e-con-full charity_post_image e-flex e-con e-child\" data-id=\"ef53359\" data-element_type=\"container\" data-e-type=\"container\">\n\t\t\t\t<div class=\"elementor-element elementor-element-65fd449 cherity_img elementor-widget elementor-widget-image\" data-id=\"65fd449\" data-element_type=\"widget\" data-e-type=\"widget\" data-widget_type=\"image.default\">\n\t\t\t\t<div class=\"elementor-widget-container\">\n\t\t\t\t\t\t\t\t\t\t\t\t\t\t\t\t<a href=\"https:\/\/www.second-it.de\/nl\/sponsoring\/\">\n\t\t\t\t\t\t\t<img decoding=\"async\" width=\"800\" height=\"438\" src=\"https:\/\/www.second-it.de\/wp-content\/uploads\/2025\/01\/second-it-premium-sponsor-help-2024-1024x561.jpg\" class=\"attachment-large size-large wp-image-11444\" alt=\"Second IT&#039;s aanbod van diensten voor IT-gebruik en duurzame IT-diensten, waaronder het terugnemen van IT-hardware, BSI-conform wissen van gegevens en IT-recycling.\" srcset=\"https:\/\/www.second-it.de\/wp-content\/uploads\/2025\/01\/second-it-premium-sponsor-help-2024-1024x561.jpg 1024w, https:\/\/www.second-it.de\/wp-content\/uploads\/2025\/01\/second-it-premium-sponsor-help-2024-300x164.jpg 300w, https:\/\/www.second-it.de\/wp-content\/uploads\/2025\/01\/second-it-premium-sponsor-help-2024-768x421.jpg 768w, https:\/\/www.second-it.de\/wp-content\/uploads\/2025\/01\/second-it-premium-sponsor-help-2024-18x10.jpg 18w, https:\/\/www.second-it.de\/wp-content\/uploads\/2025\/01\/second-it-premium-sponsor-help-2024.jpg 1226w\" sizes=\"(max-width: 800px) 100vw, 800px\" \/>\t\t\t\t\t\t\t\t<\/a>\n\t\t\t\t\t\t\t\t\t\t\t\t\t\t\t<\/div>\n\t\t\t\t<\/div>\n\t\t<div class=\"elementor-element elementor-element-2dd62b4 e-con-full overlay overlay2 e-flex e-con e-child\" data-id=\"2dd62b4\" data-element_type=\"container\" data-e-type=\"container\">\n\t\t\t\t<\/div>\n\t\t<div class=\"elementor-element elementor-element-01bd369 e-con-full overlay overlay3 e-flex e-con e-child\" data-id=\"01bd369\" data-element_type=\"container\" data-e-type=\"container\">\n\t\t\t\t<\/div>\n\t\t\t\t<\/div>\n\t\t<div class=\"elementor-element elementor-element-9fdab56 e-con-full e-flex e-con e-child\" data-id=\"9fdab56\" data-element_type=\"container\" data-e-type=\"container\" data-settings=\"{&quot;background_background&quot;:&quot;classic&quot;}\">\n\t\t\t\t<div class=\"elementor-element elementor-element-be0c0aa elementor-widget elementor-widget-heading\" data-id=\"be0c0aa\" data-element_type=\"widget\" data-e-type=\"widget\" data-widget_type=\"heading.default\">\n\t\t\t\t<div class=\"elementor-widget-container\">\n\t\t\t\t\t<h2 class=\"elementor-heading-title elementor-size-default\">Opnieuw ge\u00eberd: Second IT is Premium Sponsor 2025 - voor vele jaren op rij<\/h2>\t\t\t\t<\/div>\n\t\t\t\t<\/div>\n\t\t\t\t<div class=\"elementor-element elementor-element-68d7275 elementor-widget elementor-widget-heading\" data-id=\"68d7275\" data-element_type=\"widget\" data-e-type=\"widget\" data-widget_type=\"heading.default\">\n\t\t\t\t<div class=\"elementor-widget-container\">\n\t\t\t\t\t<p class=\"elementor-heading-title elementor-size-default\">Second IT werd in 2025 opnieuw erkend als premium sponsor - en is dat al vele jaren op rij. Met ons langdurige partnerschap met \u201eHelp! - Wir helfen! e.V.\u201c ondersteunen we medische behandelingen voor mensen in nood, vooral kinderen en jongeren - zodat hulp betrouwbaar aankomt waar het nodig is.<\/p>\t\t\t\t<\/div>\n\t\t\t\t<\/div>\n\t\t<div class=\"elementor-element elementor-element-2c61243 e-con-full e-flex e-con e-child\" data-id=\"2c61243\" data-element_type=\"container\" data-e-type=\"container\">\n\t\t\t\t<div class=\"elementor-element elementor-element-1b44e2b green_burron elementor-widget__width-auto elementor-widget elementor-widget-button\" data-id=\"1b44e2b\" data-element_type=\"widget\" data-e-type=\"widget\" data-widget_type=\"button.default\">\n\t\t\t\t<div class=\"elementor-widget-container\">\n\t\t\t\t\t\t\t\t\t<div class=\"elementor-button-wrapper\">\n\t\t\t\t\t<a class=\"elementor-button elementor-button-link elementor-size-sm\" href=\"https:\/\/www.second-it.de\/nl\/blog\/opnieuw-vereerd-tweede-het-is-premium-sponsor-2025-voor-vele-jaren-op-rij\/\" target=\"_blank\">\n\t\t\t\t\t\t<span class=\"elementor-button-content-wrapper\">\n\t\t\t\t\t\t<span class=\"elementor-button-icon\">\n\t\t\t\t<i aria-hidden=\"true\" class=\"secondit secondit-angle-right\"><\/i>\t\t\t<\/span>\n\t\t\t\t\t\t\t\t\t<span class=\"elementor-button-text\">Meer lezen<\/span>\n\t\t\t\t\t<\/span>\n\t\t\t\t\t<\/a>\n\t\t\t\t<\/div>\n\t\t\t\t\t\t\t\t<\/div>\n\t\t\t\t<\/div>\n\t\t\t\t<\/div>\n\t\t\t\t<\/div>\n\t\t\t\t<\/div>\n\t\t<a class=\"elementor-element elementor-element-d6b0480 e-con-full charity_wrap_link e-flex e-con e-child\" data-id=\"d6b0480\" data-element_type=\"container\" data-e-type=\"container\" href=\"https:\/\/www.second-it.de\/nl\/blog\/tweede-het-premium-sponsor-hulp\/\" target=\"_blank\">\n\t\t\t\t<\/a>\n\t\t\t\t<\/div>\n\t\t<div class=\"elementor-element elementor-element-30e9576 cherity_container e-con-full e-flex e-con e-child\" data-id=\"30e9576\" data-element_type=\"container\" data-e-type=\"container\" data-settings=\"{&quot;background_background&quot;:&quot;classic&quot;}\">\n\t\t<div class=\"elementor-element elementor-element-de3df7c e-con-full e-flex e-con e-child\" data-id=\"de3df7c\" data-element_type=\"container\" data-e-type=\"container\">\n\t\t<div class=\"elementor-element elementor-element-f878082 e-con-full charity_post_image e-flex e-con e-child\" data-id=\"f878082\" data-element_type=\"container\" data-e-type=\"container\">\n\t\t\t\t<div class=\"elementor-element elementor-element-70610ea cherity_img elementor-widget elementor-widget-image\" data-id=\"70610ea\" data-element_type=\"widget\" data-e-type=\"widget\" data-widget_type=\"image.default\">\n\t\t\t\t<div class=\"elementor-widget-container\">\n\t\t\t\t\t\t\t\t\t\t\t\t\t\t\t\t<a href=\"https:\/\/www.second-it.de\/nl\/sponsoring\/\">\n\t\t\t\t\t\t\t<img decoding=\"async\" width=\"800\" height=\"600\" src=\"https:\/\/www.second-it.de\/wp-content\/uploads\/2026\/01\/49-laptops-fur-die-ukraine-wenn-ausgemusterte-it-wieder-perspektiven-1.png\" class=\"attachment-large size-large wp-image-12806\" alt=\"Second IT biedt duurzaam IT-gebruik en recycling van IT-hardware voor gebruikte laptops. Vertrouw op BSI-conforme gegevensverwijdering en IT remarketing.\" srcset=\"https:\/\/www.second-it.de\/wp-content\/uploads\/2026\/01\/49-laptops-fur-die-ukraine-wenn-ausgemusterte-it-wieder-perspektiven-1.png 1024w, https:\/\/www.second-it.de\/wp-content\/uploads\/2026\/01\/49-laptops-fur-die-ukraine-wenn-ausgemusterte-it-wieder-perspektiven-1-300x225.png 300w, https:\/\/www.second-it.de\/wp-content\/uploads\/2026\/01\/49-laptops-fur-die-ukraine-wenn-ausgemusterte-it-wieder-perspektiven-1-768x576.png 768w, https:\/\/www.second-it.de\/wp-content\/uploads\/2026\/01\/49-laptops-fur-die-ukraine-wenn-ausgemusterte-it-wieder-perspektiven-1-16x12.png 16w\" sizes=\"(max-width: 800px) 100vw, 800px\" \/>\t\t\t\t\t\t\t\t<\/a>\n\t\t\t\t\t\t\t\t\t\t\t\t\t\t\t<\/div>\n\t\t\t\t<\/div>\n\t\t<div class=\"elementor-element elementor-element-ded03aa e-con-full overlay overlay2 e-flex e-con e-child\" data-id=\"ded03aa\" data-element_type=\"container\" data-e-type=\"container\">\n\t\t\t\t<\/div>\n\t\t<div class=\"elementor-element elementor-element-5c0f25e e-con-full overlay overlay3 e-flex e-con e-child\" data-id=\"5c0f25e\" data-element_type=\"container\" data-e-type=\"container\">\n\t\t\t\t<\/div>\n\t\t\t\t<\/div>\n\t\t<div class=\"elementor-element elementor-element-9730882 e-con-full e-flex e-con e-child\" data-id=\"9730882\" data-element_type=\"container\" data-e-type=\"container\" data-settings=\"{&quot;background_background&quot;:&quot;classic&quot;}\">\n\t\t\t\t<div class=\"elementor-element elementor-element-aabf14c elementor-widget elementor-widget-heading\" data-id=\"aabf14c\" data-element_type=\"widget\" data-e-type=\"widget\" data-widget_type=\"heading.default\">\n\t\t\t\t<div class=\"elementor-widget-container\">\n\t\t\t\t\t<h2 class=\"elementor-heading-title elementor-size-default\">49 laptops voor Oekra\u00efne: hoe afgedankte IT wordt omgezet in nieuwe onderwijskansen<\/h2>\t\t\t\t<\/div>\n\t\t\t\t<\/div>\n\t\t\t\t<div class=\"elementor-element elementor-element-93766b5 elementor-widget elementor-widget-heading\" data-id=\"93766b5\" data-element_type=\"widget\" data-e-type=\"widget\" data-widget_type=\"heading.default\">\n\t\t\t\t<div class=\"elementor-widget-container\">\n\t\t\t\t\t<p class=\"elementor-heading-title elementor-size-default\">Digitaal onderwijs mislukt vaak door een gebrek aan apparatuur: Second IT heeft 49 afgedankte laptops technisch nagekeken, gebruiksklaar gemaakt en naar het noordoosten van Oekra\u00efne vervoerd. Samen met Solidarit\u00e9 Oekra\u00efne - Saint Omer en Vilna Ukraini werden ze lokaal uitgedeeld aan leerlingen, scholen, weeshuizen en gemeenschapsorganisaties.<\/p>\t\t\t\t<\/div>\n\t\t\t\t<\/div>\n\t\t<div class=\"elementor-element elementor-element-07764c7 e-con-full e-flex e-con e-child\" data-id=\"07764c7\" data-element_type=\"container\" data-e-type=\"container\">\n\t\t\t\t<div class=\"elementor-element elementor-element-d264aa8 green_burron elementor-widget__width-auto elementor-widget elementor-widget-button\" data-id=\"d264aa8\" data-element_type=\"widget\" data-e-type=\"widget\" data-widget_type=\"button.default\">\n\t\t\t\t<div class=\"elementor-widget-container\">\n\t\t\t\t\t\t\t\t\t<div class=\"elementor-button-wrapper\">\n\t\t\t\t\t<a class=\"elementor-button elementor-button-link elementor-size-sm\" href=\"https:\/\/www.second-it.de\/nl\/blog\/49-laptops-voor-oekraine-hoe-ontmantelde-apparatuur-wordt-omgezet-in-nieuwe-onderwijskansen\/\" target=\"_blank\">\n\t\t\t\t\t\t<span class=\"elementor-button-content-wrapper\">\n\t\t\t\t\t\t<span class=\"elementor-button-icon\">\n\t\t\t\t<i aria-hidden=\"true\" class=\"secondit secondit-angle-right\"><\/i>\t\t\t<\/span>\n\t\t\t\t\t\t\t\t\t<span class=\"elementor-button-text\">Meer lezen<\/span>\n\t\t\t\t\t<\/span>\n\t\t\t\t\t<\/a>\n\t\t\t\t<\/div>\n\t\t\t\t\t\t\t\t<\/div>\n\t\t\t\t<\/div>\n\t\t\t\t<\/div>\n\t\t\t\t<\/div>\n\t\t\t\t<\/div>\n\t\t<a class=\"elementor-element elementor-element-91d6628 e-con-full charity_wrap_link e-flex e-con e-child\" data-id=\"91d6628\" data-element_type=\"container\" data-e-type=\"container\" href=\"https:\/\/www.second-it.de\/nl\/blog\/tweede-het-premium-sponsor-hulp\/\" target=\"_blank\">\n\t\t\t\t<\/a>\n\t\t\t\t<\/div>\n\t\t<div class=\"elementor-element elementor-element-6cf0b1d cherity_container e-con-full e-flex e-con e-child\" data-id=\"6cf0b1d\" data-element_type=\"container\" data-e-type=\"container\" data-settings=\"{&quot;background_background&quot;:&quot;classic&quot;}\">\n\t\t<div class=\"elementor-element elementor-element-962c1b6 e-con-full e-flex e-con e-child\" data-id=\"962c1b6\" data-element_type=\"container\" data-e-type=\"container\">\n\t\t<div class=\"elementor-element elementor-element-5165f75 e-con-full charity_post_image e-flex e-con e-child\" data-id=\"5165f75\" data-element_type=\"container\" data-e-type=\"container\">\n\t\t\t\t<div class=\"elementor-element elementor-element-88a82a9 cherity_img elementor-widget elementor-widget-image\" data-id=\"88a82a9\" data-element_type=\"widget\" data-e-type=\"widget\" data-widget_type=\"image.default\">\n\t\t\t\t<div class=\"elementor-widget-container\">\n\t\t\t\t\t\t\t\t\t\t\t\t\t\t\t\t<a href=\"https:\/\/www.second-it.de\/nl\/sponsoring\/\">\n\t\t\t\t\t\t\t<img decoding=\"async\" width=\"800\" height=\"438\" src=\"https:\/\/www.second-it.de\/wp-content\/uploads\/2025\/01\/second-it-premium-sponsor-help-2024-1024x561.jpg\" class=\"attachment-large size-large wp-image-11444\" alt=\"Second IT&#039;s aanbod van diensten voor IT-gebruik en duurzame IT-diensten, waaronder het terugnemen van IT-hardware, BSI-conform wissen van gegevens en IT-recycling.\" srcset=\"https:\/\/www.second-it.de\/wp-content\/uploads\/2025\/01\/second-it-premium-sponsor-help-2024-1024x561.jpg 1024w, https:\/\/www.second-it.de\/wp-content\/uploads\/2025\/01\/second-it-premium-sponsor-help-2024-300x164.jpg 300w, https:\/\/www.second-it.de\/wp-content\/uploads\/2025\/01\/second-it-premium-sponsor-help-2024-768x421.jpg 768w, https:\/\/www.second-it.de\/wp-content\/uploads\/2025\/01\/second-it-premium-sponsor-help-2024-18x10.jpg 18w, https:\/\/www.second-it.de\/wp-content\/uploads\/2025\/01\/second-it-premium-sponsor-help-2024.jpg 1226w\" sizes=\"(max-width: 800px) 100vw, 800px\" \/>\t\t\t\t\t\t\t\t<\/a>\n\t\t\t\t\t\t\t\t\t\t\t\t\t\t\t<\/div>\n\t\t\t\t<\/div>\n\t\t<div class=\"elementor-element elementor-element-a18232f e-con-full overlay overlay2 e-flex e-con e-child\" data-id=\"a18232f\" data-element_type=\"container\" data-e-type=\"container\">\n\t\t\t\t<\/div>\n\t\t<div class=\"elementor-element elementor-element-5acc98e e-con-full overlay overlay3 e-flex e-con e-child\" data-id=\"5acc98e\" data-element_type=\"container\" data-e-type=\"container\">\n\t\t\t\t<\/div>\n\t\t\t\t<\/div>\n\t\t<div class=\"elementor-element elementor-element-93b9bad e-con-full e-flex e-con e-child\" data-id=\"93b9bad\" data-element_type=\"container\" data-e-type=\"container\" data-settings=\"{&quot;background_background&quot;:&quot;classic&quot;}\">\n\t\t\t\t<div class=\"elementor-element elementor-element-9ccc22a elementor-widget elementor-widget-heading\" data-id=\"9ccc22a\" data-element_type=\"widget\" data-e-type=\"widget\" data-widget_type=\"heading.default\">\n\t\t\t\t<div class=\"elementor-widget-container\">\n\t\t\t\t\t<h2 class=\"elementor-heading-title elementor-size-default\">MET \"HELP!\" HOOP EN GEZONDHEID GEVEN AAN KINDEREN IN NOOD<\/h2>\t\t\t\t<\/div>\n\t\t\t\t<\/div>\n\t\t\t\t<div class=\"elementor-element elementor-element-8053eb1 elementor-widget elementor-widget-heading\" data-id=\"8053eb1\" data-element_type=\"widget\" data-e-type=\"widget\" data-widget_type=\"heading.default\">\n\t\t\t\t<div class=\"elementor-widget-container\">\n\t\t\t\t\t<p class=\"elementor-heading-title elementor-size-default\">Als premium partner van \"Help! - Wir helfen! e.V.\" ondersteunt Second IT levensbelangrijke operaties en medische hulp voor kinderen in nood wereldwijd. Onze donaties helpen ziekenhuizen uit te rusten met moderne technologie en geven gezinnen hoop op een betere toekomst.<\/p>\t\t\t\t<\/div>\n\t\t\t\t<\/div>\n\t\t<div class=\"elementor-element elementor-element-64215cf e-con-full e-flex e-con e-child\" data-id=\"64215cf\" data-element_type=\"container\" data-e-type=\"container\">\n\t\t\t\t<div class=\"elementor-element elementor-element-cee9725 green_burron elementor-widget__width-auto elementor-widget elementor-widget-button\" data-id=\"cee9725\" data-element_type=\"widget\" data-e-type=\"widget\" data-widget_type=\"button.default\">\n\t\t\t\t<div class=\"elementor-widget-container\">\n\t\t\t\t\t\t\t\t\t<div class=\"elementor-button-wrapper\">\n\t\t\t\t\t<a class=\"elementor-button elementor-button-link elementor-size-sm\" href=\"https:\/\/www.second-it.de\/nl\/blog\/tweede-het-premium-sponsor-hulp\/\" target=\"_blank\">\n\t\t\t\t\t\t<span class=\"elementor-button-content-wrapper\">\n\t\t\t\t\t\t<span class=\"elementor-button-icon\">\n\t\t\t\t<i aria-hidden=\"true\" class=\"secondit secondit-angle-right\"><\/i>\t\t\t<\/span>\n\t\t\t\t\t\t\t\t\t<span class=\"elementor-button-text\">Meer lezen<\/span>\n\t\t\t\t\t<\/span>\n\t\t\t\t\t<\/a>\n\t\t\t\t<\/div>\n\t\t\t\t\t\t\t\t<\/div>\n\t\t\t\t<\/div>\n\t\t\t\t<\/div>\n\t\t\t\t<\/div>\n\t\t\t\t<\/div>\n\t\t<a class=\"elementor-element elementor-element-572e45f e-con-full charity_wrap_link e-flex e-con e-child\" data-id=\"572e45f\" data-element_type=\"container\" data-e-type=\"container\" href=\"https:\/\/www.second-it.de\/nl\/blog\/tweede-het-premium-sponsor-hulp\/\" target=\"_blank\">\n\t\t\t\t<\/a>\n\t\t\t\t<\/div>\n\t\t<div class=\"elementor-element elementor-element-c0f5625 cherity_container e-con-full e-flex e-con e-child\" data-id=\"c0f5625\" data-element_type=\"container\" data-e-type=\"container\" data-settings=\"{&quot;background_background&quot;:&quot;classic&quot;}\">\n\t\t<div class=\"elementor-element elementor-element-599cb3a e-con-full e-flex e-con e-child\" data-id=\"599cb3a\" data-element_type=\"container\" data-e-type=\"container\">\n\t\t<div class=\"elementor-element elementor-element-61dc99f e-con-full charity_post_image e-flex e-con e-child\" data-id=\"61dc99f\" data-element_type=\"container\" data-e-type=\"container\">\n\t\t\t\t<div class=\"elementor-element elementor-element-c0987df cherity_img elementor-widget elementor-widget-image\" data-id=\"c0987df\" data-element_type=\"widget\" data-e-type=\"widget\" data-widget_type=\"image.default\">\n\t\t\t\t<div class=\"elementor-widget-container\">\n\t\t\t\t\t\t\t\t\t\t\t\t\t\t\t\t<a href=\"https:\/\/www.second-it.de\/nl\/sponsoring\/\">\n\t\t\t\t\t\t\t<img loading=\"lazy\" decoding=\"async\" width=\"800\" height=\"773\" src=\"https:\/\/www.second-it.de\/wp-content\/uploads\/2025\/01\/second-it-spende-unicef-zyklon-idai-1024x989.jpg\" class=\"attachment-large size-large wp-image-11455\" alt=\"Het Second IT-team overhandigt een cheque van 6000 euro aan UNICEF, als symbool voor hun inzet voor IT-recycling, het recyclen van IT-hardware en duurzame IT-diensten.\" srcset=\"https:\/\/www.second-it.de\/wp-content\/uploads\/2025\/01\/second-it-spende-unicef-zyklon-idai-1024x989.jpg 1024w, https:\/\/www.second-it.de\/wp-content\/uploads\/2025\/01\/second-it-spende-unicef-zyklon-idai-300x290.jpg 300w, https:\/\/www.second-it.de\/wp-content\/uploads\/2025\/01\/second-it-spende-unicef-zyklon-idai-768x741.jpg 768w, https:\/\/www.second-it.de\/wp-content\/uploads\/2025\/01\/second-it-spende-unicef-zyklon-idai-1536x1483.jpg 1536w, https:\/\/www.second-it.de\/wp-content\/uploads\/2025\/01\/second-it-spende-unicef-zyklon-idai-12x12.jpg 12w, https:\/\/www.second-it.de\/wp-content\/uploads\/2025\/01\/second-it-spende-unicef-zyklon-idai.jpg 1764w\" sizes=\"(max-width: 800px) 100vw, 800px\" \/>\t\t\t\t\t\t\t\t<\/a>\n\t\t\t\t\t\t\t\t\t\t\t\t\t\t\t<\/div>\n\t\t\t\t<\/div>\n\t\t<div class=\"elementor-element elementor-element-ffc950b e-con-full overlay overlay2 e-flex e-con e-child\" data-id=\"ffc950b\" data-element_type=\"container\" data-e-type=\"container\">\n\t\t\t\t<\/div>\n\t\t<div class=\"elementor-element elementor-element-fa8e818 e-con-full overlay overlay3 e-flex e-con e-child\" data-id=\"fa8e818\" data-element_type=\"container\" data-e-type=\"container\">\n\t\t\t\t<\/div>\n\t\t\t\t<\/div>\n\t\t<div class=\"elementor-element elementor-element-0a313e1 e-con-full e-flex e-con e-child\" data-id=\"0a313e1\" data-element_type=\"container\" data-e-type=\"container\" data-settings=\"{&quot;background_background&quot;:&quot;classic&quot;}\">\n\t\t\t\t<div class=\"elementor-element elementor-element-80534ce elementor-widget elementor-widget-heading\" data-id=\"80534ce\" data-element_type=\"widget\" data-e-type=\"widget\" data-widget_type=\"heading.default\">\n\t\t\t\t<div class=\"elementor-widget-container\">\n\t\t\t\t\t<h2 class=\"elementor-heading-title elementor-size-default\">SAMEN STERK: HULP VOOR DE SLACHTOFFERS IN ZUIDOOST-AFRIKA<\/h2>\t\t\t\t<\/div>\n\t\t\t\t<\/div>\n\t\t\t\t<div class=\"elementor-element elementor-element-3a6cc36 elementor-widget elementor-widget-heading\" data-id=\"3a6cc36\" data-element_type=\"widget\" data-e-type=\"widget\" data-widget_type=\"heading.default\">\n\t\t\t\t<div class=\"elementor-widget-container\">\n\t\t\t\t\t<p class=\"elementor-heading-title elementor-size-default\">De cycloon Idai heeft een spoor van verwoesting achtergelaten in zuidoostelijk Afrika. Wegen, huizen en gewassen werden verwoest. Met een donatie van 6.000 euro steunt Second IT de hulpinspanningen van UNICEF om getroffen gezinnen een veilig thuis en toegang tot essenti\u00eble middelen te bieden.<\/p>\t\t\t\t<\/div>\n\t\t\t\t<\/div>\n\t\t<div class=\"elementor-element elementor-element-0154917 e-con-full e-flex e-con e-child\" data-id=\"0154917\" data-element_type=\"container\" data-e-type=\"container\">\n\t\t\t\t<div class=\"elementor-element elementor-element-0a1b086 green_burron elementor-widget__width-auto elementor-widget elementor-widget-button\" data-id=\"0a1b086\" data-element_type=\"widget\" data-e-type=\"widget\" data-widget_type=\"button.default\">\n\t\t\t\t<div class=\"elementor-widget-container\">\n\t\t\t\t\t\t\t\t\t<div class=\"elementor-button-wrapper\">\n\t\t\t\t\t<a class=\"elementor-button elementor-button-link elementor-size-sm\" href=\"https:\/\/www.second-it.de\/nl\/blog\/donatie-unicef-cycloon-idai\/\" target=\"_blank\">\n\t\t\t\t\t\t<span class=\"elementor-button-content-wrapper\">\n\t\t\t\t\t\t<span class=\"elementor-button-icon\">\n\t\t\t\t<i aria-hidden=\"true\" class=\"secondit secondit-angle-right\"><\/i>\t\t\t<\/span>\n\t\t\t\t\t\t\t\t\t<span class=\"elementor-button-text\">Meer hierover<\/span>\n\t\t\t\t\t<\/span>\n\t\t\t\t\t<\/a>\n\t\t\t\t<\/div>\n\t\t\t\t\t\t\t\t<\/div>\n\t\t\t\t<\/div>\n\t\t\t\t<\/div>\n\t\t\t\t<\/div>\n\t\t\t\t<\/div>\n\t\t<a class=\"elementor-element elementor-element-e9da55c e-con-full charity_wrap_link e-flex e-con e-child\" data-id=\"e9da55c\" data-element_type=\"container\" data-e-type=\"container\" href=\"https:\/\/www.second-it.de\/nl\/blog\/donatie-unicef-cycloon-idai\/\" target=\"_blank\">\n\t\t\t\t<\/a>\n\t\t\t\t<\/div>\n\t\t<div class=\"elementor-element elementor-element-8e6776a cherity_container e-con-full e-flex e-con e-child\" data-id=\"8e6776a\" data-element_type=\"container\" data-e-type=\"container\" data-settings=\"{&quot;background_background&quot;:&quot;classic&quot;}\">\n\t\t<div class=\"elementor-element elementor-element-07d5805 e-con-full e-flex e-con e-child\" data-id=\"07d5805\" data-element_type=\"container\" data-e-type=\"container\">\n\t\t<div class=\"elementor-element elementor-element-52e287b e-con-full charity_post_image e-flex e-con e-child\" data-id=\"52e287b\" data-element_type=\"container\" data-e-type=\"container\">\n\t\t\t\t<div class=\"elementor-element elementor-element-ce72213 cherity_img elementor-widget elementor-widget-image\" data-id=\"ce72213\" data-element_type=\"widget\" data-e-type=\"widget\" data-widget_type=\"image.default\">\n\t\t\t\t<div class=\"elementor-widget-container\">\n\t\t\t\t\t\t\t\t\t\t\t\t\t\t\t\t<a href=\"https:\/\/www.second-it.de\/nl\/sponsoring\/\">\n\t\t\t\t\t\t\t<img loading=\"lazy\" decoding=\"async\" width=\"549\" height=\"236\" src=\"https:\/\/www.second-it.de\/wp-content\/uploads\/2025\/01\/notebooks-spende-kurt-waibel-schule.png\" class=\"attachment-large size-large wp-image-11459\" alt=\"Twee schoolmeisjes gebruiken laptops voor IT-projecten bij Second IT, een expert in het recyclen van IT-hardware, IT-verwijdering en BSI-conforme gegevensverwijdering.\" srcset=\"https:\/\/www.second-it.de\/wp-content\/uploads\/2025\/01\/notebooks-spende-kurt-waibel-schule.png 549w, https:\/\/www.second-it.de\/wp-content\/uploads\/2025\/01\/notebooks-spende-kurt-waibel-schule-300x129.png 300w, https:\/\/www.second-it.de\/wp-content\/uploads\/2025\/01\/notebooks-spende-kurt-waibel-schule-18x8.png 18w\" sizes=\"(max-width: 549px) 100vw, 549px\" \/>\t\t\t\t\t\t\t\t<\/a>\n\t\t\t\t\t\t\t\t\t\t\t\t\t\t\t<\/div>\n\t\t\t\t<\/div>\n\t\t<div class=\"elementor-element elementor-element-6926ebe e-con-full overlay overlay2 e-flex e-con e-child\" data-id=\"6926ebe\" data-element_type=\"container\" data-e-type=\"container\">\n\t\t\t\t<\/div>\n\t\t<div class=\"elementor-element elementor-element-b67f902 e-con-full overlay overlay3 e-flex e-con e-child\" data-id=\"b67f902\" data-element_type=\"container\" data-e-type=\"container\">\n\t\t\t\t<\/div>\n\t\t\t\t<\/div>\n\t\t<div class=\"elementor-element elementor-element-d31cfe1 e-con-full e-flex e-con e-child\" data-id=\"d31cfe1\" data-element_type=\"container\" data-e-type=\"container\" data-settings=\"{&quot;background_background&quot;:&quot;classic&quot;}\">\n\t\t\t\t<div class=\"elementor-element elementor-element-a22dcf8 elementor-widget elementor-widget-heading\" data-id=\"a22dcf8\" data-element_type=\"widget\" data-e-type=\"widget\" data-widget_type=\"heading.default\">\n\t\t\t\t<div class=\"elementor-widget-container\">\n\t\t\t\t\t<h2 class=\"elementor-heading-title elementor-size-default\">NOTITIEBOEKJES VOOR KERST: ONDERWIJS VOOR IEDEREEN<\/h2>\t\t\t\t<\/div>\n\t\t\t\t<\/div>\n\t\t\t\t<div class=\"elementor-element elementor-element-6930c03 elementor-widget elementor-widget-heading\" data-id=\"6930c03\" data-element_type=\"widget\" data-e-type=\"widget\" data-widget_type=\"heading.default\">\n\t\t\t\t<div class=\"elementor-widget-container\">\n\t\t\t\t\t<p class=\"elementor-heading-title elementor-size-default\">Op de Kurt Waibel School ontbrak het aan een groot aantal apparaten voor digitale lessen. Met 29 gedoneerde laptops hebben we leerlingen toegang gegeven tot modern lesmateriaal en digitaal leren ondersteund. Onze donatie was een belangrijk kerstcadeau dat onderwijskansen cre\u00ebert.<\/p>\t\t\t\t<\/div>\n\t\t\t\t<\/div>\n\t\t<div class=\"elementor-element elementor-element-8245229 e-con-full e-flex e-con e-child\" data-id=\"8245229\" data-element_type=\"container\" data-e-type=\"container\">\n\t\t\t\t<div class=\"elementor-element elementor-element-94767cf green_burron elementor-widget__width-auto elementor-widget elementor-widget-button\" data-id=\"94767cf\" data-element_type=\"widget\" data-e-type=\"widget\" data-widget_type=\"button.default\">\n\t\t\t\t<div class=\"elementor-widget-container\">\n\t\t\t\t\t\t\t\t\t<div class=\"elementor-button-wrapper\">\n\t\t\t\t\t<a class=\"elementor-button elementor-button-link elementor-size-sm\" href=\"https:\/\/www.second-it.de\/nl\/blog\/schriften-donatie-kurt-waibel-school\/\" target=\"_blank\">\n\t\t\t\t\t\t<span class=\"elementor-button-content-wrapper\">\n\t\t\t\t\t\t<span class=\"elementor-button-icon\">\n\t\t\t\t<i aria-hidden=\"true\" class=\"secondit secondit-angle-right\"><\/i>\t\t\t<\/span>\n\t\t\t\t\t\t\t\t\t<span class=\"elementor-button-text\">Meer hierover<\/span>\n\t\t\t\t\t<\/span>\n\t\t\t\t\t<\/a>\n\t\t\t\t<\/div>\n\t\t\t\t\t\t\t\t<\/div>\n\t\t\t\t<\/div>\n\t\t\t\t<\/div>\n\t\t\t\t<\/div>\n\t\t\t\t<\/div>\n\t\t<a class=\"elementor-element elementor-element-cec1adb e-con-full charity_wrap_link e-flex e-con e-child\" data-id=\"cec1adb\" data-element_type=\"container\" data-e-type=\"container\" href=\"https:\/\/www.second-it.de\/nl\/blog\/schriften-donatie-kurt-waibel-school\/\" target=\"_blank\">\n\t\t\t\t<\/a>\n\t\t\t\t<\/div>\n\t\t<div class=\"elementor-element elementor-element-abe3c96 cherity_container e-con-full e-flex e-con e-child\" data-id=\"abe3c96\" data-element_type=\"container\" data-e-type=\"container\" data-settings=\"{&quot;background_background&quot;:&quot;classic&quot;}\">\n\t\t<div class=\"elementor-element elementor-element-5e2e8a8 e-con-full e-flex e-con e-child\" data-id=\"5e2e8a8\" data-element_type=\"container\" data-e-type=\"container\">\n\t\t<div class=\"elementor-element elementor-element-6815488 e-con-full charity_post_image e-flex e-con e-child\" data-id=\"6815488\" data-element_type=\"container\" data-e-type=\"container\">\n\t\t\t\t<div class=\"elementor-element elementor-element-e7748c5 cherity_img elementor-widget elementor-widget-image\" data-id=\"e7748c5\" data-element_type=\"widget\" data-e-type=\"widget\" data-widget_type=\"image.default\">\n\t\t\t\t<div class=\"elementor-widget-container\">\n\t\t\t\t\t\t\t\t\t\t\t\t\t\t\t\t<a href=\"https:\/\/www.second-it.de\/nl\/sponsoring\/\">\n\t\t\t\t\t\t\t<img loading=\"lazy\" decoding=\"async\" width=\"800\" height=\"477\" src=\"https:\/\/www.second-it.de\/wp-content\/uploads\/2025\/01\/notebook-spende-beth-elpia-maedchenhaus-tschad-1024x610.jpg\" class=\"attachment-large size-large wp-image-11463\" alt=\"Leerlingen gebruiken IT-hardware in de lessen, ondersteund door Second IT. De focus ligt op IT-gebruik, recycling van IT-hardware, gegevensverwijdering volgens BSI en duurzame IT-diensten.\" srcset=\"https:\/\/www.second-it.de\/wp-content\/uploads\/2025\/01\/notebook-spende-beth-elpia-maedchenhaus-tschad-1024x610.jpg 1024w, https:\/\/www.second-it.de\/wp-content\/uploads\/2025\/01\/notebook-spende-beth-elpia-maedchenhaus-tschad-300x179.jpg 300w, https:\/\/www.second-it.de\/wp-content\/uploads\/2025\/01\/notebook-spende-beth-elpia-maedchenhaus-tschad-768x457.jpg 768w, https:\/\/www.second-it.de\/wp-content\/uploads\/2025\/01\/notebook-spende-beth-elpia-maedchenhaus-tschad-18x12.jpg 18w, https:\/\/www.second-it.de\/wp-content\/uploads\/2025\/01\/notebook-spende-beth-elpia-maedchenhaus-tschad.jpg 1088w\" sizes=\"(max-width: 800px) 100vw, 800px\" \/>\t\t\t\t\t\t\t\t<\/a>\n\t\t\t\t\t\t\t\t\t\t\t\t\t\t\t<\/div>\n\t\t\t\t<\/div>\n\t\t<div class=\"elementor-element elementor-element-4b4c271 e-con-full overlay overlay2 e-flex e-con e-child\" data-id=\"4b4c271\" data-element_type=\"container\" data-e-type=\"container\">\n\t\t\t\t<\/div>\n\t\t<div class=\"elementor-element elementor-element-5652a31 e-con-full overlay overlay3 e-flex e-con e-child\" data-id=\"5652a31\" data-element_type=\"container\" data-e-type=\"container\">\n\t\t\t\t<\/div>\n\t\t\t\t<\/div>\n\t\t<div class=\"elementor-element elementor-element-2374854 e-con-full e-flex e-con e-child\" data-id=\"2374854\" data-element_type=\"container\" data-e-type=\"container\" data-settings=\"{&quot;background_background&quot;:&quot;classic&quot;}\">\n\t\t\t\t<div class=\"elementor-element elementor-element-2bcf327 elementor-widget elementor-widget-heading\" data-id=\"2bcf327\" data-element_type=\"widget\" data-e-type=\"widget\" data-widget_type=\"heading.default\">\n\t\t\t\t<div class=\"elementor-widget-container\">\n\t\t\t\t\t<h2 class=\"elementor-heading-title elementor-size-default\">ONDERWIJS EN VEILIGHEID VOOR HULPBEHOEVENDE MEISJES<\/h2>\t\t\t\t<\/div>\n\t\t\t\t<\/div>\n\t\t\t\t<div class=\"elementor-element elementor-element-6600d11 elementor-widget elementor-widget-heading\" data-id=\"6600d11\" data-element_type=\"widget\" data-e-type=\"widget\" data-widget_type=\"heading.default\">\n\t\t\t\t<div class=\"elementor-widget-container\">\n\t\t\t\t\t<p class=\"elementor-heading-title elementor-size-default\">Meisjes die vreselijke tradities zijn ontvlucht, vinden bescherming en onderwijs in het project \"Beth Elpia\". Dankzij onze gedoneerde laptops krijgen ze toegang tot IT-cursussen en krijgen ze betere kansen voor de toekomst.<\/p>\t\t\t\t<\/div>\n\t\t\t\t<\/div>\n\t\t<div class=\"elementor-element elementor-element-003ad9f e-con-full e-flex e-con e-child\" data-id=\"003ad9f\" data-element_type=\"container\" data-e-type=\"container\">\n\t\t\t\t<div class=\"elementor-element elementor-element-f8e428c green_burron elementor-widget__width-auto elementor-widget elementor-widget-button\" data-id=\"f8e428c\" data-element_type=\"widget\" data-e-type=\"widget\" data-widget_type=\"button.default\">\n\t\t\t\t<div class=\"elementor-widget-container\">\n\t\t\t\t\t\t\t\t\t<div class=\"elementor-button-wrapper\">\n\t\t\t\t\t<a class=\"elementor-button elementor-button-link elementor-size-sm\" href=\"https:\/\/www.second-it.de\/nl\/blog\/notebook-donatie-beth-elpia-tschad\/\" target=\"_blank\">\n\t\t\t\t\t\t<span class=\"elementor-button-content-wrapper\">\n\t\t\t\t\t\t<span class=\"elementor-button-icon\">\n\t\t\t\t<i aria-hidden=\"true\" class=\"secondit secondit-angle-right\"><\/i>\t\t\t<\/span>\n\t\t\t\t\t\t\t\t\t<span class=\"elementor-button-text\">Meer hierover<\/span>\n\t\t\t\t\t<\/span>\n\t\t\t\t\t<\/a>\n\t\t\t\t<\/div>\n\t\t\t\t\t\t\t\t<\/div>\n\t\t\t\t<\/div>\n\t\t\t\t<\/div>\n\t\t\t\t<\/div>\n\t\t\t\t<\/div>\n\t\t<a class=\"elementor-element elementor-element-04f5104 e-con-full charity_wrap_link e-flex e-con e-child\" data-id=\"04f5104\" data-element_type=\"container\" data-e-type=\"container\" href=\"https:\/\/www.second-it.de\/nl\/blog\/notebook-donatie-beth-elpia-tschad\/\" target=\"_blank\">\n\t\t\t\t<\/a>\n\t\t\t\t<\/div>\n\t\t\t\t<\/div>\n\t\t\t\t<\/div>\n\t\t\t\t\t<\/div>\n\t\t\t\t<\/div>\n\t\t\t\t<\/div>\n\t\t<div class=\"elementor-element elementor-element-5ab3e43 e-con-full e-flex e-con e-parent\" data-id=\"5ab3e43\" data-element_type=\"container\" data-e-type=\"container\">\n\t\t<div class=\"elementor-element elementor-element-2f161ba e-flex e-con-boxed e-con e-child\" data-id=\"2f161ba\" data-element_type=\"container\" data-e-type=\"container\" data-settings=\"{&quot;background_background&quot;:&quot;classic&quot;}\">\n\t\t\t\t\t<div class=\"e-con-inner\">\n\t\t<div class=\"elementor-element elementor-element-b2ba978 e-con-full e-flex e-con e-child\" data-id=\"b2ba978\" data-element_type=\"container\" data-e-type=\"container\">\n\t\t\t\t<div class=\"elementor-element elementor-element-a2b19e7 bradcrumb_image elementor-widget elementor-widget-image\" data-id=\"a2b19e7\" data-element_type=\"widget\" data-e-type=\"widget\" data-widget_type=\"image.default\">\n\t\t\t\t<div class=\"elementor-widget-container\">\n\t\t\t\t\t\t\t\t\t\t\t\t\t\t\t<img fetchpriority=\"high\" decoding=\"async\" width=\"1088\" height=\"648\" src=\"https:\/\/www.second-it.de\/wp-content\/uploads\/2025\/01\/notebook-spende-beth-elpia-maedchenhaus-tschad.jpg\" class=\"attachment-full size-full wp-image-11463\" alt=\"Leerlingen gebruiken IT-hardware in de lessen, ondersteund door Second IT. De focus ligt op IT-gebruik, recycling van IT-hardware, gegevensverwijdering volgens BSI en duurzame IT-diensten.\" srcset=\"https:\/\/www.second-it.de\/wp-content\/uploads\/2025\/01\/notebook-spende-beth-elpia-maedchenhaus-tschad.jpg 1088w, https:\/\/www.second-it.de\/wp-content\/uploads\/2025\/01\/notebook-spende-beth-elpia-maedchenhaus-tschad-300x179.jpg 300w, https:\/\/www.second-it.de\/wp-content\/uploads\/2025\/01\/notebook-spende-beth-elpia-maedchenhaus-tschad-1024x610.jpg 1024w, https:\/\/www.second-it.de\/wp-content\/uploads\/2025\/01\/notebook-spende-beth-elpia-maedchenhaus-tschad-768x457.jpg 768w, https:\/\/www.second-it.de\/wp-content\/uploads\/2025\/01\/notebook-spende-beth-elpia-maedchenhaus-tschad-18x12.jpg 18w\" sizes=\"(max-width: 1088px) 100vw, 1088px\" \/>\t\t\t\t\t\t\t\t\t\t\t\t\t\t\t<\/div>\n\t\t\t\t<\/div>\n\t\t\t\t<\/div>\n\t\t<div class=\"elementor-element elementor-element-8dce8b3 banner_text e-flex e-con-boxed e-con e-child\" data-id=\"8dce8b3\" data-element_type=\"container\" data-e-type=\"container\">\n\t\t\t\t\t<div class=\"e-con-inner\">\n\t\t<div class=\"elementor-element elementor-element-f95bb3a e-flex e-con-boxed e-con e-child\" data-id=\"f95bb3a\" data-element_type=\"container\" data-e-type=\"container\">\n\t\t\t\t\t<div class=\"e-con-inner\">\n\t\t\t\t<div class=\"elementor-element elementor-element-94b2f7c elementor-widget elementor-widget-heading\" data-id=\"94b2f7c\" data-element_type=\"widget\" data-e-type=\"widget\" data-widget_type=\"heading.default\">\n\t\t\t\t<div class=\"elementor-widget-container\">\n\t\t\t\t\t<h2 class=\"elementor-heading-title elementor-size-default\">Samen goed doen<\/h2>\t\t\t\t<\/div>\n\t\t\t\t<\/div>\n\t\t\t\t<div class=\"elementor-element elementor-element-d661477 elementor-widget elementor-widget-heading\" data-id=\"d661477\" data-element_type=\"widget\" data-e-type=\"widget\" data-widget_type=\"heading.default\">\n\t\t\t\t<div class=\"elementor-widget-container\">\n\t\t\t\t\t<p class=\"elementor-heading-title elementor-size-default\">Wij netwerken met organisaties of regelen alles voor je. Ondersteun scholen of sociale projecten met je gedoneerde IT-hardware. Neem gewoon contact met ons op!<\/p>\t\t\t\t<\/div>\n\t\t\t\t<\/div>\n\t\t\t\t<div class=\"elementor-element elementor-element-d52d032 elementor-widget__width-auto elementor-widget elementor-widget-button\" data-id=\"d52d032\" data-element_type=\"widget\" data-e-type=\"widget\" data-widget_type=\"button.default\">\n\t\t\t\t<div class=\"elementor-widget-container\">\n\t\t\t\t\t\t\t\t\t<div class=\"elementor-button-wrapper\">\n\t\t\t\t\t<a class=\"elementor-button elementor-button-link elementor-size-sm\" href=\"https:\/\/www.second-it.de\/nl\/kontakt\/\">\n\t\t\t\t\t\t<span class=\"elementor-button-content-wrapper\">\n\t\t\t\t\t\t\t\t\t<span class=\"elementor-button-text\">Neem contact met ons op<\/span>\n\t\t\t\t\t<\/span>\n\t\t\t\t\t<\/a>\n\t\t\t\t<\/div>\n\t\t\t\t\t\t\t\t<\/div>\n\t\t\t\t<\/div>\n\t\t\t\t\t<\/div>\n\t\t\t\t<\/div>\n\t\t\t\t\t<\/div>\n\t\t\t\t<\/div>\n\t\t\t\t\t<\/div>\n\t\t\t\t<\/div>\n\t\t\t\t<\/div>\n\t\t\t\t<\/div>","protected":false},"excerpt":{"rendered":"<p>Weil wir an eine bessere Zukunft glauben. Soziales Engagement Sponsoring Nachhaltigkeit und soziale Gerechtigkeit pr\u00e4gen unser Handeln. Wir setzen auf umweltfreundliche IT-Produkte und verantwortungsvolle Dienstleistungen, um \u201eGreen-Working\u201c vor \u201eGreen-Washing\u201c zu stellen. Gleichzeitig engagieren wir uns f\u00fcr soziale Projekte, die benachteiligten Kindern, Erwachsenen und Tieren helfen. Der Schutz von Ressourcen und der Kampf gegen den Klimawandel [&hellip;]<\/p>\n","protected":false},"author":2,"featured_media":11455,"parent":0,"menu_order":5,"comment_status":"closed","ping_status":"closed","template":"elementor_header_footer","meta":{"_acf_changed":false,"footnotes":""},"class_list":["post-6682","page","type-page","status-publish","has-post-thumbnail","hentry"],"acf":[],"yoast_head":"<!-- This site is optimized with the Yoast SEO plugin v27.1.1 - https:\/\/yoast.com\/product\/yoast-seo-wordpress\/ -->\n<title>Sponsoring, Nachhaltigkeit &amp; Soziales Engagement bei Second IT<\/title>\n<meta name=\"description\" content=\"Second IT f\u00fcr nachhaltiges Sponsoring in Bildung, soziale Projekte &amp; Klimaschutz. Gemeinsam Gutes bewirken und eine bessere Zukunft schaffen. Jetzt informieren!\" \/>\n<meta name=\"robots\" content=\"index, follow, max-snippet:-1, max-image-preview:large, max-video-preview:-1\" \/>\n<link rel=\"canonical\" href=\"https:\/\/www.second-it.de\/nl\/sponsoring\/\" \/>\n<meta property=\"og:locale\" content=\"nl_NL\" \/>\n<meta property=\"og:type\" content=\"article\" \/>\n<meta property=\"og:title\" content=\"Sponsoring, Nachhaltigkeit &amp; Soziales Engagement bei Second IT\" \/>\n<meta property=\"og:description\" content=\"Second IT f\u00fcr nachhaltiges Sponsoring in Bildung, soziale Projekte &amp; Klimaschutz. Gemeinsam Gutes bewirken und eine bessere Zukunft schaffen. Jetzt informieren!\" \/>\n<meta property=\"og:url\" content=\"https:\/\/www.second-it.de\/nl\/sponsoring\/\" \/>\n<meta property=\"og:site_name\" content=\"Second IT Remarketing\" \/>\n<meta property=\"article:modified_time\" content=\"2026-01-09T10:21:13+00:00\" \/>\n<meta property=\"og:image\" content=\"https:\/\/www.second-it.de\/wp-content\/uploads\/2025\/01\/second-it-spende-unicef-zyklon-idai.jpg\" \/>\n\t<meta property=\"og:image:width\" content=\"1764\" \/>\n\t<meta property=\"og:image:height\" content=\"1703\" \/>\n\t<meta property=\"og:image:type\" content=\"image\/jpeg\" \/>\n<meta name=\"twitter:card\" content=\"summary_large_image\" \/>\n<meta name=\"twitter:label1\" content=\"Geschatte leestijd\" \/>\n\t<meta name=\"twitter:data1\" content=\"4 minuten\" \/>\n<script type=\"application\/ld+json\" class=\"yoast-schema-graph\">{\"@context\":\"https:\/\/schema.org\",\"@graph\":[{\"@type\":\"WebPage\",\"@id\":\"https:\/\/www.second-it.de\/sponsoring\/\",\"url\":\"https:\/\/www.second-it.de\/sponsoring\/\",\"name\":\"Sponsoring, Nachhaltigkeit & Soziales Engagement bei Second IT\",\"isPartOf\":{\"@id\":\"https:\/\/www.second-it.de\/#website\"},\"primaryImageOfPage\":{\"@id\":\"https:\/\/www.second-it.de\/sponsoring\/#primaryimage\"},\"image\":{\"@id\":\"https:\/\/www.second-it.de\/sponsoring\/#primaryimage\"},\"thumbnailUrl\":\"https:\/\/www.second-it.de\/wp-content\/uploads\/2025\/01\/second-it-spende-unicef-zyklon-idai.jpg\",\"datePublished\":\"2024-12-15T14:05:14+00:00\",\"dateModified\":\"2026-01-09T10:21:13+00:00\",\"description\":\"Second IT f\u00fcr nachhaltiges Sponsoring in Bildung, soziale Projekte & Klimaschutz. Gemeinsam Gutes bewirken und eine bessere Zukunft schaffen. Jetzt informieren!\",\"breadcrumb\":{\"@id\":\"https:\/\/www.second-it.de\/sponsoring\/#breadcrumb\"},\"inLanguage\":\"nl-NL\",\"potentialAction\":[{\"@type\":\"ReadAction\",\"target\":[\"https:\/\/www.second-it.de\/sponsoring\/\"]}]},{\"@type\":\"ImageObject\",\"inLanguage\":\"nl-NL\",\"@id\":\"https:\/\/www.second-it.de\/sponsoring\/#primaryimage\",\"url\":\"https:\/\/www.second-it.de\/wp-content\/uploads\/2025\/01\/second-it-spende-unicef-zyklon-idai.jpg\",\"contentUrl\":\"https:\/\/www.second-it.de\/wp-content\/uploads\/2025\/01\/second-it-spende-unicef-zyklon-idai.jpg\",\"width\":1764,\"height\":1703,\"caption\":\"Das Second IT Team aus Schw\u00e4bisch Hall f\u00f6rdert durch Spenden nachhaltige IT-Hardware Recycling-Projekte und \u00fcbernimmt soziale Verantwortung.\"},{\"@type\":\"BreadcrumbList\",\"@id\":\"https:\/\/www.second-it.de\/sponsoring\/#breadcrumb\",\"itemListElement\":[{\"@type\":\"ListItem\",\"position\":1,\"name\":\"Home\",\"item\":\"https:\/\/www.second-it.de\/\"},{\"@type\":\"ListItem\",\"position\":2,\"name\":\"Sponsoring\"}]},{\"@type\":\"WebSite\",\"@id\":\"https:\/\/www.second-it.de\/#website\",\"url\":\"https:\/\/www.second-it.de\/\",\"name\":\"www.second-it.de\",\"description\":\"IT-Ankauf, Refurbishing und DSGVO-konforme Datenl\u00f6schung.\",\"publisher\":{\"@id\":\"https:\/\/www.second-it.de\/#organization\"},\"potentialAction\":[{\"@type\":\"SearchAction\",\"target\":{\"@type\":\"EntryPoint\",\"urlTemplate\":\"https:\/\/www.second-it.de\/?s={search_term_string}\"},\"query-input\":{\"@type\":\"PropertyValueSpecification\",\"valueRequired\":true,\"valueName\":\"search_term_string\"}}],\"inLanguage\":\"nl-NL\"},{\"@type\":\"Organization\",\"@id\":\"https:\/\/www.second-it.de\/#organization\",\"name\":\"Second IT Store GmbH\",\"url\":\"https:\/\/www.second-it.de\/\",\"logo\":{\"@type\":\"ImageObject\",\"inLanguage\":\"nl-NL\",\"@id\":\"https:\/\/www.second-it.de\/#\/schema\/logo\/image\/\",\"url\":\"https:\/\/www.second-it.de\/wp-content\/uploads\/2024\/07\/secondit-logo.svg\",\"contentUrl\":\"https:\/\/www.second-it.de\/wp-content\/uploads\/2024\/07\/secondit-logo.svg\",\"width\":212,\"height\":24,\"caption\":\"Second IT Store GmbH\"},\"image\":{\"@id\":\"https:\/\/www.second-it.de\/#\/schema\/logo\/image\/\"}}]}<\/script>\n<!-- \/ Yoast SEO plugin. -->","yoast_head_json":{"title":"Sponsoring, duurzaamheid &amp; maatschappelijke betrokkenheid bij Second IT","description":"Second IT voor duurzame sponsoring in onderwijs, sociale projecten &amp; klimaatbescherming. Samen goed doen en een betere toekomst cre\u00ebren. Ontdek nu meer!","robots":{"index":"index","follow":"follow","max-snippet":"max-snippet:-1","max-image-preview":"max-image-preview:large","max-video-preview":"max-video-preview:-1"},"canonical":"https:\/\/www.second-it.de\/nl\/sponsoring\/","og_locale":"nl_NL","og_type":"article","og_title":"Sponsoring, Nachhaltigkeit & Soziales Engagement bei Second IT","og_description":"Second IT f\u00fcr nachhaltiges Sponsoring in Bildung, soziale Projekte & Klimaschutz. Gemeinsam Gutes bewirken und eine bessere Zukunft schaffen. Jetzt informieren!","og_url":"https:\/\/www.second-it.de\/nl\/sponsoring\/","og_site_name":"Second IT Remarketing","article_modified_time":"2026-01-09T10:21:13+00:00","og_image":[{"width":1764,"height":1703,"url":"https:\/\/www.second-it.de\/wp-content\/uploads\/2025\/01\/second-it-spende-unicef-zyklon-idai.jpg","type":"image\/jpeg"}],"twitter_card":"summary_large_image","twitter_misc":{"Geschatte leestijd":"4 minuten"},"schema":{"@context":"https:\/\/schema.org","@graph":[{"@type":"WebPage","@id":"https:\/\/www.second-it.de\/sponsoring\/","url":"https:\/\/www.second-it.de\/sponsoring\/","name":"Sponsoring, duurzaamheid &amp; maatschappelijke betrokkenheid bij Second IT","isPartOf":{"@id":"https:\/\/www.second-it.de\/#website"},"primaryImageOfPage":{"@id":"https:\/\/www.second-it.de\/sponsoring\/#primaryimage"},"image":{"@id":"https:\/\/www.second-it.de\/sponsoring\/#primaryimage"},"thumbnailUrl":"https:\/\/www.second-it.de\/wp-content\/uploads\/2025\/01\/second-it-spende-unicef-zyklon-idai.jpg","datePublished":"2024-12-15T14:05:14+00:00","dateModified":"2026-01-09T10:21:13+00:00","description":"Second IT voor duurzame sponsoring in onderwijs, sociale projecten &amp; klimaatbescherming. Samen goed doen en een betere toekomst cre\u00ebren. Ontdek nu meer!","breadcrumb":{"@id":"https:\/\/www.second-it.de\/sponsoring\/#breadcrumb"},"inLanguage":"nl-NL","potentialAction":[{"@type":"ReadAction","target":["https:\/\/www.second-it.de\/sponsoring\/"]}]},{"@type":"ImageObject","inLanguage":"nl-NL","@id":"https:\/\/www.second-it.de\/sponsoring\/#primaryimage","url":"https:\/\/www.second-it.de\/wp-content\/uploads\/2025\/01\/second-it-spende-unicef-zyklon-idai.jpg","contentUrl":"https:\/\/www.second-it.de\/wp-content\/uploads\/2025\/01\/second-it-spende-unicef-zyklon-idai.jpg","width":1764,"height":1703,"caption":"Das Second IT Team aus Schw\u00e4bisch Hall f\u00f6rdert durch Spenden nachhaltige IT-Hardware Recycling-Projekte und \u00fcbernimmt soziale Verantwortung."},{"@type":"BreadcrumbList","@id":"https:\/\/www.second-it.de\/sponsoring\/#breadcrumb","itemListElement":[{"@type":"ListItem","position":1,"name":"Home","item":"https:\/\/www.second-it.de\/"},{"@type":"ListItem","position":2,"name":"Sponsoring"}]},{"@type":"WebSite","@id":"https:\/\/www.second-it.de\/#website","url":"https:\/\/www.second-it.de\/","name":"www.second-it.de","description":"IT-aankopen, opknappen en GDPR-conform wissen van gegevens.","publisher":{"@id":"https:\/\/www.second-it.de\/#organization"},"potentialAction":[{"@type":"SearchAction","target":{"@type":"EntryPoint","urlTemplate":"https:\/\/www.second-it.de\/?s={search_term_string}"},"query-input":{"@type":"PropertyValueSpecification","valueRequired":true,"valueName":"search_term_string"}}],"inLanguage":"nl-NL"},{"@type":"Organization","@id":"https:\/\/www.second-it.de\/#organization","name":"Second IT Store GmbH","url":"https:\/\/www.second-it.de\/","logo":{"@type":"ImageObject","inLanguage":"nl-NL","@id":"https:\/\/www.second-it.de\/#\/schema\/logo\/image\/","url":"https:\/\/www.second-it.de\/wp-content\/uploads\/2024\/07\/secondit-logo.svg","contentUrl":"https:\/\/www.second-it.de\/wp-content\/uploads\/2024\/07\/secondit-logo.svg","width":212,"height":24,"caption":"Second IT Store GmbH"},"image":{"@id":"https:\/\/www.second-it.de\/#\/schema\/logo\/image\/"}}]}},"jetpack_sharing_enabled":true,"_links":{"self":[{"href":"https:\/\/www.second-it.de\/nl\/wp-json\/wp\/v2\/pages\/6682","targetHints":{"allow":["GET"]}}],"collection":[{"href":"https:\/\/www.second-it.de\/nl\/wp-json\/wp\/v2\/pages"}],"about":[{"href":"https:\/\/www.second-it.de\/nl\/wp-json\/wp\/v2\/types\/page"}],"author":[{"embeddable":true,"href":"https:\/\/www.second-it.de\/nl\/wp-json\/wp\/v2\/users\/2"}],"replies":[{"embeddable":true,"href":"https:\/\/www.second-it.de\/nl\/wp-json\/wp\/v2\/comments?post=6682"}],"version-history":[{"count":36,"href":"https:\/\/www.second-it.de\/nl\/wp-json\/wp\/v2\/pages\/6682\/revisions"}],"predecessor-version":[{"id":12813,"href":"https:\/\/www.second-it.de\/nl\/wp-json\/wp\/v2\/pages\/6682\/revisions\/12813"}],"wp:featuredmedia":[{"embeddable":true,"href":"https:\/\/www.second-it.de\/nl\/wp-json\/wp\/v2\/media\/11455"}],"wp:attachment":[{"href":"https:\/\/www.second-it.de\/nl\/wp-json\/wp\/v2\/media?parent=6682"}],"curies":[{"name":"wp","href":"https:\/\/api.w.org\/{rel}","templated":true}]}}