{"id":5715,"date":"2024-12-07T14:32:24","date_gmt":"2024-12-07T14:32:24","guid":{"rendered":"https:\/\/second-it.de\/?page_id=5715"},"modified":"2026-01-19T17:02:54","modified_gmt":"2026-01-19T16:02:54","slug":"protection-des-donnees","status":"publish","type":"page","link":"https:\/\/www.second-it.de\/fr\/datenschutz\/","title":{"rendered":"Protection des donn\u00e9es"},"content":{"rendered":"<div data-elementor-type=\"wp-page\" data-elementor-id=\"5715\" class=\"elementor elementor-5715\" data-elementor-post-type=\"page\">\n\t\t\t\t<div class=\"elementor-element elementor-element-3a1124e e-con-full e-flex e-con e-parent\" data-id=\"3a1124e\" data-element_type=\"container\" data-e-type=\"container\">\n\t\t<div class=\"elementor-element elementor-element-73960c0 banner_text_wraper e-flex e-con-boxed e-con e-child\" data-id=\"73960c0\" data-element_type=\"container\" data-e-type=\"container\" data-settings=\"{&quot;background_background&quot;:&quot;classic&quot;}\">\n\t\t\t\t\t<div class=\"e-con-inner\">\n\t\t<div class=\"elementor-element elementor-element-00d7949 e-con-full e-flex e-con e-child\" data-id=\"00d7949\" data-element_type=\"container\" data-e-type=\"container\">\n\t\t\t\t<div class=\"elementor-element elementor-element-aae4e5b banne_image elementor-widget elementor-widget-image\" data-id=\"aae4e5b\" data-element_type=\"widget\" data-e-type=\"widget\" data-widget_type=\"image.default\">\n\t\t\t\t<div class=\"elementor-widget-container\">\n\t\t\t\t\t\t\t\t\t\t\t\t\t\t\t<img fetchpriority=\"high\" decoding=\"async\" width=\"1427\" height=\"800\" src=\"https:\/\/www.second-it.de\/wp-content\/uploads\/2024\/12\/hardware-aufbereitung-it-assets-server-recycling-second-it-kreislaufwirtschaft-ressourcen.jpg\" class=\"attachment-full size-full wp-image-5161\" alt=\"Mat\u00e9riel informatique de Second IT dans un centre de donn\u00e9es moderne, sp\u00e9cialis\u00e9 dans la r\u00e9cup\u00e9ration informatique, le recyclage de mat\u00e9riel informatique, l&#039;achat de mat\u00e9riel informatique et l&#039;effacement de donn\u00e9es conforme \u00e0 la norme BSI pour des solutions informatiques durables.\" srcset=\"https:\/\/www.second-it.de\/wp-content\/uploads\/2024\/12\/hardware-aufbereitung-it-assets-server-recycling-second-it-kreislaufwirtschaft-ressourcen.jpg 1427w, https:\/\/www.second-it.de\/wp-content\/uploads\/2024\/12\/hardware-aufbereitung-it-assets-server-recycling-second-it-kreislaufwirtschaft-ressourcen-300x168.jpg 300w, https:\/\/www.second-it.de\/wp-content\/uploads\/2024\/12\/hardware-aufbereitung-it-assets-server-recycling-second-it-kreislaufwirtschaft-ressourcen-1024x574.jpg 1024w, https:\/\/www.second-it.de\/wp-content\/uploads\/2024\/12\/hardware-aufbereitung-it-assets-server-recycling-second-it-kreislaufwirtschaft-ressourcen-768x431.jpg 768w\" sizes=\"(max-width: 1427px) 100vw, 1427px\" \/>\t\t\t\t\t\t\t\t\t\t\t\t\t\t\t<\/div>\n\t\t\t\t<\/div>\n\t\t\t\t<\/div>\n\t\t<div class=\"elementor-element elementor-element-b32c603 banner_text e-flex e-con-boxed e-con e-child\" data-id=\"b32c603\" data-element_type=\"container\" data-e-type=\"container\">\n\t\t\t\t\t<div class=\"e-con-inner\">\n\t\t<div class=\"elementor-element elementor-element-d451179 e-flex e-con-boxed e-con e-child\" data-id=\"d451179\" data-element_type=\"container\" data-e-type=\"container\">\n\t\t\t\t\t<div class=\"e-con-inner\">\n\t\t\t\t<div class=\"elementor-element elementor-element-21f4f48 elementor-widget elementor-widget-heading\" data-id=\"21f4f48\" data-element_type=\"widget\" data-e-type=\"widget\" data-widget_type=\"heading.default\">\n\t\t\t\t<div class=\"elementor-widget-container\">\n\t\t\t\t\t<h4 class=\"elementor-heading-title elementor-size-default\">D\u00e9claration de confidentialit\u00e9.<\/h4>\t\t\t\t<\/div>\n\t\t\t\t<\/div>\n\t\t\t\t<div class=\"elementor-element elementor-element-f7bc9a0 elementor-widget__width-initial elementor-widget elementor-widget-heading\" data-id=\"f7bc9a0\" data-element_type=\"widget\" data-e-type=\"widget\" data-widget_type=\"heading.default\">\n\t\t\t\t<div class=\"elementor-widget-container\">\n\t\t\t\t\t<h1 class=\"elementor-heading-title elementor-size-default\">protection des donn\u00e9es<\/h1>\t\t\t\t<\/div>\n\t\t\t\t<\/div>\n\t\t\t\t\t<\/div>\n\t\t\t\t<\/div>\n\t\t\t\t\t<\/div>\n\t\t\t\t<\/div>\n\t\t\t\t\t<\/div>\n\t\t\t\t<\/div>\n\t\t\t\t<\/div>\n\t\t<div class=\"elementor-element elementor-element-13aa545 e-flex e-con-boxed e-con e-parent\" data-id=\"13aa545\" data-element_type=\"container\" data-e-type=\"container\">\n\t\t\t\t\t<div class=\"e-con-inner\">\n\t\t<div class=\"elementor-element elementor-element-6eeee0b e-con-full e-flex e-con e-child\" data-id=\"6eeee0b\" data-element_type=\"container\" data-e-type=\"container\">\n\t\t\t\t<div class=\"elementor-element elementor-element-0b61c6c section_heading  elementor-widget elementor-widget-heading\" data-id=\"0b61c6c\" data-element_type=\"widget\" data-e-type=\"widget\" data-widget_type=\"heading.default\">\n\t\t\t\t<div class=\"elementor-widget-container\">\n\t\t\t\t\t<h2 class=\"elementor-heading-title elementor-size-default\">D\u00c9CLARATION DE PROTECTION DES DONN\u00c9ES<\/h2>\t\t\t\t<\/div>\n\t\t\t\t<\/div>\n\t\t\t\t<div class=\"elementor-element elementor-element-e78b130 elementor-widget elementor-widget-heading\" data-id=\"e78b130\" data-element_type=\"widget\" data-e-type=\"widget\" data-widget_type=\"heading.default\">\n\t\t\t\t<div class=\"elementor-widget-container\">\n\t\t\t\t\t<h2 class=\"elementor-heading-title elementor-size-default\">Nous nous r\u00e9jouissons de votre visite sur notre site web. La protection de vos donn\u00e9es personnelles est pour nous une pr\u00e9occupation majeure et nous souhaitons que vous vous sentiez en s\u00e9curit\u00e9 lorsque vous visitez notre site.\n\nNous prot\u00e9geons votre vie priv\u00e9e et vos donn\u00e9es personnelles.\nNous traitons vos donn\u00e9es personnelles conform\u00e9ment au contenu de la pr\u00e9sente d\u00e9claration de protection des donn\u00e9es, aux dispositions nationales sp\u00e9cifiques \u00e0 la protection des donn\u00e9es qui nous concernent et au r\u00e8glement g\u00e9n\u00e9ral sur la protection des donn\u00e9es (RGPD).<\/h2>\t\t\t\t<\/div>\n\t\t\t\t<\/div>\n\t\t\t\t<\/div>\n\t\t<div class=\"elementor-element elementor-element-a7cd2a6 e-flex e-con-boxed e-con e-child\" data-id=\"a7cd2a6\" data-element_type=\"container\" data-e-type=\"container\">\n\t\t\t\t\t<div class=\"e-con-inner\">\n\t\t\t\t<div class=\"elementor-element elementor-element-628e903 elementor-widget elementor-widget-ucaddon_faq_icon_accordion\" data-id=\"628e903\" data-element_type=\"widget\" data-e-type=\"widget\" data-widget_type=\"ucaddon_faq_icon_accordion.default\">\n\t\t\t\t<div class=\"elementor-widget-container\">\n\t\t\t\t\t\n<!-- start FAQ Icon Accordion -->\n\t\t<link id='font-awesome-css' href='https:\/\/www.second-it.de\/wp-content\/plugins\/unlimited-elements-for-elementor-premium\/assets_libraries\/font-awesome6\/fontawesome-all.min.css' type='text\/css' rel='stylesheet' >\n\t\t<link id='font-awesome-4-shim-css' href='https:\/\/www.second-it.de\/wp-content\/plugins\/unlimited-elements-for-elementor-premium\/assets_libraries\/font-awesome6\/fontawesome-v4-shims.min.css' type='text\/css' rel='stylesheet' >\n\n<style>\/* widget: FAQ Icon Accordion *\/\n\n#uc_faq_icon_accordion_elementor_628e903 *{\n\tbox-sizing: border-box;\n}\n#uc_faq_icon_accordion_elementor_628e903 .uc_container .uc-heading\n{\n\tcursor:pointer;\n    display:flex;\n    align-items:center;\n    transition:0.3s;\n}\n#uc_faq_icon_accordion_elementor_628e903 .uc_container .uc-heading span.bbb\n{\n\tdisplay:block;\n\t\n}\n#uc_faq_icon_accordion_elementor_628e903 .uc_ac_box.uc-item-active span.uc_dactive\n{\n\tdisplay:none;\n}\n#uc_faq_icon_accordion_elementor_628e903 .uc_ac_box:not(.uc-item-active) span.uc_active\n{\n\tdisplay:none;\n}\n\n#uc_faq_icon_accordion_elementor_628e903 .ue_icon_holder,\n#uc_faq_icon_accordion_elementor_628e903 .ue_icon_spacing\n{\n  flex-grow:0;\n  flex-shrink:0; \n}\n#uc_faq_icon_accordion_elementor_628e903 .uc_content{\n\tdisplay: none;\n}\n#uc_faq_icon_accordion_elementor_628e903 .uc_content .uc_content_wraper{\n\tdisplay: flex;\n}\n\n#uc_faq_icon_accordion_elementor_628e903 .ue_icon_q,#uc_faq_icon_accordion_elementor_628e903 .ue_icon_a\n{\n  display:flex;\n  justify-content:center;\n  align-items:center;\n  line-height:1em;\n  transition:0.3s;\n}\n\n\n#uc_faq_icon_accordion_elementor_628e903 .ue_expand_inside\n{\n  display:flex;\n  justify-content:center;\n  align-items:center;\n  line-height:1em;\n}\n\n#uc_faq_icon_accordion_elementor_628e903 .ue_expand_inside svg\n{\n  height:1em;\n  width:1em;\n}\n\n#uc_faq_icon_accordion_elementor_628e903 .ue_expand,\n#uc_faq_icon_accordion_elementor_628e903 .ue_expand_spacing\n{\n  flex-grow:0;\n  flex-shrink:0;\n}\n\n#uc_faq_icon_accordion_elementor_628e903 .ue_title\n{\n  flex-grow:1;\n  margin: 0;\n}\n\n#uc_faq_icon_accordion_elementor_628e903 .uc_ac_box:last-child\n{\n  margin-bottom:0px;\n}\n\n#uc_faq_icon_accordion_elementor_628e903 .uc_ac_box\n{\n  overflow:hidden;\n  transition:0.3s;\n}\n#uc_faq_icon_accordion_elementor_628e903_item1 .ue_icon\n{\n  background-color:;\n}\n\n#uc_faq_icon_accordion_elementor_628e903_item1 .uc-heading\n{\n  background-color:;\n}\n#uc_faq_icon_accordion_elementor_628e903_item2 .ue_icon\n{\n  background-color:;\n}\n\n#uc_faq_icon_accordion_elementor_628e903_item2 .uc-heading\n{\n  background-color:;\n}\n#uc_faq_icon_accordion_elementor_628e903_item3 .ue_icon\n{\n  background-color:;\n}\n\n#uc_faq_icon_accordion_elementor_628e903_item3 .uc-heading\n{\n  background-color:;\n}\n#uc_faq_icon_accordion_elementor_628e903_item4 .ue_icon\n{\n  background-color:;\n}\n\n#uc_faq_icon_accordion_elementor_628e903_item4 .uc-heading\n{\n  background-color:;\n}\n#uc_faq_icon_accordion_elementor_628e903_item5 .ue_icon\n{\n  background-color:;\n}\n\n#uc_faq_icon_accordion_elementor_628e903_item5 .uc-heading\n{\n  background-color:;\n}\n#uc_faq_icon_accordion_elementor_628e903_item6 .ue_icon\n{\n  background-color:;\n}\n\n#uc_faq_icon_accordion_elementor_628e903_item6 .uc-heading\n{\n  background-color:;\n}\n#uc_faq_icon_accordion_elementor_628e903_item7 .ue_icon\n{\n  background-color:;\n}\n\n#uc_faq_icon_accordion_elementor_628e903_item7 .uc-heading\n{\n  background-color:;\n}\n#uc_faq_icon_accordion_elementor_628e903_item8 .ue_icon\n{\n  background-color:;\n}\n\n#uc_faq_icon_accordion_elementor_628e903_item8 .uc-heading\n{\n  background-color:;\n}\n\n\n<\/style>\n\n<div class=\"uc_material_accordion\" id=\"uc_faq_icon_accordion_elementor_628e903\" data-name=\"\" data-closeothers=\"true\" >\n    \t<div class=\"uc_container\">\n            \n\t\t\n<div id=\"uc_faq_icon_accordion_elementor_628e903_item1\" class=\"uc_ac_box uc-item-active elementor-repeater-item-7627176\">\n  <div class=\"uc-heading uc_trigger\">\n    \n        <div class=\"ue_icon_holder\">\n      <div class=\"ue_icon_q\">1<\/div>\n    <\/div>\n    \n        \n    <h3 class=\"ue_title\"> D\u00e9claration de confidentialit\u00e9 pour les visiteurs du site web<\/h3>\n    \n    \n        \n    <div class=\"ue_expand\">\n      <div class=\"ue_expand_inside\">\n      <span class=\"uc_dactive bbb ue_accordion_icon\" ><i class='secondit secondit-angle-down'><\/i><\/span>\n      <span class=\"uc_active bbb ue_accordion_icon\"><i class='secondit secondit-angle-up'><\/i><\/span>\n      <\/div>\n    <\/div>\n        \n  <\/div>\n  <!-- end of heading -->\n  \n  \n  <div class=\"uc_content\" style='display:block'>\n        <div class=\"uc_content_wraper\">    \t\n      <h2><strong>A. INFORMATIONS DE BASE SELON LES ART. 13 \/ 14 RGPD<\/strong><\/h2><h3>1. RESPONSABILIT\u00c9 DU TRAITEMENT DES DONN\u00c9ES<\/h3><p>Second IT Store GmbH<br \/>Steinbeisweg 1<br \/>74523 Schw\u00e4bisch Hall<br \/>T\u00e9l : 0791 954 000 0<br \/>Courrier \u00e9lectronique :\u00a0<a href=\"mailto:info@second-it.de\">info@second-it.de<\/a><\/p><h3>2. INTERLOCUTEUR PROTECTION DES DONN\u00c9ES<\/h3><p>Second IT Store GmbH<br \/>Michael Schatzinger<br \/>Steinbeisweg 1<br \/>74523 Schw\u00e4bisch Hall<br \/>Courrier \u00e9lectronique :\u00a0<a href=\"mailto:datenschutz@second-it.de\">datenschutz@second-it.de<\/a><\/p><h3>3. AUTORIT\u00c9 DE SURVEILLANCE<\/h3><p>Si vous estimez que le traitement de vos donn\u00e9es personnelles par Second IT Store GmbH n'est pas conforme \u00e0 la loi, vous pouvez adresser votre plainte \u00e0 l'autorit\u00e9 de surveillance de la protection des donn\u00e9es. L'autorit\u00e9 de surveillance comp\u00e9tente conform\u00e9ment \u00e0 l'article 55 du RGPD est :<\/p><p>Commissaire \u00e0 la protection des donn\u00e9es et \u00e0 la libert\u00e9 d'information du Land de Bade-Wurtemberg<\/p><p>adresse du domicile : <span data-olk-copy-source=\"MessageBody\">Heilbronner Stra\u00dfe 35, 70191 Stuttgart<\/span><br \/>Adresse postale : Postfach 10 29 32, 70025 Stuttgart<br \/>T\u00e9l : 0711 615 541 0<br \/>T\u00e9l\u00e9copieur : 0711 615 541 15<br \/>Courrier \u00e9lectronique :\u00a0<a href=\"mailto:poststelle@lfdi.bwl.de\">poststelle@lfdi.bwl.de<\/a><\/p><h3>4. VOS DROITS<\/h3><p>Conform\u00e9ment aux dispositions l\u00e9gales, vous avez le droit, en tant que personne concern\u00e9e, d'obtenir \u00e0 tout moment et gratuitement des informations sur vos donn\u00e9es personnelles enregistr\u00e9es par Second IT Store GmbH.<\/p><p>En outre, vous pouvez faire valoir \u00e0 tout moment votre droit de rectification, d'effacement ou de limitation du traitement ou votre droit d'opposition aupr\u00e8s de Second IT Store GmbH. Cela vaut \u00e9galement pour le droit \u00e0 la portabilit\u00e9 des donn\u00e9es.<\/p><p>Si vous nous avez fourni vos donn\u00e9es personnelles sur la base d'un consentement volontaire, vous pouvez \u00e0 tout moment r\u00e9voquer votre consentement pour l'avenir.<\/p><h2><strong>B. FINALIT\u00c9S ET \u00c9TENDUE DU TRAITEMENT DES DONN\u00c9ES<\/strong><\/h2><h3>1. PR\u00c9SENCE SUR INTERNET<\/h3><p><strong>Traitement des donn\u00e9es de communication<\/strong><\/p><p>Chaque fois qu'un utilisateur acc\u00e8de \u00e0 une page de Second IT Store GmbH, les donn\u00e9es d'acc\u00e8s relatives \u00e0 cette op\u00e9ration sont enregistr\u00e9es dans un fichier journal sur notre serveur.<\/p><p>Chaque ensemble de donn\u00e9es se compose de :<\/p><ul><li>Adresse IP<\/li><li>Date et heure<\/li><li>page consult\u00e9e\/nom du fichier consult\u00e9<\/li><li>quantit\u00e9 de donn\u00e9es transmises<\/li><li>Message indiquant si l'acc\u00e8s\/la r\u00e9cup\u00e9ration a \u00e9t\u00e9 effectu\u00e9(e) avec succ\u00e8s<\/li><li>navigateur, y compris la version et le syst\u00e8me d'exploitation<\/li><li>En cas d'erreur, le message d'erreur est enregistr\u00e9<\/li><\/ul><p>Nous enregistrons les adresses IP dans des fichiers journaux du serveur pendant une p\u00e9riode de 12 semaines. Ce stockage est effectu\u00e9 pour des raisons de s\u00e9curit\u00e9 des donn\u00e9es, afin de garantir la stabilit\u00e9 et la s\u00e9curit\u00e9 de fonctionnement de notre site Internet. La base juridique pour cela est l'article 6, paragraphe 1, point c du RGPD.<\/p><p><strong>Destinataire des donn\u00e9es<\/strong><\/p><p>En principe, nous ne transmettons pas vos donn\u00e9es \u00e0 des tiers, \u00e0 moins que vous n'y ayez consenti. Pour l'h\u00e9bergement et la maintenance de notre site web, nous sommes toutefois tributaires de l'intervention de prestataires de services que nous obligeons \u00e0 respecter les dispositions l\u00e9gales par le biais d'un contrat de traitement des commandes conform\u00e9ment \u00e0 l'article 28 du RGPD.<\/p><p><strong>Cookies &amp; Suivi<\/strong><\/p><p>Sur notre site Internet, nous utilisons uniquement un outil d'analyse non soumis \u00e0 autorisation du fournisseur MATOMO. Cet outil est exploit\u00e9 de mani\u00e8re \u00e0 \u00e9conomiser au maximum les donn\u00e9es. Vous trouverez de plus amples informations sur l'outil de suivi utilis\u00e9 sous\u00a0<a href=\"https:\/\/matomo.org\/gdpr\/\">https:\/\/matomo.org\/gdpr\/<\/a>.<\/p><h3>2. PROC\u00c9DURE DE CANDIDATURE \/ DONN\u00c9ES RELATIVES \u00c0 L'EMPLOI<\/h3><p><b>Comment Second IT Store GmbH traite-t-elle les donn\u00e9es des employ\u00e9s\/candidats ?<\/b><\/p><p>Vos donn\u00e9es personnelles sont en principe collect\u00e9es directement aupr\u00e8s de vous - par exemple dans le cadre du processus de candidature - sur la base de l'article 26, paragraphe 1, de la loi f\u00e9d\u00e9rale sur la protection des donn\u00e9es (BDSG) (nouveau).<\/p><p>En outre, il se peut que nous ayons re\u00e7u des donn\u00e9es de tiers (par exemple des bourses d'emploi comme Indeed, Stepstone, etc. ou des agences de placement).<\/p><p>Les cat\u00e9gories de donn\u00e9es \u00e0 caract\u00e8re personnel trait\u00e9es concernant les employ\u00e9s\/candidats comprennent notamment leurs donn\u00e9es de base telles que (pr\u00e9nom, nom de famille, compl\u00e9ments du nom, nationalit\u00e9, num\u00e9ro personnel), leurs donn\u00e9es de contact (adresse priv\u00e9e, num\u00e9ro de t\u00e9l\u00e9phone (portable), adresse \u00e9lectronique) ainsi que les donn\u00e9es relatives \u00e0 l'ensemble de la proc\u00e9dure de candidature (lettre de motivation, CV, certificats (de travail), justificatifs de qualification).<\/p><p>Si, dans votre lettre de candidature ou au cours de la proc\u00e9dure de candidature, vous avez \u00e9galement communiqu\u00e9 volontairement des cat\u00e9gories particuli\u00e8res de donn\u00e9es \u00e0 caract\u00e8re personnel (donn\u00e9es relatives \u00e0 la sant\u00e9, \u00e0 l'appartenance religieuse, au degr\u00e9 de handicap), le traitement de ces donn\u00e9es n'aura lieu que si vous y avez consenti.<\/p><p>La soci\u00e9t\u00e9 Second IT Store GmbH traite les donn\u00e9es personnelles des employ\u00e9s et des candidats sur la base et dans le respect du r\u00e8glement g\u00e9n\u00e9ral sur la protection des donn\u00e9es (RGPD), de la loi f\u00e9d\u00e9rale sur la protection des donn\u00e9es (BDSG) ainsi que de toutes les autres dispositions applicables en droit du travail allemand (par ex. SGB, AGG, BetrVG, etc.).<\/p><p>Le traitement de vos donn\u00e9es personnelles dans le cadre du processus de candidature sert en premier lieu \u00e0 l'ex\u00e9cution de la proc\u00e9dure de candidature, en particulier \u00e0 la d\u00e9termination de l'ad\u00e9quation au poste propos\u00e9.<\/p><p>Le traitement de vos donn\u00e9es de candidature est n\u00e9cessaire pour d\u00e9cider de l'\u00e9tablissement d'une relation de travail. La base juridique est l'art. 88 du RGPD en relation avec le \u00a7 26 BDS. \u00a7 26 al. 1 BDSG.<\/p><p><b>Qui re\u00e7oit vos donn\u00e9es ?<\/b><\/p><p>Au sein de Second IT Store GmbH, seules les personnes qui ont besoin de conna\u00eetre vos donn\u00e9es personnelles pour d\u00e9cider de votre embauche et pour remplir nos obligations l\u00e9gales et contractuelles en ont connaissance.<\/p><p>Par d\u00e9rogation \u00e0 cette r\u00e8gle, nous ne transmettons vos donn\u00e9es personnelles que si nous y sommes contraints par la loi (par exemple aux autorit\u00e9s d'enqu\u00eate).<\/p><p><b>Combien de temps Second IT Store GmbH conserve-t-elle vos donn\u00e9es ?<\/b><\/p><p>Les donn\u00e9es personnelles des candidats transmises \u00e0 Second IT Store GmbH sont supprim\u00e9es d\u00e8s qu'elles ne sont plus n\u00e9cessaires aux fins susmentionn\u00e9es, au plus tard apr\u00e8s 6 mois (si la d\u00e9cision a \u00e9t\u00e9 prise de ne pas conclure de relation de travail).<\/p><p>Cela ne s'applique pas si vous avez consenti \u00e0 une dur\u00e9e de stockage plus longue, si le stockage est n\u00e9cessaire \u00e0 des fins de preuve ou si des dispositions l\u00e9gales s'opposent \u00e0 une suppression. Par exemple, nous conservons vos donn\u00e9es de candidature aussi longtemps qu'il est possible que vous fassiez valoir des droits juridiques \u00e0 l'encontre de Second IT Store GmbH, par exemple pour violation de la loi g\u00e9n\u00e9rale sur l'\u00e9galit\u00e9 de traitement (AGG).<\/p><p>Si votre candidature aboutit \u00e0 la cr\u00e9ation d'une relation d'emploi, vos donn\u00e9es continueront \u00e0 \u00eatre enregistr\u00e9es et utilis\u00e9es \u00e0 des fins de processus administratifs et organisationnels habituels et pour l'ex\u00e9cution de la relation d'emploi, dans le respect des dispositions l\u00e9gales en vigueur.<\/p><p><b>Quels sont les droits que vous pouvez faire valoir en tant que personne concern\u00e9e ?<\/b><\/p><p>Les candidats et les employ\u00e9s ont - comme toutes les autres personnes concern\u00e9es - le :<\/p><ul><li>Droit d'acc\u00e8s conform\u00e9ment \u00e0 l'article 15 du RGPD<\/li><li>Droit de rectification conform\u00e9ment \u00e0 l'article 16 du RGPD<\/li><li>Droit \u00e0 l'effacement (\"droit \u00e0 l'oubli\") conform\u00e9ment \u00e0 l'article 17 du RGPD<\/li><li>Droit \u00e0 la limitation du traitement conform\u00e9ment \u00e0 l'article 18 du RGPD<\/li><li>Droit \u00e0 la portabilit\u00e9 des donn\u00e9es conform\u00e9ment \u00e0 l'article 20 du RGPD<\/li><li>Droit d'opposition conform\u00e9ment \u00e0 l'article 21 du RGPD<\/li><\/ul><p>Pour plus de d\u00e9tails, veuillez consulter la section A, point 4, de la pr\u00e9sente d\u00e9claration.<\/p><p>En outre, vous avez le droit de d\u00e9poser une plainte aupr\u00e8s du d\u00e9l\u00e9gu\u00e9 \u00e0 la protection des donn\u00e9es susmentionn\u00e9 (voir section A, point 2) ou aupr\u00e8s d'une autorit\u00e9 de contr\u00f4le de la protection des donn\u00e9es (voir section A, point 3).<\/p><h3>3. OFFRES DE TIERS<\/h3><p><strong>(Plugins et outils)<\/strong><\/p><p>Nous n'avons aucune influence sur la conception des services int\u00e9gr\u00e9s en mati\u00e8re de protection des donn\u00e9es.<\/p><p>Cela vaut \u00e9galement pour les liens externes figurant sur notre page d'accueil.<\/p><p><strong>Google Maps<\/strong><\/p><p>Ce site utilise le service de cartographie Google Maps via une API. Le fournisseur est Google Inc., 1600 Amphitheatre Parkway, Mountain View, CA 94043, USA.<\/p><p>Pour utiliser les fonctions de Google Maps, il est n\u00e9cessaire d'enregistrer votre adresse IP. Cette information est g\u00e9n\u00e9ralement transmise \u00e0 un serveur de Google aux \u00c9tats-Unis et y est enregistr\u00e9e. Le fournisseur de ce site n'a aucune influence sur cette transmission de donn\u00e9es. L'utilisation de Google Maps a lieu dans l'int\u00e9r\u00eat d'une pr\u00e9sentation attrayante de nos offres en ligne et d'un rep\u00e9rage facile des lieux que nous avons indiqu\u00e9s sur le site. Cela constitue un int\u00e9r\u00eat l\u00e9gitime au sens de l'article 6, paragraphe 1, point f) du RGPD.<\/p><p>Vous trouverez plus d'informations sur le traitement des donn\u00e9es des utilisateurs dans la d\u00e9claration de confidentialit\u00e9 de Google :\u00a0<a href=\"https:\/\/www.google.de\/intl\/de\/policies\/privacy\/\" target=\"_blank\" rel=\"noopener\">https:\/\/www.google.de\/intl\/de\/policies\/privacy\/<\/a>.<\/p><p>Version de la d\u00e9claration de protection des donn\u00e9es : 01.10.2022<\/p>\n    <\/div>\n     \n    \n     \n    \n  <\/div>\n<\/div>\n\n\n<div id=\"uc_faq_icon_accordion_elementor_628e903_item2\" class=\"uc_ac_box  elementor-repeater-item-98f1d3f\">\n  <div class=\"uc-heading uc_trigger\">\n    \n        <div class=\"ue_icon_holder\">\n      <div class=\"ue_icon_q\">2<\/div>\n    <\/div>\n    \n        \n    <h3 class=\"ue_title\">D\u00e9claration de confidentialit\u00e9 pour les candidats et les employ\u00e9s<\/h3>\n    \n    \n        \n    <div class=\"ue_expand\">\n      <div class=\"ue_expand_inside\">\n      <span class=\"uc_dactive bbb ue_accordion_icon\" ><i class='secondit secondit-angle-down'><\/i><\/span>\n      <span class=\"uc_active bbb ue_accordion_icon\"><i class='secondit secondit-angle-up'><\/i><\/span>\n      <\/div>\n    <\/div>\n        \n  <\/div>\n  <!-- end of heading -->\n  \n  \n  <div class=\"uc_content\" >\n        <div class=\"uc_content_wraper\">    \t\n      <p>Chers candidats, chers collaborateurs,<\/p><p>Par la pr\u00e9sente, nous nous acquittons de notre devoir d'information en mati\u00e8re de protection des donn\u00e9es et souhaitons vous informer de mani\u00e8re transparente sur le traitement de vos donn\u00e9es personnelles.<\/p><h3>1. responsabilit\u00e9 du traitement des donn\u00e9es<\/h3><p>La soci\u00e9t\u00e9 Second IT Store GmbH est responsable de la collecte et du traitement de vos donn\u00e9es personnelles et, par cons\u00e9quent, du respect des dispositions l\u00e9gales en mati\u00e8re de protection des donn\u00e9es.<\/p><p>Nos coordonn\u00e9es sont les suivantes :<br \/>Second IT Store GmbH<br \/>Steinbeisweg 1<br \/>74523 Schw\u00e4bisch Hall<br \/>T\u00e9l : 0791 954 000 0<br \/>Courrier \u00e9lectronique :\u00a0<a href=\"mailto:info@second-it.de\">info@second-it.de<\/a><\/p><h3>2. personne de contact pour la protection des donn\u00e9es<\/h3><p>En cas de besoin, vous pouvez contacter notre d\u00e9l\u00e9gu\u00e9 \u00e0 la protection des donn\u00e9es officiellement d\u00e9sign\u00e9 en utilisant les coordonn\u00e9es ci-dessous :<\/p><p>Second IT Store GmbH<br \/>Michael Schatzinger<br \/>Steinbeisweg 1<br \/>74523 Schw\u00e4bisch Hall<br \/>Courrier \u00e9lectronique :\u00a0<a href=\"mailto:datenschutz@second-it.de\">datenschutz@second-it.de<\/a><\/p><h3>3. OBJECTIF DE LA COLLECTE DES DONN\u00c9ES<\/h3><p>Nous traitons vos donn\u00e9es personnelles pour les raisons suivantes :<\/p><ul><li>\u00c9valuation et traitement des candidatures re\u00e7ues<\/li><li>R\u00e9alisation d'entretiens d'embauche et s\u00e9lection de candidats<\/li><li>Conclusion d'un contrat de travail (\u00e9tablissement d'une relation de travail)<\/li><li>Ex\u00e9cution de la relation de travail<\/li><li>Fin d'une relation de travail<\/li><\/ul><h3>4. BASE JURIDIQUE<\/h3><p>Nous traitons vos donn\u00e9es \u00e0 caract\u00e8re personnel sur la base juridique suivante :<br \/>\u00a726 BDSG (nouveau) alin\u00e9a 1<\/p><h3>5. AUTRES D\u00c9TAILS SUR L'OBJECTIF D'UTILISATION<\/h3><p>Nous avons besoin d'un minimum de donn\u00e9es personnelles pour pouvoir recruter et engager du nouveau personnel appropri\u00e9 ou pour \u00e9tablir, ex\u00e9cuter et mettre fin \u00e0 une relation de travail.<\/p><p>Nous respectons toujours le principe de minimisation des donn\u00e9es et ne collectons pas de donn\u00e9es personnelles dont nous n'avons pas absolument besoin conform\u00e9ment au point 3 de la pr\u00e9sente d\u00e9claration de protection des donn\u00e9es.<\/p><p>Si nous souhaitons collecter d'autres donn\u00e9es personnelles qui ne sont pas couvertes par le point 3 de la pr\u00e9sente d\u00e9claration de protection des donn\u00e9es, nous vous demanderons une d\u00e9claration de consentement volontaire \u00e0 cet effet.<\/p><h3>6. PARTAGE INTERNE ET EXTERNE DE VOS DONN\u00c9ES PERSONNELLES<\/h3><p>Une transmission interne de vos donn\u00e9es personnelles a lieu exclusivement dans le cadre des objectifs d\u00e9finis au point 3 de la pr\u00e9sente d\u00e9claration de protection des donn\u00e9es, conform\u00e9ment au principe de minimisation des donn\u00e9es et aux autres principes de protection des donn\u00e9es.<br \/>Un transfert externe de vos donn\u00e9es personnelles peut avoir lieu dans les circonstances suivantes :<\/p><ul><li>Transmission de vos donn\u00e9es personnelles (donn\u00e9es de contact) dans le cadre de l'ex\u00e9cution de la relation de travail \u00e0 des contractants, des sous-traitants ou des partenaires de coop\u00e9ration, dans la mesure o\u00f9 cela est n\u00e9cessaire pour l'ex\u00e9cution des commandes. Une \u00e9ventuelle transmission n'a toujours lieu que dans la mesure n\u00e9cessaire. Dans la mesure du possible, nous renon\u00e7ons \u00e0 transmettre vos donn\u00e9es personnelles.<\/li><li>l'engagement de services d'assistance pour lesquels un acc\u00e8s \u00e0 vos donn\u00e9es personnelles est n\u00e9cessaire ou du moins ne peut pas \u00eatre totalement exclu. Il s'agit par exemple de prestations d'assistance informatique, de services dans le cadre du d\u00e9compte des salaires ou du recours \u00e0 des prestations de conseil fiscal.<\/li><li>Transmission de vos donn\u00e9es personnelles (donn\u00e9es de contact) dans le cadre de la gestion des fournisseurs, dans la mesure o\u00f9 cela est n\u00e9cessaire pour l'ex\u00e9cution des commandes. Une \u00e9ventuelle transmission n'a toujours lieu que dans la mesure n\u00e9cessaire. Dans la mesure du possible, nous renon\u00e7ons \u00e0 transmettre vos donn\u00e9es personnelles.<\/li><li>Transmission de vos donn\u00e9es personnelles aux autorit\u00e9s et aux assurances maladie en raison d'obligations l\u00e9gales.<\/li><\/ul><h3>7) TRANSMISSION DE VOS DONNEES PERSONNELLES A UN PAYS TIERS OU A UNE ORGANISATION INTERNATIONALE (HORS DU CHAMP D'APPLICATION DU RGPD)<\/h3><p>Nous ne transmettons pas vos donn\u00e9es \u00e0 un pays tiers de l'UE ou \u00e0 une organisation active au niveau international. Si cela s'av\u00e9rait n\u00e9cessaire, nous vous en informerions au pr\u00e9alable et prendrions toutes les mesures n\u00e9cessaires pour garantir un niveau de protection des donn\u00e9es ad\u00e9quat.<\/p><h3>8. DUR\u00c9E DE CONSERVATION ET SUPPRESSION DE VOS DONN\u00c9ES PERSONNELLES<\/h3><p>Le l\u00e9gislateur a \u00e9dict\u00e9 un grand nombre de d\u00e9lais de conservation, que nous respectons avec le plus grand soin et pour lesquels nous b\u00e9n\u00e9ficions de conseils afin de satisfaire \u00e0 ces obligations.<\/p><p>En principe, dans ce contexte, nous ne conservons vos donn\u00e9es personnelles que tant que l'objectif d\u00e9fini le permet ou que le l\u00e9gislateur le prescrit pour des raisons de preuve.<\/p><p>Si nous devions conserver vos donn\u00e9es plus longtemps que d\u00e9crit pr\u00e9c\u00e9demment, nous vous demanderions une d\u00e9claration de consentement volontaire.<\/p><h3>9. DROIT D'ACC\u00c8S, D'EFFACEMENT, DE RECTIFICATION, D'OPPOSITION ET DE LIMITATION DE L'UTILISATION DE VOS DONN\u00c9ES PERSONNELLES<\/h3><p>Vous avez le droit de nous demander de confirmer si des donn\u00e9es \u00e0 caract\u00e8re personnel vous concernant sont trait\u00e9es. Si tel est le cas, vous avez le droit d'acc\u00e9der \u00e0 ces donn\u00e9es \u00e0 caract\u00e8re personnel et d'obtenir les informations suivantes :<\/p><ul><li>les finalit\u00e9s du traitement<\/li><li>les cat\u00e9gories de donn\u00e9es \u00e0 caract\u00e8re personnel trait\u00e9es<\/li><li>les destinataires ou les cat\u00e9gories de destinataires auxquels vos donn\u00e9es \u00e0 caract\u00e8re personnel ont \u00e9t\u00e9 ou seront divulgu\u00e9es, en particulier les destinataires dans les pays tiers de l'UE ou les organisations internationales<\/li><li>si possible, la dur\u00e9e pr\u00e9vue de conservation de vos donn\u00e9es \u00e0 caract\u00e8re personnel ou, si cela n'est pas possible, les crit\u00e8res de d\u00e9termination de cette dur\u00e9e<\/li><li>l'existence d'un droit de rectification ou d'effacement des donn\u00e9es \u00e0 caract\u00e8re personnel vous concernant ou d'un droit de limitation du traitement par nos soins ou d'un droit d'opposition \u00e0 ce traitement<\/li><li>l'existence d'un droit de recours aupr\u00e8s d'une autorit\u00e9 de surveillance<\/li><li>si les donn\u00e9es \u00e0 caract\u00e8re personnel ne sont pas collect\u00e9es aupr\u00e8s de la personne concern\u00e9e, toutes les informations disponibles sur l'origine des donn\u00e9es<\/li><li>en cas d'existence d'une prise de d\u00e9cision automatis\u00e9e, y compris le profilage (informations pertinentes sur la logique impliqu\u00e9e ainsi que sur la port\u00e9e et les effets escompt\u00e9s d'un tel traitement pour votre personne).<\/li><\/ul><p>Si vos donn\u00e9es \u00e0 caract\u00e8re personnel sont transf\u00e9r\u00e9es vers un pays tiers ou une organisation internationale, vous avez le droit d'\u00eatre inform\u00e9 des \"garanties\" appropri\u00e9es en ce qui concerne l'assurance d'un niveau suffisant de protection des donn\u00e9es dans le contexte du transfert.<\/p><p>Nous vous fournirons gratuitement une copie des donn\u00e9es \u00e0 caract\u00e8re personnel faisant l'objet du traitement. Pour toute autre copie que vous demandez, nous pouvons demander une r\u00e9mun\u00e9ration raisonnable bas\u00e9e sur les co\u00fbts administratifs. Si vous faites la demande par voie \u00e9lectronique, vous recevrez les informations dans un format \u00e9lectronique courant, sauf indication contraire de votre part.<\/p><p>Le droit d'obtenir une copie peut \u00eatre limit\u00e9 si cela porte atteinte aux droits et libert\u00e9s d'autres personnes.<\/p><p>Vous avez le droit d'exiger de nous, sans d\u00e9lai, la rectification des donn\u00e9es \u00e0 caract\u00e8re personnel vous concernant qui sont inexactes. Compte tenu des finalit\u00e9s du traitement, vous avez le droit de demander que les donn\u00e9es \u00e0 caract\u00e8re personnel incompl\u00e8tes soient compl\u00e9t\u00e9es, y compris au moyen d'une d\u00e9claration compl\u00e9mentaire. Pour exercer ce droit, vous pouvez vous adresser \u00e0 notre d\u00e9l\u00e9gu\u00e9 \u00e0 la protection des donn\u00e9es.<\/p><p>Vous avez le droit de demander la suppression des donn\u00e9es personnelles que nous d\u00e9tenons \u00e0 votre sujet, dans la mesure o\u00f9 l'un des crit\u00e8res suivants est rempli :<\/p><ul><li>les donn\u00e9es \u00e0 caract\u00e8re personnel ne sont plus n\u00e9cessaires \u00e0 l'accomplissement de la finalit\u00e9 convenue<\/li><li>vous retirez une d\u00e9claration de consentement volontaire que vous avez accord\u00e9e (la l\u00e9galit\u00e9 du traitement effectu\u00e9 sur la base du consentement jusqu'\u00e0 son retrait n'en est toutefois pas affect\u00e9e).<\/li><li>Vos donn\u00e9es personnelles ont \u00e9t\u00e9 trait\u00e9es ill\u00e9galement jusqu'\u00e0 pr\u00e9sent.<\/li><li>Il existe une obligation l\u00e9gale de supprimer les donn\u00e9es.<\/li><li>Les donn\u00e9es \u00e0 caract\u00e8re personnel ont \u00e9t\u00e9 collect\u00e9es en relation avec des services de la soci\u00e9t\u00e9 de l'information propos\u00e9s (personnes de moins de 16 ans).<\/li><\/ul><p>En outre, vous avez le droit de nous demander de limiter le traitement si l'une des conditions suivantes est remplie :<\/p><ul><li>Vous contestez l'exactitude des donn\u00e9es \u00e0 caract\u00e8re personnel, et ce pendant une dur\u00e9e qui nous permet de v\u00e9rifier l'exactitude des donn\u00e9es \u00e0 caract\u00e8re personnel.<\/li><li>le traitement est illicite et vous refusez l'effacement de vos donn\u00e9es \u00e0 caract\u00e8re personnel et demandez \u00e0 la place la limitation de l'utilisation de vos donn\u00e9es \u00e0 caract\u00e8re personnel.<\/li><li>si nous n'avons plus besoin de vos donn\u00e9es personnelles aux fins du traitement, mais que vous en avez besoin pour faire valoir, exercer ou d\u00e9fendre des droits en justice.<\/li><li>si vous vous \u00eates oppos\u00e9 au traitement, tant qu'il n'est pas \u00e9tabli que nos motifs l\u00e9gitimes pr\u00e9valent sur les v\u00f4tres.<\/li><\/ul><h3>10. DROIT \u00c0 LA PORTABILIT\u00c9 DES DONN\u00c9ES<\/h3><p>Vous avez le droit de recevoir les donn\u00e9es personnelles que nous avons enregistr\u00e9es \u00e0 votre sujet, dans la mesure o\u00f9 elles sont trait\u00e9es par un proc\u00e9d\u00e9 automatis\u00e9, dans un format structur\u00e9, courant et lisible par machine.<br \/>Vous avez \u00e9galement le droit de transmettre ces donn\u00e9es \u00e0 une autre personne responsable sans que nous y fassions obstacle, \u00e0 laquelle les donn\u00e9es personnelles ont \u00e9t\u00e9 fournies.<\/p><p>Lorsque vous exercez votre droit \u00e0 la portabilit\u00e9 des donn\u00e9es, vous avez le droit d'obtenir que vos donn\u00e9es \u00e0 caract\u00e8re personnel soient transmises directement par nos soins \u00e0 un autre responsable du traitement, dans la mesure o\u00f9 cela est techniquement possible.<\/p><p>Le droit \u00e0 la portabilit\u00e9 des donn\u00e9es peut \u00eatre limit\u00e9 dans la mesure o\u00f9 les droits ou les libert\u00e9s d'autres personnes sont affect\u00e9s par l'exercice de ce droit.<\/p><h3>11. DROIT DE R\u00c9TRACTATION DU CONSENTEMENT ET MAINTIEN DU CONSENTEMENT ACCORD\u00c9<\/h3><p>Dans la mesure o\u00f9 nous traitons des donn\u00e9es personnelles vous concernant sur la base d'une d\u00e9claration de consentement, vous avez le droit de r\u00e9voquer le consentement donn\u00e9. La l\u00e9galit\u00e9 du traitement effectu\u00e9 sur la base du consentement jusqu'\u00e0 la r\u00e9vocation n'en est toutefois pas affect\u00e9e.<\/p><p>En ce qui concerne le respect des d\u00e9lais de conservation, il convient \u00e9galement de tenir compte du point 8 de la pr\u00e9sente d\u00e9claration de protection des donn\u00e9es.<\/p><h3>12. DROIT DE RECOURS AUPR\u00c8S DE L'AUTORIT\u00c9 DE SURVEILLANCE<\/h3><p>Si vous estimez qu'il est n\u00e9cessaire de d\u00e9poser une plainte aupr\u00e8s de l'autorit\u00e9 de contr\u00f4le comp\u00e9tente, vous \u00eates libre d'exercer ce droit \u00e0 tout moment.<\/p><p>L'adresse de l'autorit\u00e9 de surveillance comp\u00e9tente dans le Baden W\u00fcrttemberg est la suivante :<\/p><p>Le commissaire du Land \u00e0 la protection des donn\u00e9es et \u00e0 la libert\u00e9 d'information<br \/>K\u00f6nigstrasse 10 a<br \/>70173 Stuttgart<br \/>T\u00e9l : 0711 615 541 0<br \/>T\u00e9l\u00e9copieur : 0711 615 541 15<br \/>Courrier \u00e9lectronique :\u00a0<a href=\"mailto:poststelle@lfdi.bwl.de\">poststelle@lfdi.bwl.de<\/a><\/p><h3>13. OBLIGATION DE FOURNIR VOS DONN\u00c9ES PERSONNELLES ET CONS\u00c9QUENCES POSSIBLES D'UN REFUS DE LES FOURNIR<\/h3><p>D'une part, nous sommes l\u00e9galement tenus de traiter des donn\u00e9es personnelles vous concernant (ce qui inclut la transmission aux autorit\u00e9s ou aux assurances maladie, par exemple). D'autre part, nous avons besoin des donn\u00e9es collect\u00e9es aupr\u00e8s de vous pour d\u00e9cider, \u00e9tablir, ex\u00e9cuter et mettre fin \u00e0 la relation de travail.<br \/>Sans les donn\u00e9es collect\u00e9es, il ne serait pas possible de prendre une d\u00e9cision, d'\u00e9tablir, d'ex\u00e9cuter et de mettre fin \u00e0 une relation de travail.<\/p><h3>14. PRISE DE D\u00c9CISION AUTOMATIQUE ET PROFILAGE<\/h3><p>Aucune prise de d\u00e9cision automatis\u00e9e n'est effectu\u00e9e en ce qui concerne votre personne. Aucun \"profilage\" (informations significatives sur la logique impliqu\u00e9e ainsi que sur la port\u00e9e et les effets escompt\u00e9s d'un tel traitement pour votre personne) n'est effectu\u00e9 \u00e0 l'aide des donn\u00e9es \u00e0 caract\u00e8re personnel collect\u00e9es aupr\u00e8s de vous.<\/p><h3>15. CHANGEMENT D'AFFECTATION<\/h3><p>Dans la mesure o\u00f9 nous avons l'intention de modifier la finalit\u00e9 pour laquelle vos donn\u00e9es personnelles ont \u00e9t\u00e9 initialement collect\u00e9es, nous vous en informerons au pr\u00e9alable de mani\u00e8re d\u00e9taill\u00e9e et transparente.<br \/>Dans ce cas, nous vous fournissons bien entendu toutes les informations requises par la loi.<\/p><p>Si le changement de finalit\u00e9 implique le traitement de donn\u00e9es \u00e0 caract\u00e8re personnel sur la base juridique d'une d\u00e9claration de consentement volontaire, nous vous en informerons et vous demanderons votre consentement formel en cons\u00e9quence.<\/p><h3>16. QUESTIONS OUVERTES, PLAINTES OU SUGGESTIONS<\/h3><p>N'h\u00e9sitez pas \u00e0 nous contacter pour toute question, r\u00e9clamation ou suggestion concernant la protection des donn\u00e9es. Si n\u00e9cessaire, vous pouvez vous adresser \u00e0 notre responsable de la protection des donn\u00e9es (voir point 2 de la pr\u00e9sente d\u00e9claration de protection des donn\u00e9es).<\/p><p>Version de la d\u00e9claration de protection des donn\u00e9es : 01.10.2022<\/p>\n    <\/div>\n     \n    \n     \n    \n  <\/div>\n<\/div>\n\n\n<div id=\"uc_faq_icon_accordion_elementor_628e903_item3\" class=\"uc_ac_box  elementor-repeater-item-b63084b\">\n  <div class=\"uc-heading uc_trigger\">\n    \n        <div class=\"ue_icon_holder\">\n      <div class=\"ue_icon_q\">3<\/div>\n    <\/div>\n    \n        \n    <h3 class=\"ue_title\">D\u00e9claration de protection des donn\u00e9es pour les clients et les personnes int\u00e9ress\u00e9es<\/h3>\n    \n    \n        \n    <div class=\"ue_expand\">\n      <div class=\"ue_expand_inside\">\n      <span class=\"uc_dactive bbb ue_accordion_icon\" ><i class='secondit secondit-angle-down'><\/i><\/span>\n      <span class=\"uc_active bbb ue_accordion_icon\"><i class='secondit secondit-angle-up'><\/i><\/span>\n      <\/div>\n    <\/div>\n        \n  <\/div>\n  <!-- end of heading -->\n  \n  \n  <div class=\"uc_content\" >\n        <div class=\"uc_content_wraper\">    \t\n      <p>Chers clients, chers prospects,<\/p><p>Par la pr\u00e9sente, nous nous acquittons de notre devoir d'information en mati\u00e8re de protection des donn\u00e9es et souhaitons vous informer de mani\u00e8re transparente sur le traitement de vos donn\u00e9es personnelles.<\/p><h3>1. responsabilit\u00e9 du traitement des donn\u00e9es<\/h3><p>La soci\u00e9t\u00e9 Second IT Store GmbH est responsable de la collecte et du traitement de vos donn\u00e9es personnelles et, par cons\u00e9quent, du respect des dispositions l\u00e9gales en mati\u00e8re de protection des donn\u00e9es.<\/p><p>Nos coordonn\u00e9es sont les suivantes :<br \/>Second IT Store GmbH<br \/>Steinbeisweg 1<br \/>74523 Schw\u00e4bisch Hall<br \/>T\u00e9l : 0791 954 000 0<br \/>Courrier \u00e9lectronique :\u00a0<a href=\"mailto:info@second-it.de\">info@second-it.de<\/a><\/p><h3>2. personne de contact pour la protection des donn\u00e9es<\/h3><p>En cas de besoin, vous pouvez contacter notre d\u00e9l\u00e9gu\u00e9 \u00e0 la protection des donn\u00e9es officiellement d\u00e9sign\u00e9 en utilisant les coordonn\u00e9es ci-dessous :<\/p><p>Second IT Store GmbH<br \/>Michael Schatzinger<br \/>Steinbeisweg 1<br \/>74523 Schw\u00e4bisch Hall<br \/>Courrier \u00e9lectronique :\u00a0<a href=\"mailto:datenschutz@second-it.de\">datenschutz@second-it.de<\/a><\/p><h3>3. OBJECTIF DE LA COLLECTE DES DONN\u00c9ES<\/h3><p>Nous traitons vos donn\u00e9es personnelles pour les raisons suivantes :<\/p><ul><li>\u00e9tablissement d'offres individuelles suite \u00e0 des travaux ou services demand\u00e9s chez nous<\/li><li>R\u00e9daction d'un contrat de prestation de services ou d'un contrat d'entreprise<\/li><li>Fourniture de la prestation convenue par contrat<\/li><li>Facturation de la prestation convenue par contrat<\/li><\/ul><h3>4. BASE JURIDIQUE<\/h3><p>Nous traitons vos donn\u00e9es \u00e0 caract\u00e8re personnel sur la base juridique suivante :<br \/>Article 6 du RGPD, paragraphe 1, point B<\/p><h3>5. AUTRES D\u00c9TAILS SUR LA FINALIT\u00c9 DE L'UTILISATION \/ INT\u00c9R\u00caTS L\u00c9GITIMES DU RESPONSABLE<\/h3><p>Nous avons besoin d'un minimum de donn\u00e9es personnelles pour pouvoir fournir notre prestation convenue par contrat ou pour pouvoir vous faire une offre personnalis\u00e9e suite \u00e0 votre demande.<br \/>Nous respectons toujours le principe de minimisation des donn\u00e9es et ne collectons pas de donn\u00e9es personnelles dont nous n'avons pas besoin pour l'accomplissement de nos t\u00e2ches.<\/p><h3>6. PARTAGE INTERNE ET EXTERNE DE VOS DONN\u00c9ES PERSONNELLES<\/h3><p>Une transmission interne de vos donn\u00e9es personnelles a lieu exclusivement pour l'ex\u00e9cution des obligations contractuelles ou d'autres t\u00e2ches en rapport avec les activit\u00e9s mentionn\u00e9es au point 3.<\/p><p>Un transfert externe de vos donn\u00e9es personnelles peut avoir lieu dans les circonstances suivantes :<\/p><ul><li>mandater un sous-traitant pour remplir les obligations contractuelles que nous avons convenues avec vous dans le cadre de notre collaboration.<\/li><li>l'engagement de services d'assistance pour lesquels un acc\u00e8s \u00e0 vos donn\u00e9es personnelles est n\u00e9cessaire ou du moins ne peut \u00eatre totalement exclu. Il s'agit par exemple de prestations d'assistance informatique, de services dans le cadre de la facturation ou du recours \u00e0 des prestations de conseil fiscal.<\/li><li>Transmission de vos donn\u00e9es personnelles en raison d'obligations l\u00e9gales.<\/li><li>Obtention de renseignements aupr\u00e8s d'agences de renseignements commerciaux.<\/li><li>Transmission de donn\u00e9es \u00e0 caract\u00e8re personnel par le biais d'une comparaison automatis\u00e9e avec des bases de donn\u00e9es dans le cadre du contr\u00f4le des exportations<\/li><\/ul><h3>7. transfert de vos donn\u00e9es \u00e0 caract\u00e8re personnel vers un pays tiers ou une organisation internationale (en dehors du champ d'application du RGPD)<\/h3><p>Nous ne transmettons pas vos donn\u00e9es \u00e0 un pays tiers de l'UE ou \u00e0 une organisation active au niveau international. Si cela s'av\u00e9rait n\u00e9cessaire, nous vous en informerions au pr\u00e9alable et prendrions toutes les mesures n\u00e9cessaires pour garantir un niveau de protection des donn\u00e9es ad\u00e9quat.<\/p><h3>8. DUR\u00c9E DE CONSERVATION ET SUPPRESSION DE VOS DONN\u00c9ES PERSONNELLES<\/h3><p>Le l\u00e9gislateur a \u00e9dict\u00e9 un grand nombre de d\u00e9lais de conservation, que nous respectons avec le plus grand soin et pour lesquels nous b\u00e9n\u00e9ficions de conseils afin de satisfaire \u00e0 ces obligations.<\/p><p>En principe, dans ce contexte, nous ne conservons vos donn\u00e9es personnelles que tant que l'objectif d\u00e9fini le permet ou que le l\u00e9gislateur le prescrit pour des raisons de preuve.<\/p><p>Si nous devions conserver vos donn\u00e9es plus longtemps que d\u00e9crit pr\u00e9c\u00e9demment, nous vous demanderions une d\u00e9claration de consentement volontaire.<\/p><h3>9. DROIT D'ACC\u00c8S, D'EFFACEMENT, DE RECTIFICATION, D'OPPOSITION ET DE LIMITATION DE L'UTILISATION DE VOS DONN\u00c9ES PERSONNELLES<\/h3><p>Vous avez le droit de nous demander de confirmer si des donn\u00e9es \u00e0 caract\u00e8re personnel vous concernant sont trait\u00e9es. Si tel est le cas, vous avez le droit d'acc\u00e9der \u00e0 ces donn\u00e9es \u00e0 caract\u00e8re personnel et d'obtenir les informations suivantes :<\/p><ul><li>les finalit\u00e9s du traitement<\/li><li>les cat\u00e9gories de donn\u00e9es \u00e0 caract\u00e8re personnel trait\u00e9es<\/li><li>les destinataires ou les cat\u00e9gories de destinataires auxquels vos donn\u00e9es \u00e0 caract\u00e8re personnel ont \u00e9t\u00e9 ou seront divulgu\u00e9es, en particulier les destinataires dans les pays tiers de l'UE ou les organisations internationales<\/li><li>si possible, la dur\u00e9e pr\u00e9vue de conservation de vos donn\u00e9es \u00e0 caract\u00e8re personnel ou, si cela n'est pas possible, les crit\u00e8res de d\u00e9termination de cette dur\u00e9e<\/li><li>l'existence d'un droit de rectification ou d'effacement des donn\u00e9es \u00e0 caract\u00e8re personnel vous concernant ou d'un droit de limitation du traitement par nos soins ou d'un droit d'opposition \u00e0 ce traitement<\/li><li>l'existence d'un droit de recours aupr\u00e8s d'une autorit\u00e9 de surveillance<\/li><li>si les donn\u00e9es \u00e0 caract\u00e8re personnel ne sont pas collect\u00e9es aupr\u00e8s de la personne concern\u00e9e, toutes les informations disponibles sur l'origine des donn\u00e9es<\/li><li>en cas d'existence d'une prise de d\u00e9cision automatis\u00e9e, y compris le profilage (informations pertinentes sur la logique impliqu\u00e9e ainsi que sur la port\u00e9e et les effets escompt\u00e9s d'un tel traitement pour votre personne).<\/li><\/ul><p>Si vos donn\u00e9es \u00e0 caract\u00e8re personnel sont transf\u00e9r\u00e9es vers un pays tiers ou une organisation internationale, vous avez le droit d'\u00eatre inform\u00e9 des \"garanties\" appropri\u00e9es en ce qui concerne l'assurance d'un niveau suffisant de protection des donn\u00e9es dans le contexte du transfert.<\/p><p>Nous vous fournirons gratuitement une copie des donn\u00e9es \u00e0 caract\u00e8re personnel faisant l'objet du traitement. Pour toute autre copie que vous demandez, nous pouvons demander une r\u00e9mun\u00e9ration raisonnable bas\u00e9e sur les co\u00fbts administratifs. Si vous faites la demande par voie \u00e9lectronique, vous recevrez les informations dans un format \u00e9lectronique courant, sauf indication contraire de votre part.<\/p><p>Le droit d'obtenir une copie peut \u00eatre limit\u00e9 si cela porte atteinte aux droits et libert\u00e9s d'autres personnes.<\/p><p>Vous avez le droit d'exiger de nous, sans d\u00e9lai, la rectification des donn\u00e9es \u00e0 caract\u00e8re personnel vous concernant qui sont inexactes. Compte tenu des finalit\u00e9s du traitement, vous avez le droit de demander que les donn\u00e9es \u00e0 caract\u00e8re personnel incompl\u00e8tes soient compl\u00e9t\u00e9es, y compris au moyen d'une d\u00e9claration compl\u00e9mentaire. Pour exercer ce droit, vous pouvez vous adresser \u00e0 notre d\u00e9l\u00e9gu\u00e9 \u00e0 la protection des donn\u00e9es.<\/p><p>Vous avez le droit de demander la suppression des donn\u00e9es personnelles que nous d\u00e9tenons \u00e0 votre sujet, dans la mesure o\u00f9 l'un des crit\u00e8res suivants est rempli :<\/p><ul><li>les donn\u00e9es \u00e0 caract\u00e8re personnel ne sont plus n\u00e9cessaires \u00e0 l'accomplissement de la finalit\u00e9 convenue<\/li><li>vous retirez une d\u00e9claration de consentement volontaire que vous avez accord\u00e9e (la l\u00e9galit\u00e9 du traitement effectu\u00e9 sur la base du consentement jusqu'\u00e0 son retrait n'en est toutefois pas affect\u00e9e).<\/li><li>Vos donn\u00e9es personnelles ont \u00e9t\u00e9 trait\u00e9es ill\u00e9galement jusqu'\u00e0 pr\u00e9sent.<\/li><li>Il existe une obligation l\u00e9gale de supprimer les donn\u00e9es.<\/li><li>Les donn\u00e9es \u00e0 caract\u00e8re personnel ont \u00e9t\u00e9 collect\u00e9es en relation avec des services de la soci\u00e9t\u00e9 de l'information offerts (personnes de moins de 16 ans). En outre, vous avez le droit de nous demander de limiter le traitement si l'une des conditions suivantes est remplie :<\/li><li>Vous contestez l'exactitude des donn\u00e9es \u00e0 caract\u00e8re personnel, et ce pendant une dur\u00e9e qui nous permet de v\u00e9rifier l'exactitude des donn\u00e9es \u00e0 caract\u00e8re personnel.<\/li><li>le traitement est illicite et vous refusez l'effacement de vos donn\u00e9es \u00e0 caract\u00e8re personnel et demandez \u00e0 la place la limitation de l'utilisation de vos donn\u00e9es \u00e0 caract\u00e8re personnel.<\/li><li>si nous n'avons plus besoin de vos donn\u00e9es personnelles aux fins du traitement, mais que vous en avez besoin pour faire valoir, exercer ou d\u00e9fendre des droits en justice.<\/li><li>si vous vous \u00eates oppos\u00e9 au traitement, tant qu'il n'est pas \u00e9tabli que nos motifs l\u00e9gitimes pr\u00e9valent sur les v\u00f4tres.<\/li><\/ul><h3>10. DROIT \u00c0 LA PORTABILIT\u00c9 DES DONN\u00c9ES<\/h3><p>Vous avez le droit de recevoir les donn\u00e9es personnelles que nous avons enregistr\u00e9es \u00e0 votre sujet, dans la mesure o\u00f9 elles sont trait\u00e9es par un proc\u00e9d\u00e9 automatis\u00e9, dans un format structur\u00e9, courant et lisible par machine.<br \/>Vous avez \u00e9galement le droit de transmettre ces donn\u00e9es \u00e0 une autre personne responsable sans que nous y fassions obstacle, \u00e0 laquelle les donn\u00e9es personnelles ont \u00e9t\u00e9 fournies.<\/p><p>Lorsque vous exercez votre droit \u00e0 la portabilit\u00e9 des donn\u00e9es, vous avez le droit d'obtenir que vos donn\u00e9es \u00e0 caract\u00e8re personnel soient transmises directement par nos soins \u00e0 un autre responsable du traitement, dans la mesure o\u00f9 cela est techniquement possible.<\/p><p>Le droit \u00e0 la portabilit\u00e9 des donn\u00e9es peut \u00eatre limit\u00e9 dans la mesure o\u00f9 les droits ou les libert\u00e9s d'autres personnes sont affect\u00e9s par l'exercice de ce droit.<\/p><h3>11. DROIT DE R\u00c9TRACTATION DU CONSENTEMENT ET MAINTIEN DU CONSENTEMENT ACCORD\u00c9<\/h3><p>Dans la mesure o\u00f9 nous traitons des donn\u00e9es personnelles vous concernant sur la base d'une d\u00e9claration de consentement, vous avez le droit de r\u00e9voquer le consentement donn\u00e9. La l\u00e9galit\u00e9 du traitement effectu\u00e9 sur la base du consentement jusqu'\u00e0 la r\u00e9vocation n'en est toutefois pas affect\u00e9e.\u00a0<\/p><p>En ce qui concerne le respect des d\u00e9lais de conservation, il convient \u00e9galement de tenir compte du point 8 de la pr\u00e9sente d\u00e9claration de protection des donn\u00e9es.<\/p><h3>12. DROIT DE RECOURS AUPR\u00c8S DE L'AUTORIT\u00c9 DE SURVEILLANCE<\/h3><p>Si vous estimez qu'il est n\u00e9cessaire de d\u00e9poser une plainte aupr\u00e8s de l'autorit\u00e9 de contr\u00f4le comp\u00e9tente, vous \u00eates libre d'exercer ce droit \u00e0 tout moment.<\/p><p>L'adresse de l'autorit\u00e9 de surveillance comp\u00e9tente dans le Baden W\u00fcrttemberg est la suivante :<\/p><p>Le commissaire du Land \u00e0 la protection des donn\u00e9es et \u00e0 la libert\u00e9 d'information<br \/>K\u00f6nigstrasse 10 a<br \/>70173 Stuttgart<br \/>T\u00e9l : 0711 615 541 0<br \/>T\u00e9l\u00e9copieur : 0711 615 541 15<br \/>Courrier \u00e9lectronique :\u00a0<a href=\"mailto:poststelle@lfdi.bwl.de\">poststelle@lfdi.bwl.de<\/a><\/p><h3>13. OBLIGATION DE FOURNIR VOS DONN\u00c9ES PERSONNELLES ET CONS\u00c9QUENCES POSSIBLES D'UN REFUS DE LES FOURNIR<\/h3><p>Nous avons besoin des donn\u00e9es personnelles que nous avons collect\u00e9es aupr\u00e8s de vous pour ex\u00e9cuter notre prestation contractuelle ou pour \u00e9tablir une offre individuelle. Sans ces donn\u00e9es personnelles, il n'est pas possible d'\u00e9tablir des offres ou de fournir les services et travaux souhait\u00e9s.<\/p><h3>14. PRISE DE D\u00c9CISION AUTOMATIQUE ET PROFILAGE<\/h3><p>Aucune prise de d\u00e9cision automatis\u00e9e n'est effectu\u00e9e en ce qui concerne votre personne. Aucun \"profilage\" (informations significatives sur la logique impliqu\u00e9e ainsi que sur la port\u00e9e et les effets escompt\u00e9s d'un tel traitement pour votre personne) n'est effectu\u00e9 \u00e0 l'aide des donn\u00e9es \u00e0 caract\u00e8re personnel collect\u00e9es aupr\u00e8s de vous.<\/p><h3>15. CHANGEMENT D'AFFECTATION<\/h3><p>Dans la mesure o\u00f9 nous avons l'intention de modifier la finalit\u00e9 pour laquelle vos donn\u00e9es personnelles ont \u00e9t\u00e9 initialement collect\u00e9es, nous vous en informerons au pr\u00e9alable de mani\u00e8re d\u00e9taill\u00e9e et transparente.<\/p><p>Dans ce cas, nous vous fournirons bien entendu toutes les informations requises par la loi. Si le changement de finalit\u00e9 implique le traitement de donn\u00e9es \u00e0 caract\u00e8re personnel sur la base juridique d'une d\u00e9claration de consentement volontaire, nous vous en informerons et vous demanderons votre consentement formel en cons\u00e9quence.<\/p><h3>16. QUESTIONS OUVERTES, PLAINTES OU SUGGESTIONS<\/h3><p>N'h\u00e9sitez pas \u00e0 nous contacter pour toute question, r\u00e9clamation ou suggestion en mati\u00e8re de protection des donn\u00e9es. Si n\u00e9cessaire, vous pouvez vous adresser \u00e0 notre responsable de la protection des donn\u00e9es (voir point 2 de la pr\u00e9sente d\u00e9claration de protection des donn\u00e9es).<\/p><p>Version de la d\u00e9claration de protection des donn\u00e9es : 01.10.2022<\/p>\n    <\/div>\n     \n    \n     \n    \n  <\/div>\n<\/div>\n\n\n<div id=\"uc_faq_icon_accordion_elementor_628e903_item4\" class=\"uc_ac_box  elementor-repeater-item-3f6b1ec\">\n  <div class=\"uc-heading uc_trigger\">\n    \n        <div class=\"ue_icon_holder\">\n      <div class=\"ue_icon_q\">4<\/div>\n    <\/div>\n    \n        \n    <h3 class=\"ue_title\">D\u00e9claration de confidentialit\u00e9 pour les fournisseurs et prestataires de services<\/h3>\n    \n    \n        \n    <div class=\"ue_expand\">\n      <div class=\"ue_expand_inside\">\n      <span class=\"uc_dactive bbb ue_accordion_icon\" ><i class='secondit secondit-angle-down'><\/i><\/span>\n      <span class=\"uc_active bbb ue_accordion_icon\"><i class='secondit secondit-angle-up'><\/i><\/span>\n      <\/div>\n    <\/div>\n        \n  <\/div>\n  <!-- end of heading -->\n  \n  \n  <div class=\"uc_content\" >\n        <div class=\"uc_content_wraper\">    \t\n      <p>Chers fournisseurs et prestataires de services,<\/p><p>Par la pr\u00e9sente, nous nous acquittons de notre devoir d'information en mati\u00e8re de protection des donn\u00e9es et souhaitons vous informer de mani\u00e8re transparente sur le traitement de vos donn\u00e9es personnelles.<\/p><h3>1. responsabilit\u00e9 du traitement des donn\u00e9es<\/h3><p>La soci\u00e9t\u00e9 Second IT Store GmbH est responsable de la collecte et du traitement de vos donn\u00e9es personnelles et, par cons\u00e9quent, du respect des dispositions l\u00e9gales en mati\u00e8re de protection des donn\u00e9es.<\/p><p>Nos coordonn\u00e9es sont les suivantes :<br \/>Second IT Store GmbH<br \/>Steinbeisweg 1<br \/>74523 Schw\u00e4bisch Hall<br \/>T\u00e9l : 0791 954 000 0<br \/>Courrier \u00e9lectronique :\u00a0<a href=\"mailto:info@second-it.de\">info@second-it.de<\/a><\/p><h3>2. personne de contact pour la protection des donn\u00e9es<\/h3><p>En cas de besoin, vous pouvez contacter notre d\u00e9l\u00e9gu\u00e9 \u00e0 la protection des donn\u00e9es officiellement d\u00e9sign\u00e9 en utilisant les coordonn\u00e9es ci-dessous :<\/p><p>Second IT Store GmbH<br \/>Michael Schatzinger<br \/>Steinbeisweg 1<br \/>74523 Schw\u00e4bisch Hall<br \/>Courrier \u00e9lectronique :\u00a0<a href=\"mailto:datenschutz@second-it.de\">datenschutz@second-it.de<\/a><\/p><h3>3. OBJECTIF DE LA COLLECTE DES DONN\u00c9ES<\/h3><p>Nous traitons vos donn\u00e9es personnelles pour les raisons suivantes :<\/p><ul><li>Demande d'offres individuelles pour des travaux ou des services<\/li><li>Conclusion d'un contrat de service ou d'entreprise ou ex\u00e9cution d'une commande<\/li><li>les questions relatives aux travaux, services ou produits fournis, y compris le traitement des r\u00e9clamations<\/li><li>R\u00e8glement des factures<\/li><\/ul><h3>4. BASE JURIDIQUE<\/h3><p>Nous traitons vos donn\u00e9es \u00e0 caract\u00e8re personnel sur la base juridique suivante :<\/p><p>Article 6 du RGPD, paragraphe 1, point b) (en cas de conclusion d'un contrat, par exemple un contrat de service ou un contrat de vente)<br \/>et \/ ou<br \/>Article 6 du RGPD, paragraphe 1, point f) (en cas de mesures pr\u00e9contractuelles \u00e0 la demande du responsable)<\/p><h3>5. AUTRES D\u00c9TAILS SUR LA FINALIT\u00c9 DE L'UTILISATION \/ INT\u00c9R\u00caTS L\u00c9GITIMES DU RESPONSABLE<\/h3><p>Pour pouvoir recevoir les prestations convenues par contrat ou, bien entendu, pour demander une offre individuelle, nous avons bien entendu besoin d'un minimum de donn\u00e9es personnelles.<br \/>Nous respectons toujours le principe de minimisation des donn\u00e9es et ne collectons pas de donn\u00e9es personnelles dont nous n'avons pas absolument besoin conform\u00e9ment au point 3 de la pr\u00e9sente d\u00e9claration de protection des donn\u00e9es.<\/p><h3>6. PARTAGE INTERNE ET EXTERNE DE VOS DONN\u00c9ES PERSONNELLES<\/h3><p>Une transmission interne de vos donn\u00e9es personnelles a lieu exclusivement pour l'ex\u00e9cution des obligations contractuelles ou d'autres t\u00e2ches en rapport avec les activit\u00e9s mentionn\u00e9es au point 3.<\/p><p>Un transfert externe de vos donn\u00e9es personnelles peut avoir lieu dans les circonstances suivantes :<\/p><ul><li>Transmission de vos coordonn\u00e9es pour la coordination entre plusieurs prestataires, en cas d'engagement d'un autre prestataire de services \/ fournisseur pour l'ex\u00e9cution des obligations contractuelles que nous avons convenues avec vous dans le cadre de la collaboration.<\/li><li>l'engagement de services d'assistance pour lesquels un acc\u00e8s \u00e0 vos donn\u00e9es personnelles est n\u00e9cessaire ou du moins ne peut \u00eatre totalement exclu. Il s'agit par exemple de prestations d'assistance informatique, de services dans le cadre de la facturation ou du recours \u00e0 des prestations de conseil fiscal.<\/li><li>Transmission de vos donn\u00e9es personnelles en raison d'obligations l\u00e9gales.<\/li><\/ul><h3>7. transfert de vos donn\u00e9es \u00e0 caract\u00e8re personnel vers un pays tiers ou une organisation internationale (en dehors du champ d'application du RGPD)<\/h3><p>Nous ne transmettons pas vos donn\u00e9es \u00e0 un pays tiers de l'UE ou \u00e0 une organisation active au niveau international. Si cela s'av\u00e9rait n\u00e9cessaire, nous vous en informerions au pr\u00e9alable et prendrions toutes les mesures n\u00e9cessaires pour garantir un niveau de protection des donn\u00e9es ad\u00e9quat.<\/p><h3>8. DUR\u00c9E DE CONSERVATION ET SUPPRESSION DE VOS DONN\u00c9ES PERSONNELLES<\/h3><p>Le l\u00e9gislateur a \u00e9dict\u00e9 un grand nombre de d\u00e9lais de conservation, que nous respectons avec le plus grand soin et pour lesquels nous b\u00e9n\u00e9ficions de conseils afin de satisfaire \u00e0 ces obligations.<\/p><p>En principe, dans ce contexte, nous ne conservons vos donn\u00e9es personnelles que tant que l'objectif d\u00e9fini le permet ou que le l\u00e9gislateur le prescrit pour des raisons de preuve.<\/p><p>Si nous devions conserver vos donn\u00e9es plus longtemps que d\u00e9crit pr\u00e9c\u00e9demment, nous vous demanderions une d\u00e9claration de consentement volontaire.<\/p><h3>9. droit d'acc\u00e8s, d'effacement, de rectification, d'opposition et de limitation de l'utilisation de vos donn\u00e9es personnelles<\/h3><p>Vous avez le droit de nous demander de confirmer si des donn\u00e9es \u00e0 caract\u00e8re personnel vous concernant sont trait\u00e9es.<br \/>Si tel est le cas, vous avez le droit d'acc\u00e9der \u00e0 ces donn\u00e9es \u00e0 caract\u00e8re personnel et d'obtenir les informations suivantes :<\/p><ul><li>les finalit\u00e9s du traitement<\/li><li>les cat\u00e9gories de donn\u00e9es \u00e0 caract\u00e8re personnel trait\u00e9es<\/li><li>les destinataires ou les cat\u00e9gories de destinataires auxquels vos donn\u00e9es \u00e0 caract\u00e8re personnel ont \u00e9t\u00e9 ou seront divulgu\u00e9es, en particulier les destinataires dans les pays tiers de l'UE ou les organisations internationales<\/li><li>si possible, la dur\u00e9e pr\u00e9vue de conservation de vos donn\u00e9es \u00e0 caract\u00e8re personnel ou, si cela n'est pas possible, les crit\u00e8res de d\u00e9termination de cette dur\u00e9e<\/li><li>l'existence d'un droit de rectification ou d'effacement des donn\u00e9es \u00e0 caract\u00e8re personnel vous concernant ou d'un droit de limitation du traitement par nos soins ou d'un droit d'opposition \u00e0 ce traitement<\/li><li>l'existence d'un droit de recours aupr\u00e8s d'une autorit\u00e9 de surveillance<\/li><li>si les donn\u00e9es \u00e0 caract\u00e8re personnel ne sont pas collect\u00e9es aupr\u00e8s de la personne concern\u00e9e, toutes les informations disponibles sur l'origine des donn\u00e9es<\/li><li>en cas d'existence d'une prise de d\u00e9cision automatis\u00e9e, y compris le profilage (informations pertinentes sur la logique impliqu\u00e9e ainsi que sur la port\u00e9e et les effets escompt\u00e9s d'un tel traitement pour votre personne).<\/li><\/ul><p>Si vos donn\u00e9es \u00e0 caract\u00e8re personnel sont transf\u00e9r\u00e9es vers un pays tiers ou une organisation internationale, vous avez le droit d'\u00eatre inform\u00e9 des \"garanties\" appropri\u00e9es en ce qui concerne l'assurance d'un niveau suffisant de protection des donn\u00e9es dans le contexte du transfert.<\/p><p>Nous vous fournirons gratuitement une copie des donn\u00e9es \u00e0 caract\u00e8re personnel faisant l'objet du traitement. Pour toute autre copie que vous demanderez, nous pouvons exiger une r\u00e9mun\u00e9ration raisonnable bas\u00e9e sur les co\u00fbts administratifs.<\/p><p>Si vous introduisez votre demande par voie \u00e9lectronique, vous recevrez les informations dans un format \u00e9lectronique courant, sauf indication contraire de votre part.<\/p><p>Le droit d'obtenir une copie peut \u00eatre limit\u00e9 si cela porte atteinte aux droits et libert\u00e9s d'autres personnes.<\/p><p>Vous avez le droit d'exiger de nous, sans d\u00e9lai, la rectification des donn\u00e9es \u00e0 caract\u00e8re personnel vous concernant qui sont inexactes. Compte tenu des finalit\u00e9s du traitement, vous avez le droit de demander que les donn\u00e9es \u00e0 caract\u00e8re personnel incompl\u00e8tes soient compl\u00e9t\u00e9es, y compris au moyen d'une d\u00e9claration compl\u00e9mentaire.<br \/>Pour exercer ce droit, vous pouvez vous adresser \u00e0 notre d\u00e9l\u00e9gu\u00e9 \u00e0 la protection des donn\u00e9es.<\/p><p>Vous avez le droit de demander la suppression des donn\u00e9es personnelles que nous d\u00e9tenons \u00e0 votre sujet, dans la mesure o\u00f9 l'un des crit\u00e8res suivants est rempli :<\/p><ul><li>les donn\u00e9es \u00e0 caract\u00e8re personnel ne sont plus n\u00e9cessaires \u00e0 l'accomplissement de la finalit\u00e9 convenue<\/li><li>vous retirez une d\u00e9claration de consentement volontaire que vous avez accord\u00e9e (la l\u00e9galit\u00e9 du traitement effectu\u00e9 sur la base du consentement jusqu'\u00e0 son retrait n'en est toutefois pas affect\u00e9e).<\/li><li>Vos donn\u00e9es personnelles ont \u00e9t\u00e9 trait\u00e9es ill\u00e9galement jusqu'\u00e0 pr\u00e9sent.<\/li><li>Il existe une obligation l\u00e9gale de supprimer les donn\u00e9es.<\/li><li>Les donn\u00e9es \u00e0 caract\u00e8re personnel ont \u00e9t\u00e9 collect\u00e9es en relation avec des services de la soci\u00e9t\u00e9 de l'information offerts (personnes de moins de 16 ans). En outre, vous avez le droit de nous demander de limiter le traitement si l'une des conditions suivantes est remplie :<\/li><li>Vous contestez l'exactitude des donn\u00e9es \u00e0 caract\u00e8re personnel, et ce pendant une dur\u00e9e qui nous permet de v\u00e9rifier l'exactitude des donn\u00e9es \u00e0 caract\u00e8re personnel.<\/li><li>le traitement est illicite et vous refusez l'effacement de vos donn\u00e9es \u00e0 caract\u00e8re personnel et demandez \u00e0 la place la limitation de l'utilisation de vos donn\u00e9es \u00e0 caract\u00e8re personnel.<\/li><li>si nous n'avons plus besoin de vos donn\u00e9es personnelles aux fins du traitement, mais que vous en avez besoin pour faire valoir, exercer ou d\u00e9fendre des droits en justice.<\/li><li>si vous vous \u00eates oppos\u00e9 au traitement, tant qu'il n'est pas \u00e9tabli que nos motifs l\u00e9gitimes pr\u00e9valent sur les v\u00f4tres.<\/li><\/ul><h3>10. DROIT \u00c0 LA PORTABILIT\u00c9 DES DONN\u00c9ES<\/h3><p>Vous avez le droit de recevoir les donn\u00e9es personnelles que nous avons enregistr\u00e9es \u00e0 votre sujet, dans la mesure o\u00f9 elles sont trait\u00e9es par un proc\u00e9d\u00e9 automatis\u00e9, dans un format structur\u00e9, courant et lisible par machine.<\/p><p>Vous avez \u00e9galement le droit de transmettre ces donn\u00e9es \u00e0 une autre personne responsable sans que nous y fassions obstacle, \u00e0 laquelle les donn\u00e9es personnelles ont \u00e9t\u00e9 fournies.<\/p><p>Lorsque vous exercez votre droit \u00e0 la portabilit\u00e9 des donn\u00e9es, vous avez le droit d'obtenir que vos donn\u00e9es \u00e0 caract\u00e8re personnel soient transmises directement par nos soins \u00e0 un autre responsable du traitement, dans la mesure o\u00f9 cela est techniquement possible.<\/p><p>Le droit \u00e0 la portabilit\u00e9 des donn\u00e9es peut \u00eatre limit\u00e9 dans la mesure o\u00f9 les droits ou les libert\u00e9s d'autres personnes sont affect\u00e9s par l'exercice de ce droit.<\/p><h3>11. DROIT DE R\u00c9TRACTATION DU CONSENTEMENT ET MAINTIEN DU CONSENTEMENT ACCORD\u00c9<\/h3><p>Dans la mesure o\u00f9 nous traitons des donn\u00e9es personnelles vous concernant sur la base d'une d\u00e9claration de consentement, vous avez le droit de r\u00e9voquer le consentement donn\u00e9. La l\u00e9galit\u00e9 du traitement effectu\u00e9 sur la base du consentement jusqu'\u00e0 la r\u00e9vocation n'en est toutefois pas affect\u00e9e.\u00a0<\/p><p>En ce qui concerne le respect des d\u00e9lais de conservation, il convient \u00e9galement de tenir compte du point 8 de la pr\u00e9sente d\u00e9claration de protection des donn\u00e9es.<\/p><h3>12. DROIT DE RECOURS AUPR\u00c8S DE L'AUTORIT\u00c9 DE SURVEILLANCE<\/h3><p>Si vous estimez qu'il est n\u00e9cessaire de d\u00e9poser une plainte aupr\u00e8s de l'autorit\u00e9 de contr\u00f4le comp\u00e9tente, vous \u00eates libre d'exercer ce droit \u00e0 tout moment.<\/p><p>L'adresse de l'autorit\u00e9 de surveillance comp\u00e9tente dans le Baden W\u00fcrttemberg est la suivante :<\/p><p>Le commissaire du Land \u00e0 la protection des donn\u00e9es et \u00e0 la libert\u00e9 d'information<br \/>K\u00f6nigstrasse 10 a<br \/>70173 Stuttgart<br \/>T\u00e9l : 0711 615 541 0<br \/>T\u00e9l\u00e9copieur : 0711 615 541 15<br \/>Courrier \u00e9lectronique :\u00a0<a href=\"mailto:poststelle@lfdi.bwl.de\">poststelle@lfdi.bwl.de<\/a><\/p><h3>13. OBLIGATION DE FOURNIR VOS DONN\u00c9ES PERSONNELLES ET CONS\u00c9QUENCES POSSIBLES D'UN REFUS DE LES FOURNIR<\/h3><p>Pour remplir notre prestation contractuelle ou pour \u00e9tablir une offre individuelle, nous avons besoin des donn\u00e9es personnelles que nous avons collect\u00e9es aupr\u00e8s de vous.<br \/>Sans ces donn\u00e9es personnelles, il n'est pas possible d'\u00e9tablir des offres ou de fournir les services et travaux demand\u00e9s.<\/p><h3>14. PRISE DE D\u00c9CISION AUTOMATIQUE ET PROFILAGE<\/h3><p>Aucune prise de d\u00e9cision automatis\u00e9e n'est effectu\u00e9e en ce qui concerne votre personne. Aucun \"profilage\" (informations significatives sur la logique impliqu\u00e9e ainsi que sur la port\u00e9e et les effets escompt\u00e9s d'un tel traitement pour votre personne) n'est effectu\u00e9 \u00e0 l'aide des donn\u00e9es \u00e0 caract\u00e8re personnel collect\u00e9es aupr\u00e8s de vous.<\/p><h3>15. CHANGEMENT D'AFFECTATION<\/h3><p>Dans la mesure o\u00f9 nous avons l'intention de modifier la finalit\u00e9 pour laquelle vos donn\u00e9es personnelles ont \u00e9t\u00e9 initialement collect\u00e9es, nous vous en informerons au pr\u00e9alable de mani\u00e8re d\u00e9taill\u00e9e et transparente.<\/p><p>Dans ce cas, nous vous fournissons bien entendu toutes les informations requises par la loi.<br \/>Si le changement de finalit\u00e9 implique le traitement de donn\u00e9es \u00e0 caract\u00e8re personnel sur la base juridique d'une d\u00e9claration de consentement volontaire, nous vous en informerons et vous demanderons votre consentement formel en cons\u00e9quence.<\/p><h3>16. QUESTIONS OUVERTES, PLAINTES OU SUGGESTIONS<\/h3><p>N'h\u00e9sitez pas \u00e0 nous contacter pour toute question, r\u00e9clamation ou suggestion en mati\u00e8re de protection des donn\u00e9es. Si n\u00e9cessaire, vous pouvez vous adresser \u00e0 notre responsable de la protection des donn\u00e9es (voir point 2 de la pr\u00e9sente d\u00e9claration de protection des donn\u00e9es).<\/p><p>Version de la d\u00e9claration de protection des donn\u00e9es : 01.10.2022<\/p>\n    <\/div>\n     \n    \n     \n    \n  <\/div>\n<\/div>\n\n\n<div id=\"uc_faq_icon_accordion_elementor_628e903_item5\" class=\"uc_ac_box  elementor-repeater-item-9a6f5f1\">\n  <div class=\"uc-heading uc_trigger\">\n    \n        <div class=\"ue_icon_holder\">\n      <div class=\"ue_icon_q\">5<\/div>\n    <\/div>\n    \n        \n    <h3 class=\"ue_title\">D\u00e9claration de protection des donn\u00e9es pour les contacts sur les salons<\/h3>\n    \n    \n        \n    <div class=\"ue_expand\">\n      <div class=\"ue_expand_inside\">\n      <span class=\"uc_dactive bbb ue_accordion_icon\" ><i class='secondit secondit-angle-down'><\/i><\/span>\n      <span class=\"uc_active bbb ue_accordion_icon\"><i class='secondit secondit-angle-up'><\/i><\/span>\n      <\/div>\n    <\/div>\n        \n  <\/div>\n  <!-- end of heading -->\n  \n  \n  <div class=\"uc_content\" >\n        <div class=\"uc_content_wraper\">    \t\n      <p>Cette d\u00e9claration de protection des donn\u00e9es a pour but d'informer sur la nature, l'\u00e9tendue et la finalit\u00e9 de la collecte et de l'utilisation des donn\u00e9es personnelles par la soci\u00e9t\u00e9 Second IT Store GmbH dans le cadre des salons.<\/p><p>Second IT Store GmbH prend tr\u00e8s au s\u00e9rieux la protection des donn\u00e9es personnelles et les traite de mani\u00e8re confidentielle et conform\u00e9ment aux dispositions l\u00e9gales.<\/p><p>Vous trouverez les d\u00e9finitions des termes utilis\u00e9s (par ex. \"donn\u00e9es \u00e0 caract\u00e8re personnel\" ou \"traitement\") \u00e0 l'article 4 du RGPD.<\/p><h3>1. responsabilit\u00e9 du traitement des donn\u00e9es<\/h3><p>La soci\u00e9t\u00e9 Second IT Store GmbH est responsable de la collecte et du traitement de vos donn\u00e9es personnelles et, par cons\u00e9quent, du respect des dispositions l\u00e9gales en mati\u00e8re de protection des donn\u00e9es.<\/p><p>Nos coordonn\u00e9es sont les suivantes :<br \/>Second IT Store GmbH<br \/>Steinbeisweg 1<br \/>74523 Schw\u00e4bisch Hall<br \/>T\u00e9l : 0791 954 000 0<br \/>Courrier \u00e9lectronique :\u00a0<a href=\"mailto:info@second-it.de\">info@second-it.de<\/a><\/p><h3>2. personne de contact pour la protection des donn\u00e9es<\/h3><p>En cas de besoin, vous pouvez contacter notre d\u00e9l\u00e9gu\u00e9 \u00e0 la protection des donn\u00e9es officiellement d\u00e9sign\u00e9 en utilisant les coordonn\u00e9es ci-dessous :<\/p><p>Second IT Store GmbH<br \/>Michael Schatzinger<br \/>Steinbeisweg 1<br \/>74523 Schw\u00e4bisch Hall<br \/>Courrier \u00e9lectronique :\u00a0<a href=\"mailto:datenschutz@second-it.de\">datenschutz@second-it.de<\/a><\/p><h3>3. finalit\u00e9 de la collecte de donn\u00e9es<\/h3><p>Nous avons besoin de vos donn\u00e9es personnelles pour une ou plusieurs des raisons suivantes :<\/p><ul><li>envoi de mat\u00e9riel d'information sur demande<\/li><li>Traitement des demandes<\/li><li>Cr\u00e9ation d'offres individuelles<\/li><li>R\u00e9daction d'un contrat de vente, de service ou d'entreprise<\/li><\/ul><h3>4. base juridique<\/h3><p>Si vous nous transmettez vos donn\u00e9es de contact pour \u00eatre inform\u00e9 sur des produits, des services ou des nouveaut\u00e9s, pour convenir d'un rendez-vous de conseil ou pour r\u00e9pondre \u00e0 des demandes, le traitement se fait sur la base juridique suivante :<br \/><b>Article 6 du RGPD, paragraphe 1, point a)<\/b><br \/>\"... la personne concern\u00e9e a donn\u00e9 son consentement au traitement des donn\u00e9es \u00e0 caract\u00e8re personnel la concernant pour une ou plusieurs finalit\u00e9s d\u00e9termin\u00e9es\".<\/p><p>S'il s'agit de l'initiation ou de l'ex\u00e9cution de contrats conclus avec votre entreprise, cela se fait sur la base du droit :<br \/><b>Article 6 du RGPD, paragraphe 1, point f)<\/b><br \/>\" ... le traitement est n\u00e9cessaire aux fins des int\u00e9r\u00eats l\u00e9gitimes poursuivis par le responsable du traitement ou par un tiers, \u00e0 moins que ne pr\u00e9valent les int\u00e9r\u00eats ou les libert\u00e9s et droits fondamentaux de la personne concern\u00e9e, qui exigent une protection des donn\u00e9es \u00e0 caract\u00e8re personnel, ...\"<\/p><h3>5. autres d\u00e9tails sur la finalit\u00e9 de l'utilisation \/ int\u00e9r\u00eats l\u00e9gitimes du responsable du traitement<\/h3><div><p>Notre int\u00e9r\u00eat l\u00e9gitime r\u00e9side dans le fait que la pr\u00e9paration et l'ex\u00e9cution de contrats avec votre entreprise ne sont possibles que si nous traitons un minimum de donn\u00e9es \u00e0 caract\u00e8re personnel (par exemple, les coordonn\u00e9es des personnes de contact) afin de mener une communication efficace et cibl\u00e9e.<\/p><p>Pour tous les sujets relatifs aux contrats ou \u00e0 leur pr\u00e9paration directement avec vous, par exemple l'\u00e9tablissement d'offres ou la conclusion et l'ex\u00e9cution de contrats de vente, nous traitons vos donn\u00e9es \u00e0 caract\u00e8re personnel sur la base juridique suivante :<br \/>Article 6 du RGPD, paragraphe 1, point b)<br \/>\" .... le traitement est n\u00e9cessaire \u00e0 l'ex\u00e9cution d'un contrat auquel la personne concern\u00e9e est partie ou \u00e0 l'ex\u00e9cution de mesures pr\u00e9contractuelles prises \u00e0 la demande de celle-ci \".<\/p><\/div><h3>6. partage interne et externe de vos donn\u00e9es personnelles<\/h3><p>Une transmission interne de vos donn\u00e9es personnelles a lieu exclusivement dans le cadre des objectifs d\u00e9finis au point 3 de la pr\u00e9sente d\u00e9claration de protection des donn\u00e9es, conform\u00e9ment au principe de minimisation des donn\u00e9es et aux autres principes de protection des donn\u00e9es.<br \/>Un transfert externe de vos donn\u00e9es personnelles peut avoir lieu dans les circonstances suivantes.<\/p><ul><li>Transmission \u00e0 nos repr\u00e9sentants commerciaux pour le traitement ult\u00e9rieur de leur demande.<\/li><li>les prestataires de services informatiques travaillant pour nous ont acc\u00e8s \u00e0 vos donn\u00e9es dans le cadre de leurs activit\u00e9s administratives.<\/li><\/ul><h3>7. transfert de vos donn\u00e9es \u00e0 caract\u00e8re personnel vers un pays tiers ou une organisation internationale (en dehors du champ d'application du RGPD)<\/h3><p>Nous ne transmettons pas vos donn\u00e9es \u00e0 un pays tiers de l'UE ou \u00e0 une organisation active au niveau international. Si cela s'av\u00e9rait n\u00e9cessaire, nous vous en informerions au pr\u00e9alable et prendrions toutes les mesures n\u00e9cessaires pour garantir un niveau de protection des donn\u00e9es ad\u00e9quat.<\/p><h3>8. dur\u00e9e de conservation et suppression de vos donn\u00e9es personnelles<\/h3><p>Le l\u00e9gislateur a \u00e9dict\u00e9 un grand nombre de d\u00e9lais de conservation, que nous respectons avec le plus grand soin et pour lesquels nous b\u00e9n\u00e9ficions de conseils afin de satisfaire \u00e0 ces obligations.<br \/>Dans ce contexte, le principe de base est que nous ne conservons vos donn\u00e9es personnelles que tant que l'objectif d\u00e9fini le permet ou que le l\u00e9gislateur l'impose pour des raisons de preuve. #<\/p><p>Si nous devions conserver vos donn\u00e9es plus longtemps comme d\u00e9crit pr\u00e9c\u00e9demment, nous vous demanderions de nous le confirmer dans le cadre d'une d\u00e9claration de consentement volontaire.<\/p><h3>9. droit d'acc\u00e8s, d'effacement, de rectification, d'opposition et de limitation de l'utilisation de vos donn\u00e9es personnelles<\/h3><p>Vous avez le droit de nous demander de confirmer si des donn\u00e9es \u00e0 caract\u00e8re personnel vous concernant sont trait\u00e9es.<br \/>Si tel est le cas, vous avez le droit d'acc\u00e9der \u00e0 ces donn\u00e9es \u00e0 caract\u00e8re personnel et d'obtenir les informations suivantes :<\/p><ul><li>les finalit\u00e9s du traitement<\/li><li>les cat\u00e9gories de donn\u00e9es \u00e0 caract\u00e8re personnel trait\u00e9es<\/li><li>les destinataires ou les cat\u00e9gories de destinataires auxquels vos donn\u00e9es \u00e0 caract\u00e8re personnel ont \u00e9t\u00e9 ou seront divulgu\u00e9es, en particulier les destinataires dans les pays tiers de l'UE ou les organisations internationales<\/li><li>si possible, la dur\u00e9e pr\u00e9vue de conservation de vos donn\u00e9es \u00e0 caract\u00e8re personnel ou, si cela n'est pas possible, les crit\u00e8res de d\u00e9termination de cette dur\u00e9e<\/li><li>l'existence d'un droit de rectification ou d'effacement des donn\u00e9es \u00e0 caract\u00e8re personnel vous concernant ou d'un droit de limitation du traitement par nos soins ou d'un droit d'opposition \u00e0 ce traitement<\/li><li>l'existence d'un droit de recours aupr\u00e8s d'une autorit\u00e9 de surveillance<\/li><li>si les donn\u00e9es \u00e0 caract\u00e8re personnel ne sont pas collect\u00e9es aupr\u00e8s de la personne concern\u00e9e, toutes les informations disponibles sur l'origine des donn\u00e9es<\/li><li>en cas d'existence d'une prise de d\u00e9cision automatis\u00e9e, y compris le profilage (informations pertinentes sur la logique impliqu\u00e9e ainsi que sur la port\u00e9e et les effets escompt\u00e9s d'un tel traitement pour votre personne).<\/li><\/ul><p>Si vos donn\u00e9es \u00e0 caract\u00e8re personnel sont transf\u00e9r\u00e9es vers un pays tiers ou une organisation internationale, vous avez le droit d'\u00eatre inform\u00e9 des \"garanties\" appropri\u00e9es en ce qui concerne l'assurance d'un niveau suffisant de protection des donn\u00e9es dans le contexte du transfert.<\/p><p>Nous vous fournirons gratuitement une copie des donn\u00e9es \u00e0 caract\u00e8re personnel faisant l'objet du traitement. Pour toute autre copie que vous demanderez, nous pouvons exiger une r\u00e9mun\u00e9ration raisonnable bas\u00e9e sur les co\u00fbts administratifs.<\/p><p>Si vous introduisez votre demande par voie \u00e9lectronique, vous recevrez les informations dans un format \u00e9lectronique courant, sauf indication contraire de votre part.<\/p><p>Le droit d'obtenir une copie peut \u00eatre limit\u00e9 si cela porte atteinte aux droits et libert\u00e9s d'autres personnes.<\/p><p>Vous avez le droit d'exiger de nous, sans d\u00e9lai, la rectification des donn\u00e9es \u00e0 caract\u00e8re personnel vous concernant qui sont inexactes. Compte tenu des finalit\u00e9s du traitement, vous avez le droit de demander que les donn\u00e9es \u00e0 caract\u00e8re personnel incompl\u00e8tes soient compl\u00e9t\u00e9es, y compris au moyen d'une d\u00e9claration compl\u00e9mentaire.<br \/>Pour exercer ce droit, vous pouvez vous adresser \u00e0 notre d\u00e9l\u00e9gu\u00e9 \u00e0 la protection des donn\u00e9es.<\/p><p>Vous avez le droit de demander la suppression des donn\u00e9es personnelles que nous d\u00e9tenons \u00e0 votre sujet, dans la mesure o\u00f9 l'un des crit\u00e8res suivants est rempli :<\/p><ul><li>les donn\u00e9es \u00e0 caract\u00e8re personnel ne sont plus n\u00e9cessaires \u00e0 l'accomplissement de la finalit\u00e9 convenue<\/li><li>vous retirez une d\u00e9claration de consentement volontaire que vous avez accord\u00e9e (la l\u00e9galit\u00e9 du traitement effectu\u00e9 sur la base du consentement jusqu'\u00e0 son retrait n'en est toutefois pas affect\u00e9e).<\/li><li>Vos donn\u00e9es personnelles ont \u00e9t\u00e9 trait\u00e9es ill\u00e9galement jusqu'\u00e0 pr\u00e9sent.<\/li><li>Il existe une obligation l\u00e9gale de supprimer les donn\u00e9es.<\/li><li>Les donn\u00e9es \u00e0 caract\u00e8re personnel ont \u00e9t\u00e9 collect\u00e9es en relation avec des services de la soci\u00e9t\u00e9 de l'information offerts (personnes de moins de 16 ans). En outre, vous avez le droit de nous demander de limiter le traitement si l'une des conditions suivantes est remplie :<\/li><li>Vous contestez l'exactitude des donn\u00e9es \u00e0 caract\u00e8re personnel, et ce pendant une dur\u00e9e qui nous permet de v\u00e9rifier l'exactitude des donn\u00e9es \u00e0 caract\u00e8re personnel.<\/li><li>le traitement est illicite et vous refusez l'effacement de vos donn\u00e9es \u00e0 caract\u00e8re personnel et demandez \u00e0 la place la limitation de l'utilisation de vos donn\u00e9es \u00e0 caract\u00e8re personnel.<\/li><li>si nous n'avons plus besoin de vos donn\u00e9es personnelles aux fins du traitement, mais que vous en avez besoin pour faire valoir, exercer ou d\u00e9fendre des droits en justice.<\/li><li>si vous vous \u00eates oppos\u00e9 au traitement, tant qu'il n'est pas \u00e9tabli que nos motifs l\u00e9gitimes pr\u00e9valent sur les v\u00f4tres.<\/li><\/ul><h3>10. DROIT \u00c0 LA PORTABILIT\u00c9 DES DONN\u00c9ES<\/h3><p>Vous avez le droit de recevoir les donn\u00e9es personnelles que nous avons enregistr\u00e9es \u00e0 votre sujet, dans la mesure o\u00f9 elles sont trait\u00e9es par un proc\u00e9d\u00e9 automatis\u00e9, dans un format structur\u00e9, courant et lisible par machine.<\/p><p>Vous avez \u00e9galement le droit de transmettre ces donn\u00e9es \u00e0 une autre personne responsable sans que nous y fassions obstacle, \u00e0 laquelle les donn\u00e9es personnelles ont \u00e9t\u00e9 fournies.<\/p><p>Lorsque vous exercez votre droit \u00e0 la portabilit\u00e9 des donn\u00e9es, vous avez le droit d'obtenir que vos donn\u00e9es \u00e0 caract\u00e8re personnel soient transmises directement par nos soins \u00e0 un autre responsable du traitement, dans la mesure o\u00f9 cela est techniquement possible.<\/p><p>Le droit \u00e0 la portabilit\u00e9 des donn\u00e9es peut \u00eatre limit\u00e9 dans la mesure o\u00f9 les droits ou les libert\u00e9s d'autres personnes sont affect\u00e9s par l'exercice de ce droit.<\/p><h3>11. DROIT DE R\u00c9TRACTATION DU CONSENTEMENT ET MAINTIEN DU CONSENTEMENT ACCORD\u00c9<\/h3><p>Dans la mesure o\u00f9 nous traitons des donn\u00e9es personnelles vous concernant sur la base d'une d\u00e9claration de consentement, vous avez le droit de r\u00e9voquer le consentement donn\u00e9. La l\u00e9galit\u00e9 du traitement effectu\u00e9 sur la base du consentement jusqu'\u00e0 la r\u00e9vocation n'en est toutefois pas affect\u00e9e.\u00a0<\/p><p>En ce qui concerne le respect des d\u00e9lais de conservation, il convient \u00e9galement de tenir compte du point 8 de la pr\u00e9sente d\u00e9claration de protection des donn\u00e9es.<\/p><h3>12. DROIT DE RECOURS AUPR\u00c8S DE L'AUTORIT\u00c9 DE SURVEILLANCE<\/h3><p>Si vous estimez qu'il est n\u00e9cessaire de d\u00e9poser une plainte aupr\u00e8s de l'autorit\u00e9 de contr\u00f4le comp\u00e9tente, vous \u00eates libre d'exercer ce droit \u00e0 tout moment.<\/p><p>L'adresse de l'autorit\u00e9 de surveillance comp\u00e9tente dans le Baden W\u00fcrttemberg est la suivante :<\/p><p>Le commissaire du Land \u00e0 la protection des donn\u00e9es et \u00e0 la libert\u00e9 d'information<br \/>K\u00f6nigstrasse 10 a<br \/>70173 Stuttgart<br \/>T\u00e9l : 0711 615 541 0<br \/>T\u00e9l\u00e9copieur : 0711 615 541 15<br \/>Courrier \u00e9lectronique :\u00a0<a href=\"mailto:poststelle@lfdi.bwl.de\">poststelle@lfdi.bwl.de<\/a><\/p><h3>13. obligation de fournir vos donn\u00e9es \u00e0 caract\u00e8re personnel et cons\u00e9quences possibles en cas de refus de les fournir<\/h3><p>Pour accomplir les t\u00e2ches mentionn\u00e9es au point 3, nous avons besoin de vos donn\u00e9es personnelles, car nous devons communiquer avec vous \u00e0 cet effet. Sans les donn\u00e9es de contact correspondantes, cette communication n'est pas possible.<\/p><h3>14) Prise de d\u00e9cision automatique et profilage<\/h3><p>Aucune prise de d\u00e9cision automatis\u00e9e n'est effectu\u00e9e en ce qui concerne votre personne. Il n'est pas non plus proc\u00e9d\u00e9 \u00e0 un \"profilage\" \u00e0 l'aide des donn\u00e9es personnelles collect\u00e9es aupr\u00e8s de vous.<\/p><h3>15. changement d'objectif<\/h3><p>Si nous avons l'intention de modifier la finalit\u00e9 pour laquelle vos donn\u00e9es personnelles ont \u00e9t\u00e9 initialement collect\u00e9es, nous vous en informerons pr\u00e9alablement de mani\u00e8re d\u00e9taill\u00e9e et transparente.<br \/>Dans ce cas, nous vous fournissons bien entendu toutes les informations requises par la loi.<\/p><p>Si le changement de finalit\u00e9 implique le traitement de donn\u00e9es \u00e0 caract\u00e8re personnel sur la base juridique d'une d\u00e9claration de consentement volontaire, nous vous en informerons et vous demanderons votre consentement formel en cons\u00e9quence.<\/p><h3>16. questions ouvertes, plaintes ou suggestions<\/h3><p>N'h\u00e9sitez pas \u00e0 nous contacter pour toute question, r\u00e9clamation ou suggestion en mati\u00e8re de protection des donn\u00e9es. Si n\u00e9cessaire, vous pouvez vous adresser \u00e0 notre responsable de la protection des donn\u00e9es (voir point 2 de la pr\u00e9sente d\u00e9claration de protection des donn\u00e9es).<\/p><p>Version : 01.10.2022<\/p>\n    <\/div>\n     \n    \n     \n    \n  <\/div>\n<\/div>\n\n\n<div id=\"uc_faq_icon_accordion_elementor_628e903_item6\" class=\"uc_ac_box  elementor-repeater-item-5a56ccc\">\n  <div class=\"uc-heading uc_trigger\">\n    \n        <div class=\"ue_icon_holder\">\n      <div class=\"ue_icon_q\">6<\/div>\n    <\/div>\n    \n        \n    <h3 class=\"ue_title\">D\u00e9claration de confidentialit\u00e9 pour la liste des visiteurs<\/h3>\n    \n    \n        \n    <div class=\"ue_expand\">\n      <div class=\"ue_expand_inside\">\n      <span class=\"uc_dactive bbb ue_accordion_icon\" ><i class='secondit secondit-angle-down'><\/i><\/span>\n      <span class=\"uc_active bbb ue_accordion_icon\"><i class='secondit secondit-angle-up'><\/i><\/span>\n      <\/div>\n    <\/div>\n        \n  <\/div>\n  <!-- end of heading -->\n  \n  \n  <div class=\"uc_content\" >\n        <div class=\"uc_content_wraper\">    \t\n      <p>La pr\u00e9sente d\u00e9claration de protection des donn\u00e9es a pour but d'informer sur la nature, l'\u00e9tendue et la finalit\u00e9 de la collecte et de l'utilisation des donn\u00e9es personnelles par la soci\u00e9t\u00e9 Second IT Store GmbH en ce qui concerne la liste des visiteurs utilis\u00e9e.<\/p><p>Second IT Store GmbH prend tr\u00e8s au s\u00e9rieux la protection des donn\u00e9es personnelles et les traite de mani\u00e8re confidentielle et conform\u00e9ment aux dispositions l\u00e9gales.<\/p><p>Vous trouverez les d\u00e9finitions des termes utilis\u00e9s (par ex. \"donn\u00e9es \u00e0 caract\u00e8re personnel\" ou \"traitement\") \u00e0 l'article 4 du RGPD.<\/p><h3>1. responsabilit\u00e9 du traitement des donn\u00e9es<\/h3><p>La soci\u00e9t\u00e9 Second IT Store GmbH est responsable de la collecte et du traitement de vos donn\u00e9es personnelles et, par cons\u00e9quent, du respect des dispositions l\u00e9gales en mati\u00e8re de protection des donn\u00e9es.<\/p><p>Nos coordonn\u00e9es sont les suivantes :<br \/>Second IT Store GmbH<br \/>Steinbeisweg 1<br \/>74523 Schw\u00e4bisch Hall<br \/>T\u00e9l : 0791 954 000 0<br \/>Courrier \u00e9lectronique :\u00a0<a href=\"mailto:info@second-it.de\">info@second-it.de<\/a><\/p><h3>2. personne de contact pour la protection des donn\u00e9es<\/h3><p>En cas de besoin, vous pouvez contacter notre d\u00e9l\u00e9gu\u00e9 \u00e0 la protection des donn\u00e9es officiellement d\u00e9sign\u00e9 en utilisant les coordonn\u00e9es ci-dessous :<\/p><p>Second IT Store GmbH<br \/>Michael Schatzinger<br \/>Steinbeisweg 1<br \/>74523 Schw\u00e4bisch Hall<br \/>Courrier \u00e9lectronique :\u00a0<a href=\"mailto:datenschutz@second-it.de\">datenschutz@second-it.de<\/a><\/p><h3>3. finalit\u00e9 de la collecte de donn\u00e9es<\/h3><p>Nous avons besoin des donn\u00e9es personnelles que vous avez collect\u00e9es dans la liste des visiteurs afin de documenter qui s'est trouv\u00e9 dans nos locaux ou sur notre terrain d'exploitation et \u00e0 quel moment. En cas d'incident, cela nous permet de d\u00e9limiter le cercle des visiteurs qui peuvent \u00e9ventuellement nous fournir des informations suppl\u00e9mentaires n\u00e9cessaires \u00e0 l'\u00e9lucidation de l'affaire.<br \/>En outre, nous utilisons la liste des visiteurs comme preuve que vous avez pris connaissance des r\u00e8gles de comportement et des consignes de s\u00e9curit\u00e9 qui y sont imprim\u00e9es.<\/p><h3>4. base juridique<\/h3><p>La l\u00e9gitimit\u00e9 de la collecte de vos donn\u00e9es personnelles d\u00e9coule de l'article 6 du RGPD, paragraphe 1, point f) :<br \/>\" ... le traitement est n\u00e9cessaire aux fins des int\u00e9r\u00eats l\u00e9gitimes poursuivis par le responsable du traitement ou par un tiers, \u00e0 moins que ne pr\u00e9valent les int\u00e9r\u00eats ou les libert\u00e9s et droits fondamentaux de la personne concern\u00e9e, qui exigent une protection des donn\u00e9es \u00e0 caract\u00e8re personnel, ...\"<\/p><h3>5. autres d\u00e9tails sur l'utilisation pr\u00e9vue<\/h3><p>Notre int\u00e9r\u00eat l\u00e9gitime r\u00e9side dans le fait que nous sommes tenus de garantir la s\u00e9curit\u00e9 dans notre entreprise pour diverses raisons. Par exemple, la protection des donn\u00e9es stipule que les donn\u00e9es et les informations relatives aux personnes doivent \u00eatre prot\u00e9g\u00e9es de mani\u00e8re ad\u00e9quate. L'utilisation d'un registre des visiteurs est une m\u00e9thode reconnue \u00e0 cet effet.<\/p><h3>6. partage interne et externe de vos donn\u00e9es personnelles<\/h3><p>Les feuilles individuelles de la liste des visiteurs sont class\u00e9es chez nous dans l'administration. En r\u00e8gle g\u00e9n\u00e9rale, elles ne sont pas transmises.<\/p><p>En cas d'incident de s\u00e9curit\u00e9 n\u00e9cessitant l'\u00e9valuation des activit\u00e9s des visiteurs, il peut arriver que les donn\u00e9es soient examin\u00e9es par la direction. Dans ce cadre, la transmission aux autorit\u00e9s est \u00e9galement possible.<\/p><p>Nous veillerons toutefois toujours \u00e0 ce que cela se fasse conform\u00e9ment aux dispositions l\u00e9gales.<\/p><h3>7. transfert de vos donn\u00e9es \u00e0 caract\u00e8re personnel vers un pays tiers ou une organisation internationale (en dehors du champ d'application du RGPD)<\/h3><p>Nous ne transmettons pas vos donn\u00e9es \u00e0 un pays tiers en dehors de l'UE ou \u00e0 une organisation internationale.<\/p><h3>8. dur\u00e9e de conservation et suppression de vos donn\u00e9es personnelles<\/h3><p>En r\u00e8gle g\u00e9n\u00e9rale, les feuilles remplies de la liste des visiteurs sont d\u00e9truites apr\u00e8s 3 mois. Si nous avons besoin des donn\u00e9es pour \u00e9lucider un incident de s\u00e9curit\u00e9, certaines feuilles remplies peuvent \u00eatre conserv\u00e9es au-del\u00e0 des 3 mois. Elles sont alors imm\u00e9diatement d\u00e9truites d\u00e8s qu'elles ne sont plus n\u00e9cessaires.<\/p><h3>9. droit d'acc\u00e8s, d'effacement, de rectification, d'opposition et de limitation de l'utilisation de vos donn\u00e9es personnelles<\/h3><p>Vous avez le droit de nous demander de confirmer si des donn\u00e9es \u00e0 caract\u00e8re personnel vous concernant sont trait\u00e9es.<br \/>Si tel est le cas, vous avez le droit d'acc\u00e9der \u00e0 ces donn\u00e9es \u00e0 caract\u00e8re personnel et d'obtenir les informations suivantes :<\/p><ul><li>les finalit\u00e9s du traitement<\/li><li>les cat\u00e9gories de donn\u00e9es \u00e0 caract\u00e8re personnel trait\u00e9es<\/li><li>les destinataires ou les cat\u00e9gories de destinataires auxquels vos donn\u00e9es \u00e0 caract\u00e8re personnel ont \u00e9t\u00e9 ou seront divulgu\u00e9es, en particulier les destinataires dans les pays tiers de l'UE ou les organisations internationales<\/li><li>si possible, la dur\u00e9e pr\u00e9vue de conservation de vos donn\u00e9es \u00e0 caract\u00e8re personnel ou, si cela n'est pas possible, les crit\u00e8res de d\u00e9termination de cette dur\u00e9e<\/li><li>l'existence d'un droit de rectification ou d'effacement des donn\u00e9es \u00e0 caract\u00e8re personnel vous concernant ou d'un droit de limitation du traitement par nos soins ou d'un droit d'opposition \u00e0 ce traitement<\/li><li>l'existence d'un droit de recours aupr\u00e8s d'une autorit\u00e9 de surveillance<\/li><li>si les donn\u00e9es \u00e0 caract\u00e8re personnel ne sont pas collect\u00e9es aupr\u00e8s de la personne concern\u00e9e, toutes les informations disponibles sur l'origine des donn\u00e9es<\/li><li>en cas d'existence d'une prise de d\u00e9cision automatis\u00e9e, y compris le profilage (informations pertinentes sur la logique impliqu\u00e9e ainsi que sur la port\u00e9e et les effets escompt\u00e9s d'un tel traitement pour votre personne).<\/li><\/ul><p>Si vos donn\u00e9es \u00e0 caract\u00e8re personnel sont transf\u00e9r\u00e9es vers un pays tiers ou une organisation internationale, vous avez le droit d'\u00eatre inform\u00e9 des \"garanties\" appropri\u00e9es en ce qui concerne l'assurance d'un niveau suffisant de protection des donn\u00e9es dans le contexte du transfert.<\/p><p>Nous vous fournirons gratuitement une copie des donn\u00e9es \u00e0 caract\u00e8re personnel faisant l'objet du traitement. Pour toute autre copie que vous demanderez, nous pouvons exiger une r\u00e9mun\u00e9ration raisonnable bas\u00e9e sur les co\u00fbts administratifs.<\/p><p>Si vous introduisez votre demande par voie \u00e9lectronique, vous recevrez les informations dans un format \u00e9lectronique courant, sauf indication contraire de votre part.<\/p><p>Le droit d'obtenir une copie peut \u00eatre limit\u00e9 si cela porte atteinte aux droits et libert\u00e9s d'autres personnes.<\/p><p>Vous avez le droit d'exiger de nous, sans d\u00e9lai, la rectification des donn\u00e9es \u00e0 caract\u00e8re personnel vous concernant qui sont inexactes. Compte tenu des finalit\u00e9s du traitement, vous avez le droit de demander que les donn\u00e9es \u00e0 caract\u00e8re personnel incompl\u00e8tes soient compl\u00e9t\u00e9es, y compris au moyen d'une d\u00e9claration compl\u00e9mentaire.<br \/>Pour exercer ce droit, vous pouvez vous adresser \u00e0 notre d\u00e9l\u00e9gu\u00e9 \u00e0 la protection des donn\u00e9es.<\/p><p>Vous avez le droit de demander la suppression des donn\u00e9es personnelles que nous d\u00e9tenons \u00e0 votre sujet, dans la mesure o\u00f9 l'un des crit\u00e8res suivants est rempli :<\/p><ul><li>les donn\u00e9es \u00e0 caract\u00e8re personnel ne sont plus n\u00e9cessaires \u00e0 l'accomplissement de la finalit\u00e9 convenue<\/li><li>vous retirez une d\u00e9claration de consentement volontaire que vous avez accord\u00e9e (la l\u00e9galit\u00e9 du traitement effectu\u00e9 sur la base du consentement jusqu'\u00e0 son retrait n'en est toutefois pas affect\u00e9e).<\/li><li>Vos donn\u00e9es personnelles ont \u00e9t\u00e9 trait\u00e9es ill\u00e9galement jusqu'\u00e0 pr\u00e9sent.<\/li><li>Il existe une obligation l\u00e9gale de supprimer les donn\u00e9es.<\/li><li>Les donn\u00e9es \u00e0 caract\u00e8re personnel ont \u00e9t\u00e9 collect\u00e9es en relation avec des services de la soci\u00e9t\u00e9 de l'information offerts (personnes de moins de 16 ans). En outre, vous avez le droit de nous demander de limiter le traitement si l'une des conditions suivantes est remplie :<\/li><li>Vous contestez l'exactitude des donn\u00e9es \u00e0 caract\u00e8re personnel, et ce pendant une dur\u00e9e qui nous permet de v\u00e9rifier l'exactitude des donn\u00e9es \u00e0 caract\u00e8re personnel.<\/li><li>le traitement est illicite et vous refusez l'effacement de vos donn\u00e9es \u00e0 caract\u00e8re personnel et demandez \u00e0 la place la limitation de l'utilisation de vos donn\u00e9es \u00e0 caract\u00e8re personnel.<\/li><li>si nous n'avons plus besoin de vos donn\u00e9es personnelles aux fins du traitement, mais que vous en avez besoin pour faire valoir, exercer ou d\u00e9fendre des droits en justice.<\/li><li>si vous vous \u00eates oppos\u00e9 au traitement, tant qu'il n'est pas \u00e9tabli que nos motifs l\u00e9gitimes pr\u00e9valent sur les v\u00f4tres.<\/li><\/ul><h3>10. DROIT \u00c0 LA PORTABILIT\u00c9 DES DONN\u00c9ES<\/h3><p>Vous avez le droit de recevoir les donn\u00e9es personnelles que nous avons enregistr\u00e9es \u00e0 votre sujet, dans la mesure o\u00f9 elles sont trait\u00e9es par un proc\u00e9d\u00e9 automatis\u00e9, dans un format structur\u00e9, courant et lisible par machine.<\/p><p>Vous avez \u00e9galement le droit de transmettre ces donn\u00e9es \u00e0 une autre personne responsable sans que nous y fassions obstacle, \u00e0 laquelle les donn\u00e9es personnelles ont \u00e9t\u00e9 fournies.<\/p><p>Lorsque vous exercez votre droit \u00e0 la portabilit\u00e9 des donn\u00e9es, vous avez le droit d'obtenir que vos donn\u00e9es \u00e0 caract\u00e8re personnel soient transmises directement par nos soins \u00e0 un autre responsable du traitement, dans la mesure o\u00f9 cela est techniquement possible.<\/p><p>Le droit \u00e0 la portabilit\u00e9 des donn\u00e9es peut \u00eatre limit\u00e9 dans la mesure o\u00f9 les droits ou les libert\u00e9s d'autres personnes sont affect\u00e9s par l'exercice de ce droit.<\/p><h3>11. DROIT DE R\u00c9TRACTATION DU CONSENTEMENT ET MAINTIEN DU CONSENTEMENT ACCORD\u00c9<\/h3><p>Dans la mesure o\u00f9 nous traitons des donn\u00e9es personnelles vous concernant sur la base d'une d\u00e9claration de consentement, vous avez le droit de r\u00e9voquer le consentement donn\u00e9. La l\u00e9galit\u00e9 du traitement effectu\u00e9 sur la base du consentement jusqu'\u00e0 la r\u00e9vocation n'en est toutefois pas affect\u00e9e.\u00a0<\/p><p>En ce qui concerne le respect des d\u00e9lais de conservation, il convient \u00e9galement de tenir compte du point 8 de la pr\u00e9sente d\u00e9claration de protection des donn\u00e9es.<\/p><h3>12. DROIT DE RECOURS AUPR\u00c8S DE L'AUTORIT\u00c9 DE SURVEILLANCE<\/h3><p>Si vous estimez qu'il est n\u00e9cessaire de d\u00e9poser une plainte aupr\u00e8s de l'autorit\u00e9 de contr\u00f4le comp\u00e9tente, vous \u00eates libre d'exercer ce droit \u00e0 tout moment.<\/p><p>L'adresse de l'autorit\u00e9 de surveillance comp\u00e9tente dans le Baden W\u00fcrttemberg est la suivante :<\/p><p>Le commissaire du Land \u00e0 la protection des donn\u00e9es et \u00e0 la libert\u00e9 d'information<br \/>K\u00f6nigstrasse 10 a<br \/>70173 Stuttgart<br \/>T\u00e9l : 0711 615 541 0<br \/>T\u00e9l\u00e9copieur : 0711 615 541 15<br \/>Courrier \u00e9lectronique :\u00a0<a href=\"mailto:poststelle@lfdi.bwl.de\">poststelle@lfdi.bwl.de<\/a><\/p><h3>13. obligation de fournir vos donn\u00e9es \u00e0 caract\u00e8re personnel et cons\u00e9quences possibles en cas de refus de les fournir<\/h3><p>Nous avons besoin de vos donn\u00e9es personnelles pour accomplir les t\u00e2ches mentionn\u00e9es au point 3.<br \/>Si vous n'\u00eates pas pr\u00eat \u00e0 nous fournir ces donn\u00e9es, nous ne pourrons pas vous permettre d'entrer dans nos locaux et de poursuivre votre visite.<\/p><h3>14) Prise de d\u00e9cision automatique et profilage<\/h3><p>Aucune prise de d\u00e9cision automatis\u00e9e n'a lieu en ce qui concerne votre personne.<br \/>De m\u00eame, aucun \"profilage\" n'est effectu\u00e9 \u00e0 l'aide des donn\u00e9es personnelles collect\u00e9es aupr\u00e8s de vous.<\/p><h3>15. changement d'objectif<\/h3><p>Si nous avons l'intention de modifier la finalit\u00e9 pour laquelle vos donn\u00e9es personnelles ont \u00e9t\u00e9 initialement collect\u00e9es, nous vous en informerons pr\u00e9alablement de mani\u00e8re d\u00e9taill\u00e9e et transparente.<\/p><h3>16. questions ouvertes, plaintes ou suggestions<\/h3><p>N'h\u00e9sitez pas \u00e0 nous contacter pour toute question, r\u00e9clamation ou suggestion en mati\u00e8re de protection des donn\u00e9es. Si n\u00e9cessaire, vous pouvez vous adresser \u00e0 notre responsable de la protection des donn\u00e9es (voir point 2 de la pr\u00e9sente d\u00e9claration de protection des donn\u00e9es).<\/p><p>Version de la d\u00e9claration de protection des donn\u00e9es : 01.10.2022<\/p>\n    <\/div>\n     \n    \n     \n    \n  <\/div>\n<\/div>\n\n\n<div id=\"uc_faq_icon_accordion_elementor_628e903_item7\" class=\"uc_ac_box  elementor-repeater-item-72ca225\">\n  <div class=\"uc-heading uc_trigger\">\n    \n        <div class=\"ue_icon_holder\">\n      <div class=\"ue_icon_q\">7<\/div>\n    <\/div>\n    \n        \n    <h3 class=\"ue_title\">D\u00e9claration de protection des donn\u00e9es pour les amis et partenaires de r\u00e9seau<\/h3>\n    \n    \n        \n    <div class=\"ue_expand\">\n      <div class=\"ue_expand_inside\">\n      <span class=\"uc_dactive bbb ue_accordion_icon\" ><i class='secondit secondit-angle-down'><\/i><\/span>\n      <span class=\"uc_active bbb ue_accordion_icon\"><i class='secondit secondit-angle-up'><\/i><\/span>\n      <\/div>\n    <\/div>\n        \n  <\/div>\n  <!-- end of heading -->\n  \n  \n  <div class=\"uc_content\" >\n        <div class=\"uc_content_wraper\">    \t\n      <p>Chers amis et partenaires de r\u00e9seau,<\/p><p>Par la pr\u00e9sente, nous nous acquittons de notre devoir d'information en mati\u00e8re de protection des donn\u00e9es et souhaitons vous informer de mani\u00e8re transparente sur le traitement de vos donn\u00e9es personnelles.<\/p><h3>1. responsabilit\u00e9 du traitement des donn\u00e9es<\/h3><p>La soci\u00e9t\u00e9 Second IT Store GmbH est responsable de la collecte et du traitement de vos donn\u00e9es personnelles et, par cons\u00e9quent, du respect des dispositions l\u00e9gales en mati\u00e8re de protection des donn\u00e9es.<\/p><p>Nos coordonn\u00e9es sont les suivantes :<br \/>Second IT Store GmbH<br \/>Steinbeisweg 1<br \/>74523 Schw\u00e4bisch Hall<br \/>T\u00e9l : 0791 954 000 0<br \/>Courrier \u00e9lectronique :<a href=\"mailto:info@second-it.de\">\u00a0info@second-it.de<\/a><\/p><h3>2. personne de contact pour la protection des donn\u00e9es<\/h3><p>En cas de besoin, vous pouvez contacter notre d\u00e9l\u00e9gu\u00e9 \u00e0 la protection des donn\u00e9es officiellement d\u00e9sign\u00e9 en utilisant les coordonn\u00e9es ci-dessous :<\/p><p>Second IT Store GmbH<br \/>Michael Schatzinger<br \/>Steinbeisweg 1<br \/>74523 Schw\u00e4bisch Hall<br \/>Courrier \u00e9lectronique :\u00a0<a href=\"mailto:datenschutz@second-it.de\">datenschutz@second-it.de<\/a><\/p><h3>3. OBJECTIF DE LA COLLECTE DES DONN\u00c9ES<\/h3><p>Nous traitons vos donn\u00e9es personnelles pour les raisons suivantes :<\/p><ul><li>Concertation sur une \u00e9ventuelle collaboration<\/li><li>Concertation sur les int\u00e9r\u00eats communs<\/li><li>Partage d'exp\u00e9riences<\/li><\/ul><h3>4. BASE JURIDIQUE<\/h3><p>Nous traitons vos donn\u00e9es \u00e0 caract\u00e8re personnel sur la base juridique suivante :<br \/>Article 6 du RGPD, paragraphe 1, point f)<\/p><h3>5. AUTRES D\u00c9TAILS SUR LA FINALIT\u00c9 DE L'UTILISATION \/ INT\u00c9R\u00caTS L\u00c9GITIMES DU RESPONSABLE<\/h3><p>Afin de pouvoir r\u00e9aliser notre correspondance de vote conform\u00e9ment au point 3 de la pr\u00e9sente d\u00e9claration de protection des donn\u00e9es, nous avons besoin d'un minimum de donn\u00e9es personnelles. Dans ce contexte, nous respectons toujours le principe de minimisation des donn\u00e9es.<\/p><h3>6. PARTAGE INTERNE ET EXTERNE DE VOS DONN\u00c9ES PERSONNELLES<\/h3><p>Une transmission interne de vos donn\u00e9es personnelles a lieu exclusivement pour l'ex\u00e9cution des obligations contractuelles ou d'autres t\u00e2ches en rapport avec les activit\u00e9s mentionn\u00e9es au point 3.<\/p><p>Un transfert externe de vos donn\u00e9es personnelles peut avoir lieu dans les circonstances suivantes :<\/p><ul><li>la commande de services d'assistance pour lesquels l'acc\u00e8s \u00e0 vos donn\u00e9es personnelles est n\u00e9cessaire ou du moins ne peut \u00eatre totalement exclu.<br \/>(Il s'agit par exemple de services d'assistance informatique, de services de facturation ou de services de conseil fiscal)<\/li><li>Transmission de vos donn\u00e9es personnelles en raison d'obligations l\u00e9gales.<\/li><li>Transmission de vos donn\u00e9es personnelles \u00e0 d'autres partenaires du r\u00e9seau<\/li><\/ul><h3>7. transfert de vos donn\u00e9es \u00e0 caract\u00e8re personnel vers un pays tiers ou une organisation internationale (en dehors du champ d'application du RGPD)<\/h3><p>Nous ne transmettons pas vos donn\u00e9es \u00e0 un pays tiers de l'UE ou \u00e0 une organisation active au niveau international.<br \/>Si cela s'av\u00e9rait n\u00e9cessaire, nous vous en informerions au pr\u00e9alable et prendrions toutes les mesures n\u00e9cessaires pour garantir un niveau de protection des donn\u00e9es ad\u00e9quat.<\/p><h3>8. DUR\u00c9E DE CONSERVATION ET SUPPRESSION DE VOS DONN\u00c9ES PERSONNELLES<\/h3><p>Le l\u00e9gislateur a \u00e9dict\u00e9 un grand nombre de d\u00e9lais de conservation, que nous respectons avec le plus grand soin et pour lesquels nous b\u00e9n\u00e9ficions de conseils afin de satisfaire \u00e0 ces obligations.<\/p><p>En principe, dans ce contexte, nous ne conservons vos donn\u00e9es personnelles que tant que l'objectif d\u00e9fini le permet ou que le l\u00e9gislateur le prescrit pour des raisons de preuve.<\/p><p>Si nous devions conserver vos donn\u00e9es plus longtemps que d\u00e9crit pr\u00e9c\u00e9demment, nous vous demanderions une d\u00e9claration de consentement volontaire.<\/p><h3>9. DROIT D'ACC\u00c8S, D'EFFACEMENT, DE RECTIFICATION, D'OPPOSITION ET DE LIMITATION DE L'UTILISATION DE VOS DONN\u00c9ES PERSONNELLES<\/h3><p>Vous avez le droit de nous demander de confirmer si des donn\u00e9es \u00e0 caract\u00e8re personnel vous concernant sont trait\u00e9es. Si tel est le cas, vous avez le droit d'acc\u00e9der \u00e0 ces donn\u00e9es \u00e0 caract\u00e8re personnel et d'obtenir les informations suivantes :<\/p><ul><li>les finalit\u00e9s du traitement<\/li><li>les cat\u00e9gories de donn\u00e9es \u00e0 caract\u00e8re personnel trait\u00e9es<\/li><li>les destinataires ou les cat\u00e9gories de destinataires auxquels vos donn\u00e9es \u00e0 caract\u00e8re personnel ont \u00e9t\u00e9 ou seront divulgu\u00e9es, en particulier les destinataires dans les pays tiers de l'UE ou les organisations internationales<\/li><li>si possible, la dur\u00e9e pr\u00e9vue de conservation de vos donn\u00e9es \u00e0 caract\u00e8re personnel ou, si cela n'est pas possible, les crit\u00e8res de d\u00e9termination de cette dur\u00e9e<\/li><li>l'existence d'un droit de rectification ou d'effacement des donn\u00e9es \u00e0 caract\u00e8re personnel vous concernant ou d'un droit de limitation du traitement par nos soins ou d'un droit d'opposition \u00e0 ce traitement<\/li><li>l'existence d'un droit de recours aupr\u00e8s d'une autorit\u00e9 de surveillance<\/li><li>si les donn\u00e9es \u00e0 caract\u00e8re personnel ne sont pas collect\u00e9es aupr\u00e8s de la personne concern\u00e9e, toutes les informations disponibles sur l'origine des donn\u00e9es<\/li><li>en cas d'existence d'une prise de d\u00e9cision automatis\u00e9e, y compris le profilage (informations pertinentes sur la logique impliqu\u00e9e ainsi que sur la port\u00e9e et les effets escompt\u00e9s d'un tel traitement pour votre personne).<\/li><\/ul><p>Si vos donn\u00e9es \u00e0 caract\u00e8re personnel sont transf\u00e9r\u00e9es vers un pays tiers ou une organisation internationale, vous avez le droit d'\u00eatre inform\u00e9 des \"garanties\" appropri\u00e9es en ce qui concerne l'assurance d'un niveau suffisant de protection des donn\u00e9es dans le contexte du transfert.<\/p><p>Nous vous fournirons gratuitement une copie des donn\u00e9es \u00e0 caract\u00e8re personnel faisant l'objet du traitement. Pour toute autre copie que vous demandez, nous pouvons demander une r\u00e9mun\u00e9ration raisonnable bas\u00e9e sur les co\u00fbts administratifs. Si vous faites la demande par voie \u00e9lectronique, vous recevrez les informations dans un format \u00e9lectronique courant, sauf indication contraire de votre part.<\/p><p>Le droit d'obtenir une copie peut \u00eatre limit\u00e9 si cela porte atteinte aux droits et libert\u00e9s d'autres personnes.<\/p><p>Vous avez le droit d'exiger de nous, sans d\u00e9lai, la rectification des donn\u00e9es \u00e0 caract\u00e8re personnel vous concernant qui sont inexactes. Compte tenu des finalit\u00e9s du traitement, vous avez le droit de demander que les donn\u00e9es \u00e0 caract\u00e8re personnel incompl\u00e8tes soient compl\u00e9t\u00e9es, y compris au moyen d'une d\u00e9claration compl\u00e9mentaire.<br \/>Pour exercer ce droit, vous pouvez vous adresser \u00e0 notre d\u00e9l\u00e9gu\u00e9 \u00e0 la protection des donn\u00e9es.<\/p><p>Vous avez le droit de demander la suppression des donn\u00e9es personnelles que nous d\u00e9tenons \u00e0 votre sujet, dans la mesure o\u00f9 l'un des crit\u00e8res suivants est rempli :<\/p><ul><li>les donn\u00e9es \u00e0 caract\u00e8re personnel ne sont plus n\u00e9cessaires \u00e0 l'accomplissement de la finalit\u00e9 convenue<\/li><li>vous retirez une d\u00e9claration de consentement volontaire que vous avez accord\u00e9e (la l\u00e9galit\u00e9 du traitement effectu\u00e9 sur la base du consentement jusqu'\u00e0 son retrait n'en est toutefois pas affect\u00e9e).<\/li><li>Vos donn\u00e9es personnelles ont \u00e9t\u00e9 trait\u00e9es ill\u00e9galement jusqu'\u00e0 pr\u00e9sent.<\/li><li>Il existe une obligation l\u00e9gale de supprimer les donn\u00e9es.<\/li><li>Les donn\u00e9es \u00e0 caract\u00e8re personnel ont \u00e9t\u00e9 collect\u00e9es en relation avec des services de la soci\u00e9t\u00e9 de l'information offerts (personnes de moins de 16 ans). En outre, vous avez le droit de nous demander de limiter le traitement si l'une des conditions suivantes est remplie :<\/li><li>Vous contestez l'exactitude des donn\u00e9es \u00e0 caract\u00e8re personnel, et ce pendant une dur\u00e9e qui nous permet de v\u00e9rifier l'exactitude des donn\u00e9es \u00e0 caract\u00e8re personnel.<\/li><li>le traitement est illicite et vous refusez l'effacement de vos donn\u00e9es \u00e0 caract\u00e8re personnel et demandez \u00e0 la place la limitation de l'utilisation de vos donn\u00e9es \u00e0 caract\u00e8re personnel.<\/li><li>si nous n'avons plus besoin de vos donn\u00e9es personnelles aux fins du traitement, mais que vous en avez besoin pour faire valoir, exercer ou d\u00e9fendre des droits en justice.<\/li><li>si vous vous \u00eates oppos\u00e9 au traitement, tant qu'il n'est pas \u00e9tabli que nos motifs l\u00e9gitimes pr\u00e9valent sur les v\u00f4tres.<\/li><\/ul><h3>10. DROIT \u00c0 LA PORTABILIT\u00c9 DES DONN\u00c9ES<\/h3><p>Vous avez le droit de recevoir les donn\u00e9es personnelles que nous avons enregistr\u00e9es \u00e0 votre sujet, dans la mesure o\u00f9 elles sont trait\u00e9es par un proc\u00e9d\u00e9 automatis\u00e9, dans un format structur\u00e9, courant et lisible par machine.<\/p><p>Vous avez \u00e9galement le droit de transmettre ces donn\u00e9es \u00e0 une autre personne responsable sans que nous y fassions obstacle, \u00e0 laquelle les donn\u00e9es personnelles ont \u00e9t\u00e9 fournies.<\/p><p>Lorsque vous exercez votre droit \u00e0 la portabilit\u00e9 des donn\u00e9es, vous avez le droit d'obtenir que vos donn\u00e9es \u00e0 caract\u00e8re personnel soient transmises directement par nos soins \u00e0 un autre responsable du traitement, dans la mesure o\u00f9 cela est techniquement possible.<\/p><p>Le droit \u00e0 la portabilit\u00e9 des donn\u00e9es peut \u00eatre limit\u00e9 dans la mesure o\u00f9 les droits ou les libert\u00e9s d'autres personnes sont affect\u00e9s par l'exercice de ce droit.<\/p><h3>11. DROIT DE R\u00c9TRACTATION DU CONSENTEMENT ET MAINTIEN DU CONSENTEMENT ACCORD\u00c9<\/h3><p>Dans la mesure o\u00f9 nous traitons des donn\u00e9es personnelles vous concernant sur la base d'une d\u00e9claration de consentement, vous avez le droit de r\u00e9voquer le consentement donn\u00e9.<br \/>La l\u00e9galit\u00e9 du traitement effectu\u00e9 sur la base du consentement jusqu'\u00e0 la r\u00e9vocation n'en est toutefois pas affect\u00e9e.\u00a0<\/p><p>En ce qui concerne le respect des d\u00e9lais de conservation, il convient \u00e9galement de tenir compte du point 8 de la pr\u00e9sente d\u00e9claration de protection des donn\u00e9es.<\/p><h3>12. DROIT DE RECOURS AUPR\u00c8S DE L'AUTORIT\u00c9 DE SURVEILLANCE<\/h3><p>Si vous estimez qu'il est n\u00e9cessaire de d\u00e9poser une plainte aupr\u00e8s de l'autorit\u00e9 de contr\u00f4le comp\u00e9tente, vous \u00eates libre d'exercer ce droit \u00e0 tout moment.<\/p><p>L'adresse de l'autorit\u00e9 de surveillance comp\u00e9tente dans le Baden W\u00fcrttemberg est la suivante :<\/p><p>Le commissaire du Land \u00e0 la protection des donn\u00e9es et \u00e0 la libert\u00e9 d'information<br \/>K\u00f6nigstrasse 10 a<br \/>70173 Stuttgart<br \/>T\u00e9l : 0711 615 541 0<br \/>T\u00e9l\u00e9copieur : 0711 615 541 15<br \/>Courrier \u00e9lectronique :\u00a0<a href=\"mailto:poststelle@lfdi.bwl.de\">poststelle@lfdi.bwl.de<\/a><\/p><h3>13. OBLIGATION DE FOURNIR VOS DONN\u00c9ES PERSONNELLES ET CONS\u00c9QUENCES POSSIBLES D'UN REFUS DE LES FOURNIR<\/h3><p>Il n'existe aucune obligation de votre part de fournir vos donn\u00e9es personnelles.<br \/>Vous ne subirez aucun pr\u00e9judice si vous ne fournissez pas vos donn\u00e9es personnelles.<\/p><h3>14. PRISE DE D\u00c9CISION AUTOMATIQUE ET PROFILAGE<\/h3><p>Aucune prise de d\u00e9cision automatis\u00e9e n'est effectu\u00e9e en ce qui concerne votre personne. Aucun \"profilage\" (informations significatives sur la logique impliqu\u00e9e ainsi que sur la port\u00e9e et les effets escompt\u00e9s d'un tel traitement pour votre personne) n'est effectu\u00e9 \u00e0 l'aide des donn\u00e9es \u00e0 caract\u00e8re personnel collect\u00e9es aupr\u00e8s de vous.<\/p><h3>15. CHANGEMENT D'AFFECTATION<\/h3><p>Dans la mesure o\u00f9 nous avons l'intention de modifier la finalit\u00e9 pour laquelle vos donn\u00e9es personnelles ont \u00e9t\u00e9 initialement collect\u00e9es, nous vous en informerons au pr\u00e9alable de mani\u00e8re d\u00e9taill\u00e9e et transparente.<br \/>Dans ce cas, nous vous fournissons bien entendu toutes les informations requises par la loi.<\/p><p>Si le changement de finalit\u00e9 implique le traitement de donn\u00e9es \u00e0 caract\u00e8re personnel sur la base juridique d'une d\u00e9claration de consentement volontaire, nous vous en informerons et vous demanderons votre consentement formel en cons\u00e9quence.<\/p><h3>16. QUESTIONS OUVERTES, PLAINTES OU SUGGESTIONS<\/h3><p>N'h\u00e9sitez pas \u00e0 nous contacter pour toute question, r\u00e9clamation ou suggestion en mati\u00e8re de protection des donn\u00e9es. Si n\u00e9cessaire, vous pouvez vous adresser \u00e0 notre responsable de la protection des donn\u00e9es (voir point 2 de la pr\u00e9sente d\u00e9claration de protection des donn\u00e9es).<\/p><p>Version de la d\u00e9claration de protection des donn\u00e9es : 01.10.2022<\/p>\n    <\/div>\n     \n    \n     \n    \n  <\/div>\n<\/div>\n\n\n<div id=\"uc_faq_icon_accordion_elementor_628e903_item8\" class=\"uc_ac_box  elementor-repeater-item-505017d\">\n  <div class=\"uc-heading uc_trigger\">\n    \n        <div class=\"ue_icon_holder\">\n      <div class=\"ue_icon_q\">8<\/div>\n    <\/div>\n    \n        \n    <h3 class=\"ue_title\">D\u00e9claration de confidentialit\u00e9 pour la vid\u00e9osurveillance<\/h3>\n    \n    \n        \n    <div class=\"ue_expand\">\n      <div class=\"ue_expand_inside\">\n      <span class=\"uc_dactive bbb ue_accordion_icon\" ><i class='secondit secondit-angle-down'><\/i><\/span>\n      <span class=\"uc_active bbb ue_accordion_icon\"><i class='secondit secondit-angle-up'><\/i><\/span>\n      <\/div>\n    <\/div>\n        \n  <\/div>\n  <!-- end of heading -->\n  \n  \n  <div class=\"uc_content\" >\n        <div class=\"uc_content_wraper\">    \t\n      <p>La pr\u00e9sente d\u00e9claration de protection des donn\u00e9es a pour but d'informer sur la nature, l'\u00e9tendue et la finalit\u00e9 de la collecte et de l'utilisation des donn\u00e9es personnelles dans le cadre de la vid\u00e9osurveillance de la zone ext\u00e9rieure par la soci\u00e9t\u00e9 Second IT Store GmbH.<\/p><p>Second IT Store GmbH prend tr\u00e8s au s\u00e9rieux la protection des donn\u00e9es personnelles et les traite de mani\u00e8re confidentielle et conform\u00e9ment aux dispositions l\u00e9gales. \u00c9tant donn\u00e9 que les nouvelles technologies et le d\u00e9veloppement constant des proc\u00e9dures et m\u00e9thodes de traitement des donn\u00e9es peuvent entra\u00eener des modifications de la pr\u00e9sente d\u00e9claration de protection des donn\u00e9es, nous vous recommandons de la relire \u00e0 intervalles r\u00e9guliers.<\/p><p>Vous trouverez les d\u00e9finitions des termes utilis\u00e9s (par ex. \"donn\u00e9es \u00e0 caract\u00e8re personnel\" ou \"traitement\") \u00e0 l'article 4 du RGPD.<\/p><h3>1. responsabilit\u00e9 du traitement des donn\u00e9es<\/h3><p>La soci\u00e9t\u00e9 Second IT Store GmbH est responsable de la collecte et du traitement de vos donn\u00e9es personnelles et, par cons\u00e9quent, du respect des dispositions l\u00e9gales en mati\u00e8re de protection des donn\u00e9es.<\/p><p>Nos coordonn\u00e9es sont les suivantes :<br \/>Second IT Store GmbH<br \/>Steinbeisweg 1<br \/>74523 Schw\u00e4bisch Hall<br \/>T\u00e9l : 0791 954 000 0<br \/>Courrier \u00e9lectronique :<a href=\"mailto:info@second-it.de\">\u00a0info@second-it.de<\/a><\/p><h3>2. personne de contact pour la protection des donn\u00e9es<\/h3><p>En cas de besoin, vous pouvez contacter notre d\u00e9l\u00e9gu\u00e9 \u00e0 la protection des donn\u00e9es officiellement d\u00e9sign\u00e9 en utilisant les coordonn\u00e9es ci-dessous :<\/p><p>Second IT Store GmbH<br \/>Michael Schatzinger<br \/>Steinbeisweg 1<br \/>74523 Schw\u00e4bisch Hall<br \/>Courrier \u00e9lectronique :\u00a0<a href=\"mailto:datenschutz@second-it.de\">datenschutz@second-it.de<\/a><\/p><h3>3. finalit\u00e9 de la collecte de donn\u00e9es<\/h3><p>La vid\u00e9osurveillance sert \u00e0 la protection contre les cambriolages, les vols et les d\u00e9gradations. En cas d'incidents de ce type, les enregistrements doivent contribuer \u00e0 l'\u00e9lucidation des faits et servent, le cas \u00e9ch\u00e9ant, de preuve.\u00a0\u00a0\u00a0\u00a0\u00a0<br \/>Une utilisation \u00e0 d'autres fins n'a pas lieu.<\/p><h3>4. base juridique<\/h3><p>Le traitement des donn\u00e9es est effectu\u00e9 conform\u00e9ment\u00a0<strong>RGPD Art. 6, paragraphe 1, lettre f<\/strong>\u00a0pour la d\u00e9fense d'int\u00e9r\u00eats l\u00e9gitimes :<\/p><p>\" ... le traitement est n\u00e9cessaire aux fins des int\u00e9r\u00eats l\u00e9gitimes poursuivis par le responsable du traitement ou par un tiers, \u00e0 moins que ne pr\u00e9valent les int\u00e9r\u00eats ou les libert\u00e9s et droits fondamentaux de la personne concern\u00e9e, qui exigent une protection des donn\u00e9es \u00e0 caract\u00e8re personnel, ...\"<\/p><h3>5. autres d\u00e9tails sur l'utilisation pr\u00e9vue \/ int\u00e9r\u00eats l\u00e9gitimes du responsable du traitement<\/h3><div><p>L'int\u00e9r\u00eat l\u00e9gitime de Second IT Store GmbH est la protection efficace des biens de l'entreprise. Les incidents survenus dans le pass\u00e9 ont montr\u00e9 que la vid\u00e9osurveillance contribue de mani\u00e8re d\u00e9cisive \u00e0 l'\u00e9lucidation et \u00e0 l'\u00e9tablissement de preuves en cas d'incidents. De plus, la vid\u00e9osurveillance est un moyen de pr\u00e9vention reconnu.<\/p><p>En limitant la dur\u00e9e de stockage et en se concentrant sur les domaines importants et critiques, les droits et les libert\u00e9s des individus sont pr\u00e9serv\u00e9s.<\/p><\/div><h3>6. partage interne et externe de vos donn\u00e9es personnelles<\/h3><p>Une transmission interne de vos donn\u00e9es personnelles a lieu exclusivement dans le cadre des objectifs d\u00e9finis au point 3 de la pr\u00e9sente d\u00e9claration de protection des donn\u00e9es, conform\u00e9ment au principe de minimisation des donn\u00e9es et aux autres principes de protection des donn\u00e9es.<\/p><p>Un visionnage des enregistrements n'est effectu\u00e9 qu'en cas d'incidents par un groupe de collaborateurs \u00e9troitement limit\u00e9 et d\u00e9fini \u00e0 l'avance.<\/p><p>Les donn\u00e9es sont stock\u00e9es de mani\u00e8re prot\u00e9g\u00e9e sur les serveurs de Second IT Store GmbH dans les locaux de l'entreprise.<\/p><p>En r\u00e8gle g\u00e9n\u00e9rale, il n'y a pas de transmission externe de vos donn\u00e9es personnelles, mais cela peut se produire dans les circonstances suivantes :<\/p><ul><li>Dans le cadre de l'\u00e9lucidation d'incidents et de l'\u00e9tablissement de preuves, une transmission aux autorit\u00e9s d'enqu\u00eate peut avoir lieu.<\/li><li>Pour l'exploitation et l'administration du syst\u00e8me informatique, Second IT Store GmbH est assist\u00e9 par les soci\u00e9t\u00e9s Team4IT GmbH et DataReform GmbH. Dans le cadre de travaux informatiques n\u00e9cessaires (par ex. d\u00e9pannage), il est th\u00e9oriquement possible que les collaborateurs du prestataire de services informatiques aient acc\u00e8s aux enregistrements vid\u00e9o.\u00a0<\/li><\/ul><p>Un contrat de traitement des donn\u00e9es de commande a \u00e9t\u00e9 conclu avec les soci\u00e9t\u00e9s Team4IT GmbH et DataReform GmbH, comme l'exige l'article 28 du r\u00e8glement g\u00e9n\u00e9ral sur la protection des donn\u00e9es (RGPD). Ce contrat garantit, d'une part, la confidentialit\u00e9 et, d'autre part, que l'acc\u00e8s aux zones dans lesquelles sont stock\u00e9es les donn\u00e9es vid\u00e9o n'est autoris\u00e9 qu'en cas de n\u00e9cessit\u00e9 absolue et sur instruction de Second IT Store GmbH (par exemple en cas de panne).<\/p><h3>7. transfert de vos donn\u00e9es \u00e0 caract\u00e8re personnel vers un pays tiers ou une organisation internationale (en dehors du champ d'application du RGPD)<\/h3><p>Nous ne transmettons pas vos donn\u00e9es \u00e0 un pays tiers en dehors de l'UE ou \u00e0 une organisation internationale.<\/p><h3>8. dur\u00e9e de conservation et suppression de vos donn\u00e9es personnelles<\/h3><p>La dur\u00e9e de stockage des enregistrements vid\u00e9o est de 72 heures.<br \/>Une fois la dur\u00e9e d'enregistrement maximale atteinte, les enregistrements sont automatiquement \u00e9cras\u00e9s.<\/p><p>En cas d'incident, il se peut que les enregistrements soient conserv\u00e9s plus longtemps \u00e0 des fins de clarification et d'\u00e9tablissement de preuves. Elles sont ensuite effac\u00e9es lorsqu'elles ne sont plus n\u00e9cessaires \u00e0 cet effet.<\/p><h3>9. DROIT D'ACC\u00c8S, D'EFFACEMENT, DE RECTIFICATION, D'OPPOSITION ET DE LIMITATION DE L'UTILISATION DE VOS DONN\u00c9ES PERSONNELLES<\/h3><p>Vous avez le droit de nous demander de confirmer si des donn\u00e9es \u00e0 caract\u00e8re personnel vous concernant sont trait\u00e9es. Si tel est le cas, vous avez le droit d'acc\u00e9der \u00e0 ces donn\u00e9es \u00e0 caract\u00e8re personnel et d'obtenir les informations suivantes :<\/p><ul><li>les finalit\u00e9s du traitement<\/li><li>les cat\u00e9gories de donn\u00e9es \u00e0 caract\u00e8re personnel trait\u00e9es<\/li><li>les destinataires ou les cat\u00e9gories de destinataires auxquels vos donn\u00e9es \u00e0 caract\u00e8re personnel ont \u00e9t\u00e9 ou seront divulgu\u00e9es, en particulier les destinataires dans les pays tiers de l'UE ou les organisations internationales<\/li><li>si possible, la dur\u00e9e pr\u00e9vue de conservation de vos donn\u00e9es \u00e0 caract\u00e8re personnel ou, si cela n'est pas possible, les crit\u00e8res de d\u00e9termination de cette dur\u00e9e<\/li><li>l'existence d'un droit de rectification ou d'effacement des donn\u00e9es \u00e0 caract\u00e8re personnel vous concernant ou d'un droit de limitation du traitement par nos soins ou d'un droit d'opposition \u00e0 ce traitement<\/li><li>l'existence d'un droit de recours aupr\u00e8s d'une autorit\u00e9 de surveillance<\/li><li>si les donn\u00e9es \u00e0 caract\u00e8re personnel ne sont pas collect\u00e9es aupr\u00e8s de la personne concern\u00e9e, toutes les informations disponibles sur l'origine des donn\u00e9es<\/li><li>en cas d'existence d'une prise de d\u00e9cision automatis\u00e9e, y compris le profilage (informations pertinentes sur la logique impliqu\u00e9e ainsi que sur la port\u00e9e et les effets escompt\u00e9s d'un tel traitement pour votre personne).<\/li><\/ul><p>Si vos donn\u00e9es \u00e0 caract\u00e8re personnel sont transf\u00e9r\u00e9es vers un pays tiers ou une organisation internationale, vous avez le droit d'\u00eatre inform\u00e9 des \"garanties\" appropri\u00e9es en ce qui concerne l'assurance d'un niveau suffisant de protection des donn\u00e9es dans le contexte du transfert.<\/p><p>Nous vous fournirons gratuitement une copie des donn\u00e9es \u00e0 caract\u00e8re personnel faisant l'objet du traitement. Pour toute autre copie que vous demandez, nous pouvons demander une r\u00e9mun\u00e9ration raisonnable bas\u00e9e sur les co\u00fbts administratifs. Si vous faites la demande par voie \u00e9lectronique, vous recevrez les informations dans un format \u00e9lectronique courant, sauf indication contraire de votre part.<\/p><p>Le droit d'obtenir une copie peut \u00eatre limit\u00e9 si cela porte atteinte aux droits et libert\u00e9s d'autres personnes.<\/p><p>Vous avez le droit d'exiger de nous, sans d\u00e9lai, la rectification des donn\u00e9es \u00e0 caract\u00e8re personnel vous concernant qui sont inexactes. Compte tenu des finalit\u00e9s du traitement, vous avez le droit de demander que les donn\u00e9es \u00e0 caract\u00e8re personnel incompl\u00e8tes soient compl\u00e9t\u00e9es, y compris au moyen d'une d\u00e9claration compl\u00e9mentaire.<br \/>Pour exercer ce droit, vous pouvez vous adresser \u00e0 notre d\u00e9l\u00e9gu\u00e9 \u00e0 la protection des donn\u00e9es.<\/p><p>Vous avez le droit de demander la suppression des donn\u00e9es personnelles que nous d\u00e9tenons \u00e0 votre sujet, dans la mesure o\u00f9 l'un des crit\u00e8res suivants est rempli :<\/p><ul><li>les donn\u00e9es \u00e0 caract\u00e8re personnel ne sont plus n\u00e9cessaires \u00e0 l'accomplissement de la finalit\u00e9 convenue<\/li><li>vous retirez une d\u00e9claration de consentement volontaire que vous avez accord\u00e9e (la l\u00e9galit\u00e9 du traitement effectu\u00e9 sur la base du consentement jusqu'\u00e0 son retrait n'en est toutefois pas affect\u00e9e).<\/li><li>Vos donn\u00e9es personnelles ont \u00e9t\u00e9 trait\u00e9es ill\u00e9galement jusqu'\u00e0 pr\u00e9sent.<\/li><li>Il existe une obligation l\u00e9gale de supprimer les donn\u00e9es.<\/li><li>Les donn\u00e9es \u00e0 caract\u00e8re personnel ont \u00e9t\u00e9 collect\u00e9es en relation avec des services de la soci\u00e9t\u00e9 de l'information offerts (personnes de moins de 16 ans). En outre, vous avez le droit de nous demander de limiter le traitement si l'une des conditions suivantes est remplie :<\/li><li>Vous contestez l'exactitude des donn\u00e9es \u00e0 caract\u00e8re personnel, et ce pendant une dur\u00e9e qui nous permet de v\u00e9rifier l'exactitude des donn\u00e9es \u00e0 caract\u00e8re personnel.<\/li><li>le traitement est illicite et vous refusez l'effacement de vos donn\u00e9es \u00e0 caract\u00e8re personnel et demandez \u00e0 la place la limitation de l'utilisation de vos donn\u00e9es \u00e0 caract\u00e8re personnel.<\/li><li>si nous n'avons plus besoin de vos donn\u00e9es personnelles aux fins du traitement, mais que vous en avez besoin pour faire valoir, exercer ou d\u00e9fendre des droits en justice.<\/li><li>si vous vous \u00eates oppos\u00e9 au traitement, tant qu'il n'est pas \u00e9tabli que nos motifs l\u00e9gitimes pr\u00e9valent sur les v\u00f4tres.<\/li><\/ul><h3>10. DROIT \u00c0 LA PORTABILIT\u00c9 DES DONN\u00c9ES<\/h3><p>Vous avez le droit de recevoir les donn\u00e9es personnelles que nous avons enregistr\u00e9es \u00e0 votre sujet, dans la mesure o\u00f9 elles sont trait\u00e9es par un proc\u00e9d\u00e9 automatis\u00e9, dans un format structur\u00e9, courant et lisible par machine.<\/p><p>Vous avez \u00e9galement le droit de transmettre ces donn\u00e9es \u00e0 une autre personne responsable sans que nous y fassions obstacle, \u00e0 laquelle les donn\u00e9es personnelles ont \u00e9t\u00e9 fournies.<\/p><p>Lorsque vous exercez votre droit \u00e0 la portabilit\u00e9 des donn\u00e9es, vous avez le droit d'obtenir que vos donn\u00e9es \u00e0 caract\u00e8re personnel soient transmises directement par nos soins \u00e0 un autre responsable du traitement, dans la mesure o\u00f9 cela est techniquement possible.<\/p><p>Le droit \u00e0 la portabilit\u00e9 des donn\u00e9es peut \u00eatre limit\u00e9 dans la mesure o\u00f9 les droits ou les libert\u00e9s d'autres personnes sont affect\u00e9s par l'exercice de ce droit.<\/p><h3>11. DROIT DE R\u00c9TRACTATION DU CONSENTEMENT ET MAINTIEN DU CONSENTEMENT ACCORD\u00c9<\/h3><p>Dans la mesure o\u00f9 nous traitons des donn\u00e9es personnelles vous concernant sur la base d'une d\u00e9claration de consentement, vous avez le droit de r\u00e9voquer le consentement donn\u00e9.<br \/>La l\u00e9galit\u00e9 du traitement effectu\u00e9 sur la base du consentement jusqu'\u00e0 la r\u00e9vocation n'en est toutefois pas affect\u00e9e.\u00a0<\/p><p>En ce qui concerne le respect des d\u00e9lais de conservation, il convient \u00e9galement de tenir compte du point 8 de la pr\u00e9sente d\u00e9claration de protection des donn\u00e9es.<\/p><h3>12. DROIT DE RECOURS AUPR\u00c8S DE L'AUTORIT\u00c9 DE SURVEILLANCE<\/h3><p>Si vous estimez qu'il est n\u00e9cessaire de d\u00e9poser une plainte aupr\u00e8s de l'autorit\u00e9 de contr\u00f4le comp\u00e9tente, vous \u00eates libre d'exercer ce droit \u00e0 tout moment.<\/p><p>L'adresse de l'autorit\u00e9 de surveillance comp\u00e9tente dans le Baden W\u00fcrttemberg est la suivante :<\/p><p>Le commissaire du Land \u00e0 la protection des donn\u00e9es et \u00e0 la libert\u00e9 d'information<br \/>K\u00f6nigstrasse 10 a<br \/>70173 Stuttgart<br \/>T\u00e9l : 0711 615 541 0<br \/>T\u00e9l\u00e9copieur : 0711 615 541 15<br \/>Courrier \u00e9lectronique :\u00a0<a href=\"mailto:poststelle@lfdi.bwl.de\">poststelle@lfdi.bwl.de<\/a><\/p><h3>13. obligation de fournir vos donn\u00e9es \u00e0 caract\u00e8re personnel et cons\u00e9quences possibles en cas de refus de les fournir<\/h3><p>Si vous ne souhaitez pas que des images de vous soient enregistr\u00e9es, vous devez rester en dehors des zones de vid\u00e9osurveillance. Celles-ci sont signal\u00e9es.<\/p><h3>14) Prise de d\u00e9cision automatique et profilage<\/h3><p>Aucune prise de d\u00e9cision automatis\u00e9e n'est effectu\u00e9e en ce qui concerne votre personne. Il n'est pas non plus proc\u00e9d\u00e9 \u00e0 un \"profilage\" \u00e0 l'aide des donn\u00e9es personnelles collect\u00e9es aupr\u00e8s de vous.<\/p><h3>15. changement d'objectif<\/h3><p>Dans la mesure o\u00f9 nous avons l'intention de modifier la finalit\u00e9 pour laquelle vos donn\u00e9es personnelles ont \u00e9t\u00e9 initialement collect\u00e9es, nous vous en informerons au pr\u00e9alable de mani\u00e8re d\u00e9taill\u00e9e et transparente.<br \/>Dans ce cas, nous vous fournissons bien entendu toutes les informations requises par la loi.<\/p><p>Si le changement de finalit\u00e9 implique le traitement de donn\u00e9es \u00e0 caract\u00e8re personnel sur la base juridique d'une d\u00e9claration de consentement volontaire, nous vous en informerons et vous demanderons votre consentement formel en cons\u00e9quence.<\/p><h3>16. questions ouvertes, plaintes ou suggestions<\/h3><p>N'h\u00e9sitez pas \u00e0 nous contacter pour toute question, r\u00e9clamation ou suggestion en mati\u00e8re de protection des donn\u00e9es. Si n\u00e9cessaire, vous pouvez vous adresser \u00e0 notre responsable de la protection des donn\u00e9es (voir point 2 de la pr\u00e9sente d\u00e9claration de protection des donn\u00e9es).<\/p><p>Version de la d\u00e9claration de protection des donn\u00e9es : 01.10.2022<\/p>\n    <\/div>\n     \n    \n     \n    \n  <\/div>\n<\/div>\n\n        <\/div>\n<\/div>\n<!-- end FAQ Icon Accordion -->\t\t\t\t<\/div>\n\t\t\t\t<\/div>\n\t\t\t\t\t<\/div>\n\t\t\t\t<\/div>\n\t\t\t\t\t<\/div>\n\t\t\t\t<\/div>\n\t\t\t\t<\/div>","protected":false},"excerpt":{"rendered":"<p>Datenschutzerkl\u00e4rung. datenschutz DATENSCHUTZERKL\u00c4RUNG Wir freuen uns \u00fcber Ihren Besuch auf unserer Webseite. Der Schutz Ihrer personenbezogenen Daten ist f\u00fcr uns ein wichtiges Anliegen und wir m\u00f6chten, dass Sie sich beim Besuch unserer Webseite sicher f\u00fchlen. Wir sch\u00fctzen Ihre Privatsph\u00e4re und Ihre personenbezogenen Daten. Wir verarbeiten Ihre personenbezogenen Daten in \u00dcbereinstimmung mit dem Inhalt dieser Datenschutzerkl\u00e4rung, [&hellip;]<\/p>\n","protected":false},"author":2,"featured_media":6479,"parent":0,"menu_order":7,"comment_status":"closed","ping_status":"closed","template":"elementor_header_footer","meta":{"_acf_changed":false,"footnotes":""},"class_list":["post-5715","page","type-page","status-publish","has-post-thumbnail","hentry"],"acf":[],"yoast_head":"<!-- This site is optimized with the Yoast SEO plugin v27.1.1 - https:\/\/yoast.com\/product\/yoast-seo-wordpress\/ -->\n<title>Datenschutz | Second IT \u2013 Ihre Daten in sicheren H\u00e4nden<\/title>\n<meta name=\"description\" content=\"Erfahren Sie alles \u00fcber den Datenschutz bei Second IT. Wir sch\u00fctzen Ihre pers\u00f6nlichen Daten gem\u00e4\u00df DSGVO und bieten h\u00f6chste Transparenz und Sicherheit.\" \/>\n<meta name=\"robots\" content=\"index, follow, max-snippet:-1, max-image-preview:large, max-video-preview:-1\" \/>\n<link rel=\"canonical\" href=\"https:\/\/www.second-it.de\/fr\/protection-des-donnees\/\" \/>\n<meta property=\"og:locale\" content=\"fr_FR\" \/>\n<meta property=\"og:type\" content=\"article\" \/>\n<meta property=\"og:title\" content=\"Datenschutz | Second IT \u2013 Ihre Daten in sicheren H\u00e4nden\" \/>\n<meta property=\"og:description\" content=\"Erfahren Sie alles \u00fcber den Datenschutz bei Second IT. Wir sch\u00fctzen Ihre pers\u00f6nlichen Daten gem\u00e4\u00df DSGVO und bieten h\u00f6chste Transparenz und Sicherheit.\" \/>\n<meta property=\"og:url\" content=\"https:\/\/www.second-it.de\/fr\/protection-des-donnees\/\" \/>\n<meta property=\"og:site_name\" content=\"Second IT Remarketing\" \/>\n<meta property=\"article:modified_time\" content=\"2026-01-19T16:02:54+00:00\" \/>\n<meta property=\"og:image\" content=\"https:\/\/www.second-it.de\/wp-content\/uploads\/2024\/12\/datensicherheit-second-it-remarketing.jpg\" \/>\n\t<meta property=\"og:image:width\" content=\"1434\" \/>\n\t<meta property=\"og:image:height\" content=\"957\" \/>\n\t<meta property=\"og:image:type\" content=\"image\/jpeg\" \/>\n<meta name=\"twitter:card\" content=\"summary_large_image\" \/>\n<meta name=\"twitter:label1\" content=\"Dur\u00e9e de lecture estim\u00e9e\" \/>\n\t<meta name=\"twitter:data1\" content=\"52 minutes\" \/>\n<script type=\"application\/ld+json\" class=\"yoast-schema-graph\">{\"@context\":\"https:\/\/schema.org\",\"@graph\":[{\"@type\":\"WebPage\",\"@id\":\"https:\/\/www.second-it.de\/datenschutz\/\",\"url\":\"https:\/\/www.second-it.de\/datenschutz\/\",\"name\":\"Datenschutz | Second IT \u2013 Ihre Daten in sicheren H\u00e4nden\",\"isPartOf\":{\"@id\":\"https:\/\/www.second-it.de\/#website\"},\"primaryImageOfPage\":{\"@id\":\"https:\/\/www.second-it.de\/datenschutz\/#primaryimage\"},\"image\":{\"@id\":\"https:\/\/www.second-it.de\/datenschutz\/#primaryimage\"},\"thumbnailUrl\":\"https:\/\/www.second-it.de\/wp-content\/uploads\/2024\/12\/datensicherheit-second-it-remarketing.jpg\",\"datePublished\":\"2024-12-07T14:32:24+00:00\",\"dateModified\":\"2026-01-19T16:02:54+00:00\",\"description\":\"Erfahren Sie alles \u00fcber den Datenschutz bei Second IT. Wir sch\u00fctzen Ihre pers\u00f6nlichen Daten gem\u00e4\u00df DSGVO und bieten h\u00f6chste Transparenz und Sicherheit.\",\"breadcrumb\":{\"@id\":\"https:\/\/www.second-it.de\/datenschutz\/#breadcrumb\"},\"inLanguage\":\"fr-FR\",\"potentialAction\":[{\"@type\":\"ReadAction\",\"target\":[\"https:\/\/www.second-it.de\/datenschutz\/\"]}]},{\"@type\":\"ImageObject\",\"inLanguage\":\"fr-FR\",\"@id\":\"https:\/\/www.second-it.de\/datenschutz\/#primaryimage\",\"url\":\"https:\/\/www.second-it.de\/wp-content\/uploads\/2024\/12\/datensicherheit-second-it-remarketing.jpg\",\"contentUrl\":\"https:\/\/www.second-it.de\/wp-content\/uploads\/2024\/12\/datensicherheit-second-it-remarketing.jpg\",\"width\":1434,\"height\":957,\"caption\":\"Fingerabdruckscanner im Einsatz: Second IT garantiert zertifizierte Datensicherheit, nachhaltiges IT-Remarketing und verantwortungsvolles Recycling.\"},{\"@type\":\"BreadcrumbList\",\"@id\":\"https:\/\/www.second-it.de\/datenschutz\/#breadcrumb\",\"itemListElement\":[{\"@type\":\"ListItem\",\"position\":1,\"name\":\"Home\",\"item\":\"https:\/\/www.second-it.de\/\"},{\"@type\":\"ListItem\",\"position\":2,\"name\":\"Datenschutz\"}]},{\"@type\":\"WebSite\",\"@id\":\"https:\/\/www.second-it.de\/#website\",\"url\":\"https:\/\/www.second-it.de\/\",\"name\":\"www.second-it.de\",\"description\":\"IT-Ankauf, Refurbishing und DSGVO-konforme Datenl\u00f6schung.\",\"publisher\":{\"@id\":\"https:\/\/www.second-it.de\/#organization\"},\"potentialAction\":[{\"@type\":\"SearchAction\",\"target\":{\"@type\":\"EntryPoint\",\"urlTemplate\":\"https:\/\/www.second-it.de\/?s={search_term_string}\"},\"query-input\":{\"@type\":\"PropertyValueSpecification\",\"valueRequired\":true,\"valueName\":\"search_term_string\"}}],\"inLanguage\":\"fr-FR\"},{\"@type\":\"Organization\",\"@id\":\"https:\/\/www.second-it.de\/#organization\",\"name\":\"Second IT Store GmbH\",\"url\":\"https:\/\/www.second-it.de\/\",\"logo\":{\"@type\":\"ImageObject\",\"inLanguage\":\"fr-FR\",\"@id\":\"https:\/\/www.second-it.de\/#\/schema\/logo\/image\/\",\"url\":\"https:\/\/www.second-it.de\/wp-content\/uploads\/2024\/07\/secondit-logo.svg\",\"contentUrl\":\"https:\/\/www.second-it.de\/wp-content\/uploads\/2024\/07\/secondit-logo.svg\",\"width\":212,\"height\":24,\"caption\":\"Second IT Store GmbH\"},\"image\":{\"@id\":\"https:\/\/www.second-it.de\/#\/schema\/logo\/image\/\"}}]}<\/script>\n<!-- \/ Yoast SEO plugin. -->","yoast_head_json":{"title":"Protection des donn\u00e9es | Second IT - Vos donn\u00e9es en mains s\u00fbres","description":"D\u00e9couvrez tout ce qu'il faut savoir sur la protection des donn\u00e9es chez Second IT. Nous prot\u00e9geons vos donn\u00e9es personnelles conform\u00e9ment au RGPD et offrons une transparence et une s\u00e9curit\u00e9 maximales.","robots":{"index":"index","follow":"follow","max-snippet":"max-snippet:-1","max-image-preview":"max-image-preview:large","max-video-preview":"max-video-preview:-1"},"canonical":"https:\/\/www.second-it.de\/fr\/protection-des-donnees\/","og_locale":"fr_FR","og_type":"article","og_title":"Datenschutz | Second IT \u2013 Ihre Daten in sicheren H\u00e4nden","og_description":"Erfahren Sie alles \u00fcber den Datenschutz bei Second IT. Wir sch\u00fctzen Ihre pers\u00f6nlichen Daten gem\u00e4\u00df DSGVO und bieten h\u00f6chste Transparenz und Sicherheit.","og_url":"https:\/\/www.second-it.de\/fr\/protection-des-donnees\/","og_site_name":"Second IT Remarketing","article_modified_time":"2026-01-19T16:02:54+00:00","og_image":[{"width":1434,"height":957,"url":"https:\/\/www.second-it.de\/wp-content\/uploads\/2024\/12\/datensicherheit-second-it-remarketing.jpg","type":"image\/jpeg"}],"twitter_card":"summary_large_image","twitter_misc":{"Dur\u00e9e de lecture estim\u00e9e":"52 minutes"},"schema":{"@context":"https:\/\/schema.org","@graph":[{"@type":"WebPage","@id":"https:\/\/www.second-it.de\/datenschutz\/","url":"https:\/\/www.second-it.de\/datenschutz\/","name":"Protection des donn\u00e9es | Second IT - Vos donn\u00e9es en mains s\u00fbres","isPartOf":{"@id":"https:\/\/www.second-it.de\/#website"},"primaryImageOfPage":{"@id":"https:\/\/www.second-it.de\/datenschutz\/#primaryimage"},"image":{"@id":"https:\/\/www.second-it.de\/datenschutz\/#primaryimage"},"thumbnailUrl":"https:\/\/www.second-it.de\/wp-content\/uploads\/2024\/12\/datensicherheit-second-it-remarketing.jpg","datePublished":"2024-12-07T14:32:24+00:00","dateModified":"2026-01-19T16:02:54+00:00","description":"D\u00e9couvrez tout ce qu'il faut savoir sur la protection des donn\u00e9es chez Second IT. Nous prot\u00e9geons vos donn\u00e9es personnelles conform\u00e9ment au RGPD et offrons une transparence et une s\u00e9curit\u00e9 maximales.","breadcrumb":{"@id":"https:\/\/www.second-it.de\/datenschutz\/#breadcrumb"},"inLanguage":"fr-FR","potentialAction":[{"@type":"ReadAction","target":["https:\/\/www.second-it.de\/datenschutz\/"]}]},{"@type":"ImageObject","inLanguage":"fr-FR","@id":"https:\/\/www.second-it.de\/datenschutz\/#primaryimage","url":"https:\/\/www.second-it.de\/wp-content\/uploads\/2024\/12\/datensicherheit-second-it-remarketing.jpg","contentUrl":"https:\/\/www.second-it.de\/wp-content\/uploads\/2024\/12\/datensicherheit-second-it-remarketing.jpg","width":1434,"height":957,"caption":"Fingerabdruckscanner im Einsatz: Second IT garantiert zertifizierte Datensicherheit, nachhaltiges IT-Remarketing und verantwortungsvolles Recycling."},{"@type":"BreadcrumbList","@id":"https:\/\/www.second-it.de\/datenschutz\/#breadcrumb","itemListElement":[{"@type":"ListItem","position":1,"name":"Home","item":"https:\/\/www.second-it.de\/"},{"@type":"ListItem","position":2,"name":"Datenschutz"}]},{"@type":"WebSite","@id":"https:\/\/www.second-it.de\/#website","url":"https:\/\/www.second-it.de\/","name":"www.second-it.de","description":"Achat de TI, remise \u00e0 neuf et effacement des donn\u00e9es conform\u00e9ment au RGPD.","publisher":{"@id":"https:\/\/www.second-it.de\/#organization"},"potentialAction":[{"@type":"SearchAction","target":{"@type":"EntryPoint","urlTemplate":"https:\/\/www.second-it.de\/?s={search_term_string}"},"query-input":{"@type":"PropertyValueSpecification","valueRequired":true,"valueName":"search_term_string"}}],"inLanguage":"fr-FR"},{"@type":"Organization","@id":"https:\/\/www.second-it.de\/#organization","name":"Second IT Store GmbH","url":"https:\/\/www.second-it.de\/","logo":{"@type":"ImageObject","inLanguage":"fr-FR","@id":"https:\/\/www.second-it.de\/#\/schema\/logo\/image\/","url":"https:\/\/www.second-it.de\/wp-content\/uploads\/2024\/07\/secondit-logo.svg","contentUrl":"https:\/\/www.second-it.de\/wp-content\/uploads\/2024\/07\/secondit-logo.svg","width":212,"height":24,"caption":"Second IT Store GmbH"},"image":{"@id":"https:\/\/www.second-it.de\/#\/schema\/logo\/image\/"}}]}},"jetpack_sharing_enabled":true,"_links":{"self":[{"href":"https:\/\/www.second-it.de\/fr\/wp-json\/wp\/v2\/pages\/5715","targetHints":{"allow":["GET"]}}],"collection":[{"href":"https:\/\/www.second-it.de\/fr\/wp-json\/wp\/v2\/pages"}],"about":[{"href":"https:\/\/www.second-it.de\/fr\/wp-json\/wp\/v2\/types\/page"}],"author":[{"embeddable":true,"href":"https:\/\/www.second-it.de\/fr\/wp-json\/wp\/v2\/users\/2"}],"replies":[{"embeddable":true,"href":"https:\/\/www.second-it.de\/fr\/wp-json\/wp\/v2\/comments?post=5715"}],"version-history":[{"count":19,"href":"https:\/\/www.second-it.de\/fr\/wp-json\/wp\/v2\/pages\/5715\/revisions"}],"predecessor-version":[{"id":12850,"href":"https:\/\/www.second-it.de\/fr\/wp-json\/wp\/v2\/pages\/5715\/revisions\/12850"}],"wp:featuredmedia":[{"embeddable":true,"href":"https:\/\/www.second-it.de\/fr\/wp-json\/wp\/v2\/media\/6479"}],"wp:attachment":[{"href":"https:\/\/www.second-it.de\/fr\/wp-json\/wp\/v2\/media?parent=5715"}],"curies":[{"name":"wp","href":"https:\/\/api.w.org\/{rel}","templated":true}]}}